{"id":3710,"date":"2025-01-10T10:22:29","date_gmt":"2025-01-10T10:22:29","guid":{"rendered":"https:\/\/alpinecup.com\/inicio-reto-mtb-copa-alpina-copiar\/"},"modified":"2025-02-03T11:48:23","modified_gmt":"2025-02-03T11:48:23","slug":"inicio-reto-mtb-copa-alpina-copiar","status":"publish","type":"page","link":"https:\/\/alpinecup.com\/es\/inicio-reto-mtb-copa-alpina-copiar\/","title":{"rendered":"Inicio-Reto-MTB-Copa alpina &#8211; Copiar"},"content":{"rendered":"\t\t<div data-elementor-type=\"wp-page\" data-elementor-id=\"3710\" class=\"elementor elementor-3710\" data-elementor-post-type=\"page\">\n\t\t\t\t<div class=\"elementor-element elementor-element-5a92de6 e-flex e-con-boxed e-con e-parent\" data-id=\"5a92de6\" data-element_type=\"container\" data-e-type=\"container\">\n\t\t\t\t\t<div class=\"e-con-inner\">\n\t\t\t\t<div class=\"elementor-element elementor-element-a85ae17 elementor-widget elementor-widget-shortcode\" data-id=\"a85ae17\" data-element_type=\"widget\" data-e-type=\"widget\" data-widget_type=\"shortcode.default\">\n\t\t\t\t<div class=\"elementor-widget-container\">\n\t\t\t\t\t\t\t<div class=\"elementor-shortcode\">\t\t<div data-elementor-type=\"container\" data-elementor-id=\"3205\" class=\"elementor elementor-3205 elementor-838 elementor-838\" data-elementor-post-type=\"elementor_library\">\n\t\t\t\t<div class=\"elementor-element elementor-element-fc72ca8 e-grid elementor-hidden-desktop e-con-boxed e-con e-parent\" data-id=\"fc72ca8\" data-element_type=\"container\" data-e-type=\"container\" data-settings=\"{&quot;sticky&quot;:&quot;top&quot;,&quot;sticky_on&quot;:[&quot;desktop&quot;,&quot;tablet&quot;,&quot;mobile&quot;],&quot;sticky_offset&quot;:0,&quot;sticky_effects_offset&quot;:0,&quot;sticky_anchor_link_offset&quot;:0}\">\n\t\t\t\t\t<div class=\"e-con-inner\">\n\t\t\t\t<div class=\"elementor-element elementor-element-63ec8ec elementor-widget elementor-widget-image\" data-id=\"63ec8ec\" data-element_type=\"widget\" data-e-type=\"widget\" data-widget_type=\"image.default\">\n\t\t\t\t<div class=\"elementor-widget-container\">\n\t\t\t\t\t\t\t\t\t\t\t\t\t\t\t<img decoding=\"async\" width=\"150\" height=\"150\" src=\"https:\/\/alpinecup.com\/wp-content\/uploads\/2025\/01\/LOGO-ALPINE-CUP-FOND-NOIR3-150x150.png\" class=\"attachment-thumbnail size-thumbnail wp-image-2291\" alt=\"\" \/>\t\t\t\t\t\t\t\t\t\t\t\t\t\t\t<\/div>\n\t\t\t\t<\/div>\n\t\t\t\t<div class=\"elementor-element elementor-element-3761855 elementor-nav-menu__align-justify elementor-nav-menu--dropdown-mobile elementor-nav-menu--stretch elementor-nav-menu__text-align-center elementor-nav-menu--toggle elementor-nav-menu--burger elementor-widget elementor-widget-nav-menu\" data-id=\"3761855\" data-element_type=\"widget\" data-e-type=\"widget\" data-settings=\"{&quot;full_width&quot;:&quot;stretch&quot;,&quot;layout&quot;:&quot;horizontal&quot;,&quot;submenu_icon&quot;:{&quot;value&quot;:&quot;&lt;svg aria-hidden=\\&quot;true\\&quot; class=\\&quot;e-font-icon-svg e-fas-caret-down\\&quot; viewBox=\\&quot;0 0 320 512\\&quot; xmlns=\\&quot;http:\\\/\\\/www.w3.org\\\/2000\\\/svg\\&quot;&gt;&lt;path d=\\&quot;M31.3 192h257.3c17.8 0 26.7 21.5 14.1 34.1L174.1 354.8c-7.8 7.8-20.5 7.8-28.3 0L17.2 226.1C4.6 213.5 13.5 192 31.3 192z\\&quot;&gt;&lt;\\\/path&gt;&lt;\\\/svg&gt;&quot;,&quot;library&quot;:&quot;fa-solid&quot;},&quot;toggle&quot;:&quot;burger&quot;}\" data-widget_type=\"nav-menu.default\">\n\t\t\t\t<div class=\"elementor-widget-container\">\n\t\t\t\t\t\t\t\t<nav aria-label=\"Menu\" class=\"elementor-nav-menu--main elementor-nav-menu__container elementor-nav-menu--layout-horizontal e--pointer-underline e--animation-fade\">\n\t\t\t\t<ul id=\"menu-1-3761855\" class=\"elementor-nav-menu\"><li class=\"menu-item menu-item-type-post_type menu-item-object-page menu-item-home menu-item-3352\"><a href=\"https:\/\/alpinecup.com\/es\/\" class=\"elementor-item\">Homepage<\/a><\/li>\n<li class=\"menu-item menu-item-type-custom menu-item-object-custom menu-item-has-children menu-item-3353\"><a class=\"elementor-item\">Eventos<\/a>\n<ul class=\"sub-menu elementor-nav-menu--dropdown\">\n\t<li class=\"menu-item menu-item-type-post_type menu-item-object-page menu-item-3354\"><a href=\"https:\/\/alpinecup.com\/es\/jura-bici-maraton-vallorbe\/\" class=\"elementor-sub-item\">Jura Bike Marathon<\/a><\/li>\n\t<li class=\"menu-item menu-item-type-post_type menu-item-object-page menu-item-3355\"><a href=\"https:\/\/alpinecup.com\/es\/mb-race-combloux-megeve\/\" class=\"elementor-sub-item\">MB Race<\/a><\/li>\n\t<li class=\"menu-item menu-item-type-post_type menu-item-object-page menu-item-3356\"><a href=\"https:\/\/alpinecup.com\/es\/grand-raid-bcvs-verbier-grimentz\/\" class=\"elementor-sub-item\">Grand Raid BCVS<\/a><\/li>\n\t<li class=\"menu-item menu-item-type-post_type menu-item-object-page menu-item-3357\"><a href=\"https:\/\/alpinecup.com\/es\/bosque-maraton-mountain-bike-arbent\/\" class=\"elementor-sub-item\">La Foresti\u00e8re<\/a><\/li>\n<\/ul>\n<\/li>\n<\/ul>\t\t\t<\/nav>\n\t\t\t\t\t<div class=\"elementor-menu-toggle\" role=\"button\" tabindex=\"0\" aria-label=\"Alternar men\u00fa\" aria-expanded=\"false\">\n\t\t\t<svg aria-hidden=\"true\" role=\"presentation\" class=\"elementor-menu-toggle__icon--open e-font-icon-svg e-eicon-menu-bar\" viewBox=\"0 0 1000 1000\" xmlns=\"http:\/\/www.w3.org\/2000\/svg\"><path d=\"M104 333H896C929 333 958 304 958 271S929 208 896 208H104C71 208 42 237 42 271S71 333 104 333ZM104 583H896C929 583 958 554 958 521S929 458 896 458H104C71 458 42 487 42 521S71 583 104 583ZM104 833H896C929 833 958 804 958 771S929 708 896 708H104C71 708 42 737 42 771S71 833 104 833Z\"><\/path><\/svg><svg aria-hidden=\"true\" role=\"presentation\" class=\"elementor-menu-toggle__icon--close e-font-icon-svg e-eicon-close\" viewBox=\"0 0 1000 1000\" xmlns=\"http:\/\/www.w3.org\/2000\/svg\"><path d=\"M742 167L500 408 258 167C246 154 233 150 217 150 196 150 179 158 167 167 154 179 150 196 150 212 150 229 154 242 171 254L408 500 167 742C138 771 138 800 167 829 196 858 225 858 254 829L496 587 738 829C750 842 767 846 783 846 800 846 817 842 829 829 842 817 846 804 846 783 846 767 842 750 829 737L588 500 833 258C863 229 863 200 833 171 804 137 775 137 742 167Z\"><\/path><\/svg>\t\t<\/div>\n\t\t\t\t\t<nav class=\"elementor-nav-menu--dropdown elementor-nav-menu__container\" aria-hidden=\"true\">\n\t\t\t\t<ul id=\"menu-2-3761855\" class=\"elementor-nav-menu\"><li class=\"menu-item menu-item-type-post_type menu-item-object-page menu-item-home menu-item-3352\"><a href=\"https:\/\/alpinecup.com\/es\/\" class=\"elementor-item\" tabindex=\"-1\">Homepage<\/a><\/li>\n<li class=\"menu-item menu-item-type-custom menu-item-object-custom menu-item-has-children menu-item-3353\"><a class=\"elementor-item\" tabindex=\"-1\">Eventos<\/a>\n<ul class=\"sub-menu elementor-nav-menu--dropdown\">\n\t<li class=\"menu-item menu-item-type-post_type menu-item-object-page menu-item-3354\"><a href=\"https:\/\/alpinecup.com\/es\/jura-bici-maraton-vallorbe\/\" class=\"elementor-sub-item\" tabindex=\"-1\">Jura Bike Marathon<\/a><\/li>\n\t<li class=\"menu-item menu-item-type-post_type menu-item-object-page menu-item-3355\"><a href=\"https:\/\/alpinecup.com\/es\/mb-race-combloux-megeve\/\" class=\"elementor-sub-item\" tabindex=\"-1\">MB Race<\/a><\/li>\n\t<li class=\"menu-item menu-item-type-post_type menu-item-object-page menu-item-3356\"><a href=\"https:\/\/alpinecup.com\/es\/grand-raid-bcvs-verbier-grimentz\/\" class=\"elementor-sub-item\" tabindex=\"-1\">Grand Raid BCVS<\/a><\/li>\n\t<li class=\"menu-item menu-item-type-post_type menu-item-object-page menu-item-3357\"><a href=\"https:\/\/alpinecup.com\/es\/bosque-maraton-mountain-bike-arbent\/\" class=\"elementor-sub-item\" tabindex=\"-1\">La Foresti\u00e8re<\/a><\/li>\n<\/ul>\n<\/li>\n<\/ul>\t\t\t<\/nav>\n\t\t\t\t\t\t<\/div>\n\t\t\t\t<\/div>\n\t\t\t\t\t<\/div>\n\t\t\t\t<\/div>\n\t\t\t\t<\/div>\n\t\t<\/div>\n\t\t\t\t\t\t<\/div>\n\t\t\t\t<\/div>\n\t\t\t\t\t<\/div>\n\t\t\t\t<\/div>\n\t\t<div class=\"elementor-element elementor-element-6307e40 e-flex e-con-boxed e-con e-parent\" data-id=\"6307e40\" data-element_type=\"container\" data-e-type=\"container\">\n\t\t\t\t\t<div class=\"e-con-inner\">\n\t\t<div class=\"elementor-element elementor-element-674707e e-flex e-con-boxed e-con e-child\" data-id=\"674707e\" data-element_type=\"container\" data-e-type=\"container\" data-settings=\"{&quot;background_background&quot;:&quot;slideshow&quot;,&quot;background_slideshow_gallery&quot;:[{&quot;id&quot;:57,&quot;url&quot;:&quot;https:\\\/\\\/alpinecup.com\\\/wp-content\\\/uploads\\\/2024\\\/12\\\/MB-RACE-RAPILLARD.jpg&quot;},{&quot;id&quot;:58,&quot;url&quot;:&quot;https:\\\/\\\/alpinecup.com\\\/wp-content\\\/uploads\\\/2024\\\/12\\\/PHOTO-GRAND-RAID-BCVS.jpg&quot;},{&quot;id&quot;:188,&quot;url&quot;:&quot;https:\\\/\\\/alpinecup.com\\\/wp-content\\\/uploads\\\/2025\\\/01\\\/Forestiere-2021-HD-cprght-O-Beart-Vojomag-2-scaled.webp&quot;},{&quot;id&quot;:304,&quot;url&quot;:&quot;https:\\\/\\\/alpinecup.com\\\/wp-content\\\/uploads\\\/2025\\\/01\\\/JURA-BIKE-COUREUR-VTT.webp&quot;}],&quot;background_slideshow_loop&quot;:&quot;yes&quot;,&quot;background_slideshow_slide_duration&quot;:5000,&quot;background_slideshow_slide_transition&quot;:&quot;fade&quot;,&quot;background_slideshow_transition_duration&quot;:500}\">\n\t\t\t\t\t<div class=\"e-con-inner\">\n\t\t<div class=\"elementor-element elementor-element-0f24001 e-con-full e-flex e-con e-child\" data-id=\"0f24001\" data-element_type=\"container\" data-e-type=\"container\">\n\t\t\t\t<div class=\"elementor-element elementor-element-846d87d elementor-widget elementor-widget-image\" data-id=\"846d87d\" data-element_type=\"widget\" data-e-type=\"widget\" data-widget_type=\"image.default\">\n\t\t\t\t<div class=\"elementor-widget-container\">\n\t\t\t\t\t\t\t\t\t\t\t\t\t\t\t<img decoding=\"async\" width=\"184\" height=\"200\" src=\"https:\/\/alpinecup.com\/wp-content\/uploads\/2025\/01\/LOGO-ALPINE-CUP-FOND-NOIR-rond.png\" class=\"attachment-large size-large wp-image-2475\" alt=\"\" \/>\t\t\t\t\t\t\t\t\t\t\t\t\t\t\t<\/div>\n\t\t\t\t<\/div>\n\t\t\t\t<div class=\"elementor-element elementor-element-14d40d1 elementor-widget elementor-widget-image\" data-id=\"14d40d1\" data-element_type=\"widget\" data-e-type=\"widget\" data-widget_type=\"image.default\">\n\t\t\t\t<div class=\"elementor-widget-container\">\n\t\t\t\t\t\t\t\t\t\t\t\t\t\t\t<img decoding=\"async\" src=\"https:\/\/alpinecup.com\/wp-content\/uploads\/elementor\/thumbs\/LOGO-UCI-300-r0pp473l5p4hnvr4hua0643fhi0uu8fligrkj4lcyw.png\" title=\"LOGO-UCI-300\" alt=\"LOGO-UCI-300\" loading=\"lazy\" \/>\t\t\t\t\t\t\t\t\t\t\t\t\t\t\t<\/div>\n\t\t\t\t<\/div>\n\t\t\t\t<\/div>\n\t\t\t\t\t<\/div>\n\t\t\t\t<\/div>\n\t\t\t\t\t<\/div>\n\t\t\t\t<\/div>\n\t\t<div class=\"elementor-element elementor-element-f771ba5 e-flex e-con-boxed e-con e-parent\" data-id=\"f771ba5\" data-element_type=\"container\" data-e-type=\"container\" data-settings=\"{&quot;background_background&quot;:&quot;classic&quot;}\">\n\t\t\t\t\t<div class=\"e-con-inner\">\n\t\t\t\t<div class=\"elementor-element elementor-element-2972670 elementor-widget elementor-widget-eael-countdown\" data-id=\"2972670\" data-element_type=\"widget\" data-e-type=\"widget\" data-widget_type=\"eael-countdown.default\">\n\t\t\t\t<div class=\"elementor-widget-container\">\n\t\t\t\t\t\n\t\t<div class=\"eael-countdown-wrapper\" data-countdown-id=\"2972670\" data-expire-type=\"none\" data-countdown-type=\"due_date\">\n\t\t\t<div class=\"eael-countdown-container eael-countdown-label-block   \">\n                                    <ul id=\"eael-countdown-2972670\" class=\"eael-countdown-items\" data-date=\"May 18 2025 0:00:00 +0\">\n                        <li class=\"eael-countdown-item\"><div class=\"eael-countdown-days\"><span data-days class=\"eael-countdown-digits\">00<\/span><span class=\"eael-countdown-label\">D\u00cdAS<\/span><\/div><\/li>                        <li class=\"eael-countdown-item\"><div class=\"eael-countdown-hours\"><span data-hours class=\"eael-countdown-digits\">00<\/span><span class=\"eael-countdown-label\">HORAS<\/span><\/div><\/li>                        <li class=\"eael-countdown-item\"><div class=\"eael-countdown-minutes\"><span data-minutes class=\"eael-countdown-digits\">00<\/span><span class=\"eael-countdown-label\">ACTAS<\/span><\/div><\/li>                                            <\/ul>\n                    <div class=\"eael-countdown-expiry-template\" style=\"display: none;\">\n                                            <\/div>\n               \n\t\t\t    <div class=\"clearfix\"><\/div>\n\t\t\t<\/div>\n\t\t<\/div>\n\n\t\t\t\t\t<\/div>\n\t\t\t\t<\/div>\n\t\t\t\t<div class=\"elementor-element elementor-element-293cd07 elementor-align-center elementor-widget elementor-widget-button\" data-id=\"293cd07\" data-element_type=\"widget\" data-e-type=\"widget\" data-widget_type=\"button.default\">\n\t\t\t\t<div class=\"elementor-widget-container\">\n\t\t\t\t\t\t\t\t\t<div class=\"elementor-button-wrapper\">\n\t\t\t\t\t<a class=\"elementor-button elementor-button-link elementor-size-sm\" href=\"https:\/\/alpinecup.com\/es\/jura-bici-maraton-vallorbe\/\">\n\t\t\t\t\t\t<span class=\"elementor-button-content-wrapper\">\n\t\t\t\t\t\t\t\t\t<span class=\"elementor-button-text\">JURA BIKE MARAT\u00d3N<\/span>\n\t\t\t\t\t<\/span>\n\t\t\t\t\t<\/a>\n\t\t\t\t<\/div>\n\t\t\t\t\t\t\t\t<\/div>\n\t\t\t\t<\/div>\n\t\t\t\t<div class=\"elementor-element elementor-element-a2db578 elementor-widget elementor-widget-heading\" data-id=\"a2db578\" data-element_type=\"widget\" data-e-type=\"widget\" data-widget_type=\"heading.default\">\n\t\t\t\t<div class=\"elementor-widget-container\">\n\t\t\t\t\t<h5 class=\"elementor-heading-title elementor-size-default\">Etapa 1 - Domingo 18 de mayo de 2025<\/h5>\t\t\t\t<\/div>\n\t\t\t\t<\/div>\n\t\t\t\t\t<\/div>\n\t\t\t\t<\/div>\n\t\t<div class=\"elementor-element elementor-element-86b1756 e-flex e-con-boxed e-con e-parent\" data-id=\"86b1756\" data-element_type=\"container\" data-e-type=\"container\">\n\t\t\t\t\t<div class=\"e-con-inner\">\n\t\t<div class=\"elementor-element elementor-element-bf4cb69 e-con-full e-flex e-con e-child\" data-id=\"bf4cb69\" data-element_type=\"container\" data-e-type=\"container\">\n\t\t\t\t<div class=\"elementor-element elementor-element-2e860fe elementor-widget elementor-widget-heading\" data-id=\"2e860fe\" data-element_type=\"widget\" data-e-type=\"widget\" data-widget_type=\"heading.default\">\n\t\t\t\t<div class=\"elementor-widget-container\">\n\t\t\t\t\t<h2 class=\"elementor-heading-title elementor-size-default\">\u00a1NOVEDADES EN 2025!<\/h2>\t\t\t\t<\/div>\n\t\t\t\t<\/div>\n\t\t\t\t<div class=\"elementor-element elementor-element-ccdfb2d elementor-widget elementor-widget-text-editor\" data-id=\"ccdfb2d\" data-element_type=\"widget\" data-e-type=\"widget\" data-widget_type=\"text-editor.default\">\n\t\t\t\t<div class=\"elementor-widget-container\">\n\t\t\t\t\t\t\t\t\t<p>\u00a1Este a\u00f1o introducimos nuevos formatos de distancia! La Copa de los Alpes se abre a distancias m\u00e1s cortas que las hist\u00f3ricas Grand Raid, MB Race y La Foresti\u00e8re. Si quieres participar en estas carreras en distancias m\u00e1s cortas, \u00a1ahora es posible! El n\u00famero de puntos otorgados depender\u00e1 de la distancia recorrida.   <\/p>\n<p>Para<b> la Carrera MB, podr\u00e1s elegir entre 70 km, 100 km o 140 km.<\/b><\/p>\n<p>Para <b>el Grand Raid BCVS, puedes elegir entre dos distancias al inscribirte: 93 km o 125 km<\/b>.<\/p>\n<p>Y para <b>la Foresti\u00e8re, puedes elegir entre dos distancias al inscribirte: \u00a170 km o 100 km!<\/b><\/p>\n<p>El nuevo baremo de puntos puede consultarse en el reglamento.  <\/p>\n<p>Ahora, \u00a1la elecci\u00f3n es tuya!  <\/p>\n\t\t\t\t\t\t\t\t<\/div>\n\t\t\t\t<\/div>\n\t\t\t\t<\/div>\n\t\t<div class=\"elementor-element elementor-element-9973074 e-con-full e-flex e-con e-child\" data-id=\"9973074\" data-element_type=\"container\" data-e-type=\"container\">\n\t\t\t\t<div class=\"elementor-element elementor-element-2bb2daa elementor-grid-1 elementor-posts--thumbnail-none elementor-posts--align-center elementor-grid-tablet-2 elementor-grid-mobile-1 elementor-widget elementor-widget-posts\" data-id=\"2bb2daa\" data-element_type=\"widget\" data-e-type=\"widget\" data-settings=\"{&quot;classic_columns&quot;:&quot;1&quot;,&quot;classic_columns_tablet&quot;:&quot;2&quot;,&quot;classic_columns_mobile&quot;:&quot;1&quot;,&quot;classic_row_gap&quot;:{&quot;unit&quot;:&quot;px&quot;,&quot;size&quot;:35,&quot;sizes&quot;:[]},&quot;classic_row_gap_tablet&quot;:{&quot;unit&quot;:&quot;px&quot;,&quot;size&quot;:&quot;&quot;,&quot;sizes&quot;:[]},&quot;classic_row_gap_mobile&quot;:{&quot;unit&quot;:&quot;px&quot;,&quot;size&quot;:&quot;&quot;,&quot;sizes&quot;:[]}}\" data-widget_type=\"posts.classic\">\n\t\t\t\t<div class=\"elementor-widget-container\">\n\t\t\t\t\t\t\t<div class=\"elementor-posts-container elementor-posts elementor-posts--skin-classic elementor-grid\" role=\"list\">\n\t\t\t\t<article class=\"elementor-post elementor-grid-item post-4477 post type-post status-publish format-standard has-post-thumbnail hentry category-sin-categorizar\" role=\"listitem\">\n\t\t\t\t<div class=\"elementor-post__text\">\n\t\t\t\t<h3 class=\"elementor-post__title\">\n\t\t\t<a href=\"https:\/\/alpinecup.com\/es\/centrarse-en-forestiere-2026\/\" >\n\t\t\t\tCentrarse en Foresti\u00e8re 2026\t\t\t<\/a>\n\t\t<\/h3>\n\t\t\t\t<div class=\"elementor-post__meta-data\">\n\t\t\t\t\t<span class=\"elementor-post-date\">\n\t\t\t28 de abril de 2026\t\t<\/span>\n\t\t\t\t<\/div>\n\t\t\t\t<div class=\"elementor-post__excerpt\">\n\t\t\t<p>Centrarse en La Foresti\u00e8re 2026 Prueba final del desaf\u00edo de la Copa Alpina de BTT, la Foresti\u00e8re ser\u00e1 tambi\u00e9n la sede de los Campeonatos de<\/p>\n\t\t<\/div>\n\t\t\n\t\t<a class=\"elementor-post__read-more\" href=\"https:\/\/alpinecup.com\/es\/centrarse-en-forestiere-2026\/\" aria-label=\"M\u00e1s informaci\u00f3n sobre Centrarse en Foresti\u00e8re 2026\" tabindex=\"-1\" >\n\t\t\tLeer el art\u00edculo \"\t\t<\/a>\n\n\t\t\t\t<\/div>\n\t\t\t\t<\/article>\n\t\t\t\t<article class=\"elementor-post elementor-grid-item post-4448 post type-post status-publish format-standard has-post-thumbnail hentry category-sin-categorizar\" role=\"listitem\">\n\t\t\t\t<div class=\"elementor-post__text\">\n\t\t\t\t<h3 class=\"elementor-post__title\">\n\t\t\t<a href=\"https:\/\/alpinecup.com\/es\/abiertas-las-inscripciones-para-2026-copia\/\" >\n\t\t\t\tPasajes clave del Somfy MB Ultra 2026\t\t\t<\/a>\n\t\t<\/h3>\n\t\t\t\t<div class=\"elementor-post__meta-data\">\n\t\t\t\t\t<span class=\"elementor-post-date\">\n\t\t\t13 de abril de 2026\t\t<\/span>\n\t\t\t\t<\/div>\n\t\t\t\t<div class=\"elementor-post__excerpt\">\n\t\t\t<p>Pasajes clave del Somfy MB Ultra 2026 La Somfy MB Ultra, prueba insignia de la MB Race y segunda prueba del desaf\u00edo MTB Alpine Cup,<\/p>\n\t\t<\/div>\n\t\t\n\t\t<a class=\"elementor-post__read-more\" href=\"https:\/\/alpinecup.com\/es\/abiertas-las-inscripciones-para-2026-copia\/\" aria-label=\"M\u00e1s informaci\u00f3n sobre Pasajes clave del Somfy MB Ultra 2026\" tabindex=\"-1\" >\n\t\t\tLeer el art\u00edculo \"\t\t<\/a>\n\n\t\t\t\t<\/div>\n\t\t\t\t<\/article>\n\t\t\t\t<article class=\"elementor-post elementor-grid-item post-4427 post type-post status-publish format-standard has-post-thumbnail hentry category-sin-categorizar\" role=\"listitem\">\n\t\t\t\t<div class=\"elementor-post__text\">\n\t\t\t\t<h3 class=\"elementor-post__title\">\n\t\t\t<a href=\"https:\/\/alpinecup.com\/es\/concentrate-en-el-recorrido-del-bike-maraton-del-jura\/\" >\n\t\t\t\tConc\u00e9ntrate en el recorrido del Bike Marat\u00f3n del Jura\t\t\t<\/a>\n\t\t<\/h3>\n\t\t\t\t<div class=\"elementor-post__meta-data\">\n\t\t\t\t\t<span class=\"elementor-post-date\">\n\t\t\t7 de abril de 2026\t\t<\/span>\n\t\t\t\t<\/div>\n\t\t\t\t<div class=\"elementor-post__excerpt\">\n\t\t\t<p>El Jura Bike Marat\u00f3n tendr\u00e1 lugar este a\u00f1o el domingo 17 de mayo de 2026. Primera etapa de la MTB Alpine Cup Challenge, el Jura<\/p>\n\t\t<\/div>\n\t\t\n\t\t<a class=\"elementor-post__read-more\" href=\"https:\/\/alpinecup.com\/es\/concentrate-en-el-recorrido-del-bike-maraton-del-jura\/\" aria-label=\"M\u00e1s informaci\u00f3n sobre Conc\u00e9ntrate en el recorrido del Bike Marat\u00f3n del Jura\" tabindex=\"-1\" >\n\t\t\tLeer el art\u00edculo \"\t\t<\/a>\n\n\t\t\t\t<\/div>\n\t\t\t\t<\/article>\n\t\t\t\t<article class=\"elementor-post elementor-grid-item post-4367 post type-post status-publish format-standard has-post-thumbnail hentry category-sin-categorizar\" role=\"listitem\">\n\t\t\t\t<div class=\"elementor-post__text\">\n\t\t\t\t<h3 class=\"elementor-post__title\">\n\t\t\t<a href=\"https:\/\/alpinecup.com\/es\/medallas-que-cuentan-la-historia-de-tu-aventura\/\" >\n\t\t\t\t\u00a1Medallas que cuentan la historia de tu aventura!\t\t\t<\/a>\n\t\t<\/h3>\n\t\t\t\t<div class=\"elementor-post__meta-data\">\n\t\t\t\t\t<span class=\"elementor-post-date\">\n\t\t\t12 de marzo de 2026\t\t<\/span>\n\t\t\t\t<\/div>\n\t\t\t\t<div class=\"elementor-post__excerpt\">\n\t\t\t<p>Cada etapa de la Copa Alpina BTT es una victoria en s\u00ed misma, \u00a1y este a\u00f1o queremos celebrar tu perseverancia con un sistema \u00fanico de<\/p>\n\t\t<\/div>\n\t\t\n\t\t<a class=\"elementor-post__read-more\" href=\"https:\/\/alpinecup.com\/es\/medallas-que-cuentan-la-historia-de-tu-aventura\/\" aria-label=\"M\u00e1s informaci\u00f3n sobre \u00a1Medallas que cuentan la historia de tu aventura!\" tabindex=\"-1\" >\n\t\t\tLeer el art\u00edculo \"\t\t<\/a>\n\n\t\t\t\t<\/div>\n\t\t\t\t<\/article>\n\t\t\t\t<article class=\"elementor-post elementor-grid-item post-4303 post type-post status-publish format-standard has-post-thumbnail hentry category-sin-categorizar\" role=\"listitem\">\n\t\t\t\t<div class=\"elementor-post__text\">\n\t\t\t\t<h3 class=\"elementor-post__title\">\n\t\t\t<a href=\"https:\/\/alpinecup.com\/es\/ya-esta-abierta-la-inscripcion-para-2026\/\" >\n\t\t\t\tYa est\u00e1 abierta la inscripci\u00f3n para 2026\t\t\t<\/a>\n\t\t<\/h3>\n\t\t\t\t<div class=\"elementor-post__meta-data\">\n\t\t\t\t\t<span class=\"elementor-post-date\">\n\t\t\t20 de noviembre de 2025\t\t<\/span>\n\t\t\t\t<\/div>\n\t\t\t\t<div class=\"elementor-post__excerpt\">\n\t\t\t<p>Inscripciones abiertas \u00a1Ya est\u00e1 abierta la inscripci\u00f3n para el desaf\u00edo MTB Alpine Cup 2026! Si quieres probarlo, \u00a1puedes inscribirte ahora! En el programa: \u00a14 carreras<\/p>\n\t\t<\/div>\n\t\t\n\t\t<a class=\"elementor-post__read-more\" href=\"https:\/\/alpinecup.com\/es\/ya-esta-abierta-la-inscripcion-para-2026\/\" aria-label=\"M\u00e1s informaci\u00f3n sobre Ya est\u00e1 abierta la inscripci\u00f3n para 2026\" tabindex=\"-1\" >\n\t\t\tLeer el art\u00edculo \"\t\t<\/a>\n\n\t\t\t\t<\/div>\n\t\t\t\t<\/article>\n\t\t\t\t<article class=\"elementor-post elementor-grid-item post-4073 post type-post status-publish format-standard has-post-thumbnail hentry category-sin-categorizar\" role=\"listitem\">\n\t\t\t\t<div class=\"elementor-post__text\">\n\t\t\t\t<h3 class=\"elementor-post__title\">\n\t\t\t<a href=\"https:\/\/alpinecup.com\/es\/fin-de-la-copa-alpina-mtb-2025\/\" >\n\t\t\t\tFin de la Copa Alpina MTB 2025\t\t\t<\/a>\n\t\t<\/h3>\n\t\t\t\t<div class=\"elementor-post__meta-data\">\n\t\t\t\t\t<span class=\"elementor-post-date\">\n\t\t\t23 de septiembre de 2025\t\t<\/span>\n\t\t\t\t<\/div>\n\t\t\t\t<div class=\"elementor-post__excerpt\">\n\t\t\t<p>La Foresti\u00e8re lleg\u00f3 a su fin el pasado fin de semana y ahora es el momento de que la Copa Alpina de BTT llegue a<\/p>\n\t\t<\/div>\n\t\t\n\t\t<a class=\"elementor-post__read-more\" href=\"https:\/\/alpinecup.com\/es\/fin-de-la-copa-alpina-mtb-2025\/\" aria-label=\"M\u00e1s informaci\u00f3n sobre Fin de la Copa Alpina MTB 2025\" tabindex=\"-1\" >\n\t\t\tLeer el art\u00edculo \"\t\t<\/a>\n\n\t\t\t\t<\/div>\n\t\t\t\t<\/article>\n\t\t\t\t<\/div>\n\t\t\n\t\t\t\t\t\t<\/div>\n\t\t\t\t<\/div>\n\t\t\t\t<div class=\"elementor-element elementor-element-8aa4923 elementor-arrows-position-inside elementor-pagination-position-outside elementor-widget elementor-widget-image-carousel\" data-id=\"8aa4923\" data-element_type=\"widget\" data-e-type=\"widget\" data-settings=\"{&quot;slides_to_show&quot;:&quot;1&quot;,&quot;navigation&quot;:&quot;both&quot;,&quot;autoplay&quot;:&quot;yes&quot;,&quot;pause_on_hover&quot;:&quot;yes&quot;,&quot;pause_on_interaction&quot;:&quot;yes&quot;,&quot;autoplay_speed&quot;:5000,&quot;infinite&quot;:&quot;yes&quot;,&quot;effect&quot;:&quot;slide&quot;,&quot;speed&quot;:500}\" data-widget_type=\"image-carousel.default\">\n\t\t\t\t<div class=\"elementor-widget-container\">\n\t\t\t\t\t\t\t<div class=\"elementor-image-carousel-wrapper swiper\" role=\"region\" aria-roledescription=\"carousel\" aria-label=\"Carrousel d\u2019images\" dir=\"ltr\">\n\t\t\t<div class=\"elementor-image-carousel swiper-wrapper\" aria-live=\"off\">\n\t\t\t\t\t\t\t\t<div class=\"swiper-slide\" role=\"group\" aria-roledescription=\"slide\" aria-label=\"1 de 6\"><figure class=\"swiper-slide-inner\"><img decoding=\"async\" class=\"swiper-slide-image\" src=\"https:\/\/alpinecup.com\/wp-content\/uploads\/2025\/01\/IMG_5704-scaled.webp\" alt=\"\" \/><\/figure><\/div><div class=\"swiper-slide\" role=\"group\" aria-roledescription=\"slide\" aria-label=\"2 de 6\"><figure class=\"swiper-slide-inner\"><img decoding=\"async\" class=\"swiper-slide-image\" src=\"https:\/\/alpinecup.com\/wp-content\/uploads\/2025\/01\/PHOTO-GRAND-RAID-BCVS-SOLEIL-URS-scaled.webp\" alt=\"\" \/><\/figure><\/div><div class=\"swiper-slide\" role=\"group\" aria-roledescription=\"slide\" aria-label=\"3 de 6\"><figure class=\"swiper-slide-inner\"><img decoding=\"async\" class=\"swiper-slide-image\" src=\"https:\/\/alpinecup.com\/wp-content\/uploads\/2025\/01\/Forestiere-2024-Origine-Allard-Groslambert-Copyright-Olivier-Beart-VojoMag-49.jpg\" alt=\"\" \/><\/figure><\/div><div class=\"swiper-slide\" role=\"group\" aria-roledescription=\"slide\" aria-label=\"4 de 6\"><figure class=\"swiper-slide-inner\"><img decoding=\"async\" class=\"swiper-slide-image\" src=\"https:\/\/alpinecup.com\/wp-content\/uploads\/2025\/01\/La-Forestiere-2023-AP-Vojo-1652-2048x1280-1.jpg\" alt=\"\" \/><\/figure><\/div><div class=\"swiper-slide\" role=\"group\" aria-roledescription=\"slide\" aria-label=\"5 de 6\"><figure class=\"swiper-slide-inner\"><img decoding=\"async\" class=\"swiper-slide-image\" src=\"https:\/\/alpinecup.com\/wp-content\/uploads\/2025\/01\/lukaleroy-0246-scaled.jpg\" alt=\"\" \/><\/figure><\/div><div class=\"swiper-slide\" role=\"group\" aria-roledescription=\"slide\" aria-label=\"6 de 6\"><figure class=\"swiper-slide-inner\"><img decoding=\"async\" class=\"swiper-slide-image\" src=\"https:\/\/alpinecup.com\/wp-content\/uploads\/2025\/01\/lukaleroy-07229-scaled.jpg\" alt=\"\" \/><\/figure><\/div>\t\t\t<\/div>\n\t\t\t\t\t\t\t\t\t\t\t\t<div class=\"elementor-swiper-button elementor-swiper-button-prev\" role=\"button\" tabindex=\"0\">\n\t\t\t\t\t\t<svg aria-hidden=\"true\" class=\"e-font-icon-svg e-eicon-chevron-left\" viewBox=\"0 0 1000 1000\" xmlns=\"http:\/\/www.w3.org\/2000\/svg\"><path d=\"M646 125C629 125 613 133 604 142L308 442C296 454 292 471 292 487 292 504 296 521 308 533L604 854C617 867 629 875 646 875 663 875 679 871 692 858 704 846 713 829 713 812 713 796 708 779 692 767L438 487 692 225C700 217 708 204 708 187 708 171 704 154 692 142 675 129 663 125 646 125Z\"><\/path><\/svg>\t\t\t\t\t<\/div>\n\t\t\t\t\t<div class=\"elementor-swiper-button elementor-swiper-button-next\" role=\"button\" tabindex=\"0\">\n\t\t\t\t\t\t<svg aria-hidden=\"true\" class=\"e-font-icon-svg e-eicon-chevron-right\" viewBox=\"0 0 1000 1000\" xmlns=\"http:\/\/www.w3.org\/2000\/svg\"><path d=\"M696 533C708 521 713 504 713 487 713 471 708 454 696 446L400 146C388 133 375 125 354 125 338 125 325 129 313 142 300 154 292 171 292 187 292 204 296 221 308 233L563 492 304 771C292 783 288 800 288 817 288 833 296 850 308 863 321 871 338 875 354 875 371 875 388 867 400 854L696 533Z\"><\/path><\/svg>\t\t\t\t\t<\/div>\n\t\t\t\t\n\t\t\t\t\t\t\t\t\t<div class=\"swiper-pagination\"><\/div>\n\t\t\t\t\t\t\t\t\t<\/div>\n\t\t\t\t\t\t<\/div>\n\t\t\t\t<\/div>\n\t\t\t\t<\/div>\n\t\t\t\t\t<\/div>\n\t\t\t\t<\/div>\n\t\t<div class=\"elementor-element elementor-element-44e702d e-flex e-con-boxed e-con e-parent\" data-id=\"44e702d\" data-element_type=\"container\" data-e-type=\"container\">\n\t\t\t\t\t<div class=\"e-con-inner\">\n\t\t\t\t<div class=\"elementor-element elementor-element-d97a76f elementor-widget elementor-widget-image\" data-id=\"d97a76f\" data-element_type=\"widget\" data-e-type=\"widget\" data-widget_type=\"image.default\">\n\t\t\t\t<div class=\"elementor-widget-container\">\n\t\t\t\t\t\t\t\t\t\t\t\t\t\t\t<img decoding=\"async\" width=\"150\" height=\"150\" src=\"https:\/\/alpinecup.com\/wp-content\/uploads\/2024\/12\/COURONNE-150X150.png\" class=\"attachment-large size-large wp-image-2243\" alt=\"\" \/>\t\t\t\t\t\t\t\t\t\t\t\t\t\t\t<\/div>\n\t\t\t\t<\/div>\n\t\t\t\t<div class=\"elementor-element elementor-element-a0ee591 elementor-testimonial--layout-image_above elementor-testimonial--skin-default elementor-testimonial--align-center elementor-arrows-yes elementor-pagination-type-bullets elementor-widget elementor-widget-testimonial-carousel\" data-id=\"a0ee591\" data-element_type=\"widget\" data-e-type=\"widget\" data-settings=\"{&quot;show_arrows&quot;:&quot;yes&quot;,&quot;pagination&quot;:&quot;bullets&quot;,&quot;speed&quot;:500,&quot;autoplay&quot;:&quot;yes&quot;,&quot;autoplay_speed&quot;:5000,&quot;loop&quot;:&quot;yes&quot;,&quot;pause_on_hover&quot;:&quot;yes&quot;,&quot;pause_on_interaction&quot;:&quot;yes&quot;,&quot;space_between&quot;:{&quot;unit&quot;:&quot;px&quot;,&quot;size&quot;:10,&quot;sizes&quot;:[]},&quot;space_between_tablet&quot;:{&quot;unit&quot;:&quot;px&quot;,&quot;size&quot;:10,&quot;sizes&quot;:[]},&quot;space_between_mobile&quot;:{&quot;unit&quot;:&quot;px&quot;,&quot;size&quot;:10,&quot;sizes&quot;:[]}}\" data-widget_type=\"testimonial-carousel.default\">\n\t\t\t\t<div class=\"elementor-widget-container\">\n\t\t\t\t\t\t\t\t\t<div class=\"elementor-swiper\">\n\t\t\t\t\t<div class=\"elementor-main-swiper swiper\" role=\"region\" aria-roledescription=\"carousel\" aria-label=\"Slides\">\n\t\t\t\t<div class=\"swiper-wrapper\">\n\t\t\t\t\t\t\t\t\t\t\t<div class=\"swiper-slide\" role=\"group\" aria-roledescription=\"slide\">\n\t\t\t\t\t\t\t\t\t<div class=\"elementor-testimonial\">\n\t\t\t\t\t\t\t<div class=\"elementor-testimonial__content\">\n\t\t\t\t\t<div class=\"elementor-testimonial__text\">\n\t\t\t\t\t\t<p>Un gran reto con 4 magn\u00edficos maratones UCI en el programa. Es un objetivo para m\u00ed, y por supuesto aspiro al maillot de Campe\u00f3n de Francia. <\/p>\n\t\t\t\t\t<\/div>\n\t\t\t\t\t<cite class=\"elementor-testimonial__cite\"><span class=\"elementor-testimonial__name\">Margot Moshetti<\/span><span class=\"elementor-testimonial__title\">2\u00ba en 2024<\/span><\/cite>\t\t\t\t<\/div>\n\t\t\t\t\t\t<div class=\"elementor-testimonial__footer\">\n\t\t\t\t\t\t\t\t\t<div class=\"elementor-testimonial__image\">\n\t\t\t\t\t\t<img decoding=\"async\" src=\"https:\/\/alpinecup.com\/wp-content\/uploads\/2025\/01\/MARGOT-MOSHETTI.jpg\" alt=\"Margot Moshetti\">\n\t\t\t\t\t\t\t\t\t\t\t<\/div>\n\t\t\t\t\t\t\t\t\t\t\t<\/div>\n\t\t<\/div>\n\t\t\t\t\t\t\t\t<\/div>\n\t\t\t\t\t\t\t\t\t\t\t<div class=\"swiper-slide\" role=\"group\" aria-roledescription=\"slide\">\n\t\t\t\t\t\t\t\t\t<div class=\"elementor-testimonial\">\n\t\t\t\t\t\t\t<div class=\"elementor-testimonial__content\">\n\t\t\t\t\t<div class=\"elementor-testimonial__text\">\n\t\t\t\t\t\t<p>Soy el plusmarquista de la Challenge Alpine Cup con 4 victorias. Es un reto deportivo incre\u00edble al que le tengo un cari\u00f1o especial, con unas pruebas de bicicleta de monta\u00f1a UCI muy buenas. Enhorabuena a los organizadores por ofrecernos esta gran serie de BTT Marat\u00f3n.  <\/p>\n\t\t\t\t\t<\/div>\n\t\t\t\t\t<cite class=\"elementor-testimonial__cite\"><span class=\"elementor-testimonial__name\">Urs Hubert<\/span><span class=\"elementor-testimonial__title\">Equipo Bulls Bike<\/span><\/cite>\t\t\t\t<\/div>\n\t\t\t\t\t\t<div class=\"elementor-testimonial__footer\">\n\t\t\t\t\t\t\t\t\t<div class=\"elementor-testimonial__image\">\n\t\t\t\t\t\t<img decoding=\"async\" src=\"https:\/\/alpinecup.com\/wp-content\/uploads\/2025\/01\/Portrait-urs-Hubert.jpg\" alt=\"Urs Hubert\">\n\t\t\t\t\t\t\t\t\t\t\t<\/div>\n\t\t\t\t\t\t\t\t\t\t\t<\/div>\n\t\t<\/div>\n\t\t\t\t\t\t\t\t<\/div>\n\t\t\t\t\t\t\t\t\t<\/div>\n\t\t\t\t\t\t\t\t\t\t\t\t\t\t\t<div class=\"elementor-swiper-button elementor-swiper-button-prev\" role=\"button\" tabindex=\"0\" aria-label=\"Anterior\">\n\t\t\t\t\t\t\t<svg aria-hidden=\"true\" class=\"e-font-icon-svg e-eicon-chevron-left\" viewBox=\"0 0 1000 1000\" xmlns=\"http:\/\/www.w3.org\/2000\/svg\"><path d=\"M646 125C629 125 613 133 604 142L308 442C296 454 292 471 292 487 292 504 296 521 308 533L604 854C617 867 629 875 646 875 663 875 679 871 692 858 704 846 713 829 713 812 713 796 708 779 692 767L438 487 692 225C700 217 708 204 708 187 708 171 704 154 692 142 675 129 663 125 646 125Z\"><\/path><\/svg>\t\t\t\t\t\t<\/div>\n\t\t\t\t\t\t<div class=\"elementor-swiper-button elementor-swiper-button-next\" role=\"button\" tabindex=\"0\" aria-label=\"Siguiente\">\n\t\t\t\t\t\t\t<svg aria-hidden=\"true\" class=\"e-font-icon-svg e-eicon-chevron-right\" viewBox=\"0 0 1000 1000\" xmlns=\"http:\/\/www.w3.org\/2000\/svg\"><path d=\"M696 533C708 521 713 504 713 487 713 471 708 454 696 446L400 146C388 133 375 125 354 125 338 125 325 129 313 142 300 154 292 171 292 187 292 204 296 221 308 233L563 492 304 771C292 783 288 800 288 817 288 833 296 850 308 863 321 871 338 875 354 875 371 875 388 867 400 854L696 533Z\"><\/path><\/svg>\t\t\t\t\t\t<\/div>\n\t\t\t\t\t\t\t\t\t\t\t\t\t\t\t\t<div class=\"swiper-pagination\"><\/div>\n\t\t\t\t\t\t\t\t\t\t\t\t<\/div>\n\t\t\t\t<\/div>\n\t\t\t\t\t\t\t\t<\/div>\n\t\t\t\t<\/div>\n\t\t\t\t<div class=\"elementor-element elementor-element-0c0750c elementor-widget elementor-widget-heading\" data-id=\"0c0750c\" data-element_type=\"widget\" data-e-type=\"widget\" data-widget_type=\"heading.default\">\n\t\t\t\t<div class=\"elementor-widget-container\">\n\t\t\t\t\t<h2 class=\"elementor-heading-title elementor-size-default\">LOS ESCENARIOS<\/h2>\t\t\t\t<\/div>\n\t\t\t\t<\/div>\n\t\t\t\t\t<\/div>\n\t\t\t\t<\/div>\n\t\t<div class=\"elementor-element elementor-element-152fdf5 e-flex e-con-boxed e-con e-parent\" data-id=\"152fdf5\" data-element_type=\"container\" data-e-type=\"container\">\n\t\t\t\t\t<div class=\"e-con-inner\">\n\t\t<div class=\"elementor-element elementor-element-b2647ad e-con-full e-flex e-con e-child\" data-id=\"b2647ad\" data-element_type=\"container\" data-e-type=\"container\">\n\t\t\t\t<div class=\"elementor-element elementor-element-e89c0bc elementor-widget elementor-widget-eael-image-accordion\" data-id=\"e89c0bc\" data-element_type=\"widget\" data-e-type=\"widget\" data-widget_type=\"eael-image-accordion.default\">\n\t\t\t\t<div class=\"elementor-widget-container\">\n\t\t\t\t\t    <div class=\"eael-img-accordion accordion-direction-horizontal eael-img-accordion-horizontal-align-center eael-img-accordion-vertical-align-center\" id=\"eael-img-accordion-e89c0bc\" data-img-accordion-id=\"e89c0bc\" data-img-accordion-type=\"on-hover\">\n                    \n            <div class=\"eael-image-accordion-hover eael-image-accordion-item\" style=\"background-image: url(https:\/\/alpinecup.com\/wp-content\/uploads\/2025\/01\/JURA-BIKE-COUREUR-VTT-BOUTON.webp);\"  tabindex=\"0\">\n                <div class=\"overlay\">\n                                        <div class=\"overlay-inner \">\n                        <h2 class=\"img-accordion-title\">[SUI]<br>DOMINGO 18 DE MAYO<\/h2>                            <p><p>70 KM<\/p>\n<p>VALLORBE<\/p>\n<\/p>\n                                            <\/div>\n                <\/div>\n            <\/div>\n                <\/div>\n        <style typr=\"text\/css\">\n                    #eael-img-accordion-e89c0bc .eael-image-accordion-hover:hover {\n                        flex: 3 1 0% !important;\n                    }\n                    #eael-img-accordion-e89c0bc .eael-image-accordion-hover:hover:hover .overlay-inner * {\n                        opacity: 1;\n                        visibility: visible;\n                        transform: none;\n                        transition: all .3s .3s;\n                    }\n                <\/style>\t\t\t\t<\/div>\n\t\t\t\t<\/div>\n\t\t\t\t<div class=\"elementor-element elementor-element-10c522d elementor-widget elementor-widget-heading\" data-id=\"10c522d\" data-element_type=\"widget\" data-e-type=\"widget\" data-widget_type=\"heading.default\">\n\t\t\t\t<div class=\"elementor-widget-container\">\n\t\t\t\t\t<h4 class=\"elementor-heading-title elementor-size-default\">BICICLETA JURA<\/h4>\t\t\t\t<\/div>\n\t\t\t\t<\/div>\n\t\t\t\t<\/div>\n\t\t<div class=\"elementor-element elementor-element-4515abc e-con-full e-flex e-con e-child\" data-id=\"4515abc\" data-element_type=\"container\" data-e-type=\"container\">\n\t\t\t\t<div class=\"elementor-element elementor-element-219f7be elementor-widget elementor-widget-eael-image-accordion\" data-id=\"219f7be\" data-element_type=\"widget\" data-e-type=\"widget\" data-widget_type=\"eael-image-accordion.default\">\n\t\t\t\t<div class=\"elementor-widget-container\">\n\t\t\t\t\t    <div class=\"eael-img-accordion accordion-direction-horizontal eael-img-accordion-horizontal-align-center eael-img-accordion-vertical-align-center\" id=\"eael-img-accordion-219f7be\" data-img-accordion-id=\"219f7be\" data-img-accordion-type=\"on-hover\">\n                    \n            <div class=\"eael-image-accordion-hover eael-image-accordion-item\" style=\"background-image: url(https:\/\/alpinecup.com\/wp-content\/uploads\/2025\/01\/lukaleroy-0246-scaled.webp);\"  tabindex=\"0\">\n                <div class=\"overlay\">\n                                        <div class=\"overlay-inner \">\n                        <h2 class=\"img-accordion-title\">[FR]<br>S\u00c1BADO 5 DE JULIO<\/h2>                            <p><p>UNA ELECCI\u00d3N<\/p>\n<p>70 KM \/ 100 KM \/ 140 KM<\/p>\n<p>COMBLOUX &amp; MEGEVE<\/p>\n<\/p>\n                                            <\/div>\n                <\/div>\n            <\/div>\n                <\/div>\n        <style typr=\"text\/css\">\n                    #eael-img-accordion-219f7be .eael-image-accordion-hover:hover {\n                        flex: 3 1 0% !important;\n                    }\n                    #eael-img-accordion-219f7be .eael-image-accordion-hover:hover:hover .overlay-inner * {\n                        opacity: 1;\n                        visibility: visible;\n                        transform: none;\n                        transition: all .3s .3s;\n                    }\n                <\/style>\t\t\t\t<\/div>\n\t\t\t\t<\/div>\n\t\t\t\t<div class=\"elementor-element elementor-element-f1728d6 elementor-widget elementor-widget-heading\" data-id=\"f1728d6\" data-element_type=\"widget\" data-e-type=\"widget\" data-widget_type=\"heading.default\">\n\t\t\t\t<div class=\"elementor-widget-container\">\n\t\t\t\t\t<h4 class=\"elementor-heading-title elementor-size-default\">CARRERA MB<\/h4>\t\t\t\t<\/div>\n\t\t\t\t<\/div>\n\t\t\t\t<\/div>\n\t\t<div class=\"elementor-element elementor-element-dc1ab05 e-con-full e-flex e-con e-child\" data-id=\"dc1ab05\" data-element_type=\"container\" data-e-type=\"container\">\n\t\t\t\t<div class=\"elementor-element elementor-element-371f789 elementor-widget elementor-widget-eael-image-accordion\" data-id=\"371f789\" data-element_type=\"widget\" data-e-type=\"widget\" data-widget_type=\"eael-image-accordion.default\">\n\t\t\t\t<div class=\"elementor-widget-container\">\n\t\t\t\t\t    <div class=\"eael-img-accordion accordion-direction-horizontal eael-img-accordion-horizontal-align-center eael-img-accordion-vertical-align-center\" id=\"eael-img-accordion-371f789\" data-img-accordion-id=\"371f789\" data-img-accordion-type=\"on-hover\">\n                    \n            <div class=\"eael-image-accordion-hover eael-image-accordion-item\" style=\"background-image: url(https:\/\/alpinecup.com\/wp-content\/uploads\/2025\/01\/PHOTO-GRAND-RAID-BCVS-SOLEI-COL-scaled.webp);\"  tabindex=\"0\">\n                <div class=\"overlay\">\n                                        <div class=\"overlay-inner \">\n                        <h2 class=\"img-accordion-title\">[SUI]<br>S\u00c1BADO 6 DE SEPTIEMBRE<\/h2>                            <p><p>UNA ELECCI\u00d3N<\/p>\n<p>93 KM \/ 125 KM<\/p>\n<p>VERBIEZ &#8211; GRIMENTZ<\/p>\n<\/p>\n                                            <\/div>\n                <\/div>\n            <\/div>\n                <\/div>\n        <style typr=\"text\/css\">\n                    #eael-img-accordion-371f789 .eael-image-accordion-hover:hover {\n                        flex: 3 1 0% !important;\n                    }\n                    #eael-img-accordion-371f789 .eael-image-accordion-hover:hover:hover .overlay-inner * {\n                        opacity: 1;\n                        visibility: visible;\n                        transform: none;\n                        transition: all .3s .3s;\n                    }\n                <\/style>\t\t\t\t<\/div>\n\t\t\t\t<\/div>\n\t\t\t\t<div class=\"elementor-element elementor-element-d2703f4 elementor-widget elementor-widget-heading\" data-id=\"d2703f4\" data-element_type=\"widget\" data-e-type=\"widget\" data-widget_type=\"heading.default\">\n\t\t\t\t<div class=\"elementor-widget-container\">\n\t\t\t\t\t<h4 class=\"elementor-heading-title elementor-size-default\">GRAN RAID<\/h4>\t\t\t\t<\/div>\n\t\t\t\t<\/div>\n\t\t\t\t<\/div>\n\t\t<div class=\"elementor-element elementor-element-c57f0eb e-con-full e-flex e-con e-child\" data-id=\"c57f0eb\" data-element_type=\"container\" data-e-type=\"container\">\n\t\t\t\t<div class=\"elementor-element elementor-element-efd765e elementor-widget elementor-widget-eael-image-accordion\" data-id=\"efd765e\" data-element_type=\"widget\" data-e-type=\"widget\" data-widget_type=\"eael-image-accordion.default\">\n\t\t\t\t<div class=\"elementor-widget-container\">\n\t\t\t\t\t    <div class=\"eael-img-accordion accordion-direction-horizontal eael-img-accordion-horizontal-align-center eael-img-accordion-vertical-align-center\" id=\"eael-img-accordion-efd765e\" data-img-accordion-id=\"efd765e\" data-img-accordion-type=\"on-hover\">\n                    \n            <div class=\"eael-image-accordion-hover eael-image-accordion-item\" style=\"background-image: url(https:\/\/alpinecup.com\/wp-content\/uploads\/2025\/01\/Forestiere-2021-HD-cprght-O-Beart-Vojomag-3-scaled.webp);\"  tabindex=\"0\">\n                <div class=\"overlay\">\n                                        <div class=\"overlay-inner \">\n                        <h2 class=\"img-accordion-title\">[FR]<br>DOMINGO 21 DE SEPTIEMBRE<\/h2>                            <p><p>UNA ELECCI\u00d3N<\/p>\n<p>70 KM \/ 100 KM<\/p>\n<p>LES MOUSSIERES &#8211; ARBENT<\/p>\n<\/p>\n                                            <\/div>\n                <\/div>\n            <\/div>\n                <\/div>\n        <style typr=\"text\/css\">\n                    #eael-img-accordion-efd765e .eael-image-accordion-hover:hover {\n                        flex: 3 1 0% !important;\n                    }\n                    #eael-img-accordion-efd765e .eael-image-accordion-hover:hover:hover .overlay-inner * {\n                        opacity: 1;\n                        visibility: visible;\n                        transform: none;\n                        transition: all .3s .3s;\n                    }\n                <\/style>\t\t\t\t<\/div>\n\t\t\t\t<\/div>\n\t\t\t\t<div class=\"elementor-element elementor-element-43e2c93 elementor-widget elementor-widget-heading\" data-id=\"43e2c93\" data-element_type=\"widget\" data-e-type=\"widget\" data-widget_type=\"heading.default\">\n\t\t\t\t<div class=\"elementor-widget-container\">\n\t\t\t\t\t<h4 class=\"elementor-heading-title elementor-size-default\">FORESTIERE<\/h4>\t\t\t\t<\/div>\n\t\t\t\t<\/div>\n\t\t\t\t<\/div>\n\t\t\t\t\t<\/div>\n\t\t\t\t<\/div>\n\t\t<div class=\"elementor-element elementor-element-6cf9de9 e-flex e-con-boxed e-con e-parent\" data-id=\"6cf9de9\" data-element_type=\"container\" data-e-type=\"container\">\n\t\t\t\t\t<div class=\"e-con-inner\">\n\t\t\t\t<div class=\"elementor-element elementor-element-1a5c2b7 elementor-widget elementor-widget-heading\" data-id=\"1a5c2b7\" data-element_type=\"widget\" data-e-type=\"widget\" data-widget_type=\"heading.default\">\n\t\t\t\t<div class=\"elementor-widget-container\">\n\t\t\t\t\t<h4 class=\"elementor-heading-title elementor-size-default\">APROBADO POR LA UCI\n\n<\/h4>\t\t\t\t<\/div>\n\t\t\t\t<\/div>\n\t\t\t\t<div class=\"elementor-element elementor-element-871a6ea elementor-widget elementor-widget-text-editor\" data-id=\"871a6ea\" data-element_type=\"widget\" data-e-type=\"widget\" data-widget_type=\"text-editor.default\">\n\t\t\t\t<div class=\"elementor-widget-container\">\n\t\t\t\t\t\t\t\t\t<p>El Jura Bike Marat\u00f3n, la MB Race, el Grand Raid BCVS y la Foresti\u00e8re forman parte del circuito de Maratones de la UCI. La MTB Alpine Cup no es otra Copa del Mundo, sino un desaf\u00edo que incluye las mejores pruebas de MTB Marat\u00f3n de Europa y permite a los mejores corredores acumular puntos para clasificarse para los Campeonatos del Mundo. <\/p>\n\t\t\t\t\t\t\t\t<\/div>\n\t\t\t\t<\/div>\n\t\t\t\t<div class=\"elementor-element elementor-element-4669a89 elementor-widget elementor-widget-heading\" data-id=\"4669a89\" data-element_type=\"widget\" data-e-type=\"widget\" data-widget_type=\"heading.default\">\n\t\t\t\t<div class=\"elementor-widget-container\">\n\t\t\t\t\t<h4 class=\"elementor-heading-title elementor-size-default\">\u00bfQUI\u00c9N SER\u00c1 EL REY Y QUI\u00c9N LA REINA?\n\n<\/h4>\t\t\t\t<\/div>\n\t\t\t\t<\/div>\n\t\t\t\t<div class=\"elementor-element elementor-element-f3043fb elementor-widget elementor-widget-text-editor\" data-id=\"f3043fb\" data-element_type=\"widget\" data-e-type=\"widget\" data-widget_type=\"text-editor.default\">\n\t\t\t\t<div class=\"elementor-widget-container\">\n\t\t\t\t\t\t\t\t\t<p>\u00a1Este desaf\u00edo lleva los l\u00edmites a\u00fan m\u00e1s lejos! Los corredores librar\u00e1n 4 batallas para intentar hacerse con el trono y convertirse en el rey o la reina de la MTB Alpine Cup Challenge. Con m\u00e1s de 430 km y 17.600 m de desnivel a lo largo de estas 4 pruebas, la MTB Alpine Cup es un desaf\u00edo extraordinario.  <\/p>\n<p>Como en los torneos de Grand Slam de tenis, los l\u00edderes defender\u00e1n sus coronas en cada etapa, y el ganador final se decidir\u00e1 al final de la Foresti\u00e8re, la \u00faltima etapa del desaf\u00edo. La clasificaci\u00f3n se basar\u00e1 en el n\u00famero de puntos obtenidos en las 4 carreras. Para felicitar tan destacadas actuaciones, los \u00abreyes\u00bb del marat\u00f3n de bicicleta de monta\u00f1a ser\u00e1n recompensados con un atractivo premio en met\u00e1lico y un trofeo.  <\/p>\n\t\t\t\t\t\t\t\t<\/div>\n\t\t\t\t<\/div>\n\t\t\t\t<div class=\"elementor-element elementor-element-69f7b0d elementor-widget-divider--view-line_text elementor-widget-divider--element-align-center elementor-widget elementor-widget-divider\" data-id=\"69f7b0d\" data-element_type=\"widget\" data-e-type=\"widget\" data-widget_type=\"divider.default\">\n\t\t\t\t<div class=\"elementor-widget-container\">\n\t\t\t\t\t\t\t<div class=\"elementor-divider\">\n\t\t\t<span class=\"elementor-divider-separator\">\n\t\t\t\t\t\t\t<span class=\"elementor-divider__text elementor-divider__element\">\n\t\t\t\tNOTICIAS\t\t\t\t<\/span>\n\t\t\t\t\t\t<\/span>\n\t\t<\/div>\n\t\t\t\t\t\t<\/div>\n\t\t\t\t<\/div>\n\t\t\t\t<div class=\"elementor-element elementor-element-b0d094c elementor-grid-3 elementor-grid-tablet-2 elementor-grid-mobile-1 elementor-posts--thumbnail-top elementor-widget elementor-widget-posts\" data-id=\"b0d094c\" data-element_type=\"widget\" data-e-type=\"widget\" data-settings=\"{&quot;classic_columns&quot;:&quot;3&quot;,&quot;classic_columns_tablet&quot;:&quot;2&quot;,&quot;classic_columns_mobile&quot;:&quot;1&quot;,&quot;classic_row_gap&quot;:{&quot;unit&quot;:&quot;px&quot;,&quot;size&quot;:35,&quot;sizes&quot;:[]},&quot;classic_row_gap_tablet&quot;:{&quot;unit&quot;:&quot;px&quot;,&quot;size&quot;:&quot;&quot;,&quot;sizes&quot;:[]},&quot;classic_row_gap_mobile&quot;:{&quot;unit&quot;:&quot;px&quot;,&quot;size&quot;:&quot;&quot;,&quot;sizes&quot;:[]}}\" data-widget_type=\"posts.classic\">\n\t\t\t\t<div class=\"elementor-widget-container\">\n\t\t\t\t\t\t\t<div class=\"elementor-posts-container elementor-posts elementor-posts--skin-classic elementor-grid\" role=\"list\">\n\t\t\t\t<article class=\"elementor-post elementor-grid-item post-4477 post type-post status-publish format-standard has-post-thumbnail hentry category-sin-categorizar\" role=\"listitem\">\n\t\t\t\t<a class=\"elementor-post__thumbnail__link\" href=\"https:\/\/alpinecup.com\/es\/centrarse-en-forestiere-2026\/\" tabindex=\"-1\" >\n\t\t\t<div class=\"elementor-post__thumbnail\"><img loading=\"lazy\" decoding=\"async\" width=\"300\" height=\"188\" src=\"https:\/\/alpinecup.com\/wp-content\/uploads\/2025\/01\/cret-du-nerbier-La-Forestiere-2023-AP-Vojo-1599-2048x1280-1-300x188.jpg\" class=\"attachment-medium size-medium wp-image-2511\" alt=\"cr\u00eat-du-nerbier-La-Foresti\u00e8re-2026\" srcset=\"https:\/\/alpinecup.com\/wp-content\/uploads\/2025\/01\/cret-du-nerbier-La-Forestiere-2023-AP-Vojo-1599-2048x1280-1-300x188.jpg 300w, https:\/\/alpinecup.com\/wp-content\/uploads\/2025\/01\/cret-du-nerbier-La-Forestiere-2023-AP-Vojo-1599-2048x1280-1-1024x640.jpg 1024w, https:\/\/alpinecup.com\/wp-content\/uploads\/2025\/01\/cret-du-nerbier-La-Forestiere-2023-AP-Vojo-1599-2048x1280-1-768x480.jpg 768w, https:\/\/alpinecup.com\/wp-content\/uploads\/2025\/01\/cret-du-nerbier-La-Forestiere-2023-AP-Vojo-1599-2048x1280-1-1536x960.jpg 1536w, https:\/\/alpinecup.com\/wp-content\/uploads\/2025\/01\/cret-du-nerbier-La-Forestiere-2023-AP-Vojo-1599-2048x1280-1.jpg 2048w\" sizes=\"(max-width: 300px) 100vw, 300px\" \/><\/div>\n\t\t<\/a>\n\t\t\t\t<div class=\"elementor-post__text\">\n\t\t\t\t<h3 class=\"elementor-post__title\">\n\t\t\t<a href=\"https:\/\/alpinecup.com\/es\/centrarse-en-forestiere-2026\/\" >\n\t\t\t\tCentrarse en Foresti\u00e8re 2026\t\t\t<\/a>\n\t\t<\/h3>\n\t\t\t\t<div class=\"elementor-post__meta-data\">\n\t\t\t\t\t<span class=\"elementor-post-date\">\n\t\t\t28 de abril de 2026\t\t<\/span>\n\t\t\t\t<span class=\"elementor-post-avatar\">\n\t\t\tNo hay comentarios\t\t<\/span>\n\t\t\t\t<\/div>\n\t\t\t\t<div class=\"elementor-post__excerpt\">\n\t\t\t<p>Centrarse en La Foresti\u00e8re 2026 Prueba final del desaf\u00edo de la Copa Alpina de BTT, la Foresti\u00e8re ser\u00e1 tambi\u00e9n la sede de los Campeonatos de<\/p>\n\t\t<\/div>\n\t\t\n\t\t<a class=\"elementor-post__read-more\" href=\"https:\/\/alpinecup.com\/es\/centrarse-en-forestiere-2026\/\" aria-label=\"M\u00e1s informaci\u00f3n sobre Centrarse en Foresti\u00e8re 2026\" tabindex=\"-1\" >\n\t\t\tSigue leyendo \"\t\t<\/a>\n\n\t\t\t\t<\/div>\n\t\t\t\t<\/article>\n\t\t\t\t<article class=\"elementor-post elementor-grid-item post-4448 post type-post status-publish format-standard has-post-thumbnail hentry category-sin-categorizar\" role=\"listitem\">\n\t\t\t\t<a class=\"elementor-post__thumbnail__link\" href=\"https:\/\/alpinecup.com\/es\/abiertas-las-inscripciones-para-2026-copia\/\" tabindex=\"-1\" >\n\t\t\t<div class=\"elementor-post__thumbnail\"><img loading=\"lazy\" decoding=\"async\" width=\"300\" height=\"198\" src=\"https:\/\/alpinecup.com\/wp-content\/uploads\/2025\/02\/Nouveau-systeme-de-points-MTB-Alpine-Cup-300x198.png\" class=\"attachment-medium size-medium wp-image-3887\" alt=\"Nouveau syst\u00e8me de points MTB Alpine Cup\" srcset=\"https:\/\/alpinecup.com\/wp-content\/uploads\/2025\/02\/Nouveau-systeme-de-points-MTB-Alpine-Cup-300x198.png 300w, https:\/\/alpinecup.com\/wp-content\/uploads\/2025\/02\/Nouveau-systeme-de-points-MTB-Alpine-Cup-1024x676.png 1024w, https:\/\/alpinecup.com\/wp-content\/uploads\/2025\/02\/Nouveau-systeme-de-points-MTB-Alpine-Cup-768x507.png 768w, https:\/\/alpinecup.com\/wp-content\/uploads\/2025\/02\/Nouveau-systeme-de-points-MTB-Alpine-Cup-1536x1015.png 1536w, https:\/\/alpinecup.com\/wp-content\/uploads\/2025\/02\/Nouveau-systeme-de-points-MTB-Alpine-Cup.png 1600w\" sizes=\"(max-width: 300px) 100vw, 300px\" \/><\/div>\n\t\t<\/a>\n\t\t\t\t<div class=\"elementor-post__text\">\n\t\t\t\t<h3 class=\"elementor-post__title\">\n\t\t\t<a href=\"https:\/\/alpinecup.com\/es\/abiertas-las-inscripciones-para-2026-copia\/\" >\n\t\t\t\tPasajes clave del Somfy MB Ultra 2026\t\t\t<\/a>\n\t\t<\/h3>\n\t\t\t\t<div class=\"elementor-post__meta-data\">\n\t\t\t\t\t<span class=\"elementor-post-date\">\n\t\t\t13 de abril de 2026\t\t<\/span>\n\t\t\t\t<span class=\"elementor-post-avatar\">\n\t\t\tNo hay comentarios\t\t<\/span>\n\t\t\t\t<\/div>\n\t\t\t\t<div class=\"elementor-post__excerpt\">\n\t\t\t<p>Pasajes clave del Somfy MB Ultra 2026 La Somfy MB Ultra, prueba insignia de la MB Race y segunda prueba del desaf\u00edo MTB Alpine Cup,<\/p>\n\t\t<\/div>\n\t\t\n\t\t<a class=\"elementor-post__read-more\" href=\"https:\/\/alpinecup.com\/es\/abiertas-las-inscripciones-para-2026-copia\/\" aria-label=\"M\u00e1s informaci\u00f3n sobre Pasajes clave del Somfy MB Ultra 2026\" tabindex=\"-1\" >\n\t\t\tSigue leyendo \"\t\t<\/a>\n\n\t\t\t\t<\/div>\n\t\t\t\t<\/article>\n\t\t\t\t<article class=\"elementor-post elementor-grid-item post-4427 post type-post status-publish format-standard has-post-thumbnail hentry category-sin-categorizar\" role=\"listitem\">\n\t\t\t\t<a class=\"elementor-post__thumbnail__link\" href=\"https:\/\/alpinecup.com\/es\/concentrate-en-el-recorrido-del-bike-maraton-del-jura\/\" tabindex=\"-1\" >\n\t\t\t<div class=\"elementor-post__thumbnail\"><img loading=\"lazy\" decoding=\"async\" width=\"300\" height=\"198\" src=\"https:\/\/alpinecup.com\/wp-content\/uploads\/2026\/04\/ouverture-inscriptions-couv-site-3-300x198.png\" class=\"attachment-medium size-medium wp-image-4414\" alt=\"parcours jura bike marathon\" srcset=\"https:\/\/alpinecup.com\/wp-content\/uploads\/2026\/04\/ouverture-inscriptions-couv-site-3-300x198.png 300w, https:\/\/alpinecup.com\/wp-content\/uploads\/2026\/04\/ouverture-inscriptions-couv-site-3-1024x676.png 1024w, https:\/\/alpinecup.com\/wp-content\/uploads\/2026\/04\/ouverture-inscriptions-couv-site-3-768x507.png 768w, https:\/\/alpinecup.com\/wp-content\/uploads\/2026\/04\/ouverture-inscriptions-couv-site-3-1536x1015.png 1536w, https:\/\/alpinecup.com\/wp-content\/uploads\/2026\/04\/ouverture-inscriptions-couv-site-3.png 1600w\" sizes=\"(max-width: 300px) 100vw, 300px\" \/><\/div>\n\t\t<\/a>\n\t\t\t\t<div class=\"elementor-post__text\">\n\t\t\t\t<h3 class=\"elementor-post__title\">\n\t\t\t<a href=\"https:\/\/alpinecup.com\/es\/concentrate-en-el-recorrido-del-bike-maraton-del-jura\/\" >\n\t\t\t\tConc\u00e9ntrate en el recorrido del Bike Marat\u00f3n del Jura\t\t\t<\/a>\n\t\t<\/h3>\n\t\t\t\t<div class=\"elementor-post__meta-data\">\n\t\t\t\t\t<span class=\"elementor-post-date\">\n\t\t\t7 de abril de 2026\t\t<\/span>\n\t\t\t\t<span class=\"elementor-post-avatar\">\n\t\t\tNo hay comentarios\t\t<\/span>\n\t\t\t\t<\/div>\n\t\t\t\t<div class=\"elementor-post__excerpt\">\n\t\t\t<p>El Jura Bike Marat\u00f3n tendr\u00e1 lugar este a\u00f1o el domingo 17 de mayo de 2026. Primera etapa de la MTB Alpine Cup Challenge, el Jura<\/p>\n\t\t<\/div>\n\t\t\n\t\t<a class=\"elementor-post__read-more\" href=\"https:\/\/alpinecup.com\/es\/concentrate-en-el-recorrido-del-bike-maraton-del-jura\/\" aria-label=\"M\u00e1s informaci\u00f3n sobre Conc\u00e9ntrate en el recorrido del Bike Marat\u00f3n del Jura\" tabindex=\"-1\" >\n\t\t\tSigue leyendo \"\t\t<\/a>\n\n\t\t\t\t<\/div>\n\t\t\t\t<\/article>\n\t\t\t\t<article class=\"elementor-post elementor-grid-item post-4367 post type-post status-publish format-standard has-post-thumbnail hentry category-sin-categorizar\" role=\"listitem\">\n\t\t\t\t<a class=\"elementor-post__thumbnail__link\" href=\"https:\/\/alpinecup.com\/es\/medallas-que-cuentan-la-historia-de-tu-aventura\/\" tabindex=\"-1\" >\n\t\t\t<div class=\"elementor-post__thumbnail\"><img loading=\"lazy\" decoding=\"async\" width=\"300\" height=\"198\" src=\"https:\/\/alpinecup.com\/wp-content\/uploads\/2026\/03\/couv-site-1600-x-1057-px-12-300x198.png\" class=\"attachment-medium size-medium wp-image-4358\" alt=\"m\u00e9dailles finisher mtb alpine cup\" srcset=\"https:\/\/alpinecup.com\/wp-content\/uploads\/2026\/03\/couv-site-1600-x-1057-px-12-300x198.png 300w, https:\/\/alpinecup.com\/wp-content\/uploads\/2026\/03\/couv-site-1600-x-1057-px-12-1024x676.png 1024w, https:\/\/alpinecup.com\/wp-content\/uploads\/2026\/03\/couv-site-1600-x-1057-px-12-768x507.png 768w, https:\/\/alpinecup.com\/wp-content\/uploads\/2026\/03\/couv-site-1600-x-1057-px-12-1536x1015.png 1536w, https:\/\/alpinecup.com\/wp-content\/uploads\/2026\/03\/couv-site-1600-x-1057-px-12.png 1600w\" sizes=\"(max-width: 300px) 100vw, 300px\" \/><\/div>\n\t\t<\/a>\n\t\t\t\t<div class=\"elementor-post__text\">\n\t\t\t\t<h3 class=\"elementor-post__title\">\n\t\t\t<a href=\"https:\/\/alpinecup.com\/es\/medallas-que-cuentan-la-historia-de-tu-aventura\/\" >\n\t\t\t\t\u00a1Medallas que cuentan la historia de tu aventura!\t\t\t<\/a>\n\t\t<\/h3>\n\t\t\t\t<div class=\"elementor-post__meta-data\">\n\t\t\t\t\t<span class=\"elementor-post-date\">\n\t\t\t12 de marzo de 2026\t\t<\/span>\n\t\t\t\t<span class=\"elementor-post-avatar\">\n\t\t\tNo hay comentarios\t\t<\/span>\n\t\t\t\t<\/div>\n\t\t\t\t<div class=\"elementor-post__excerpt\">\n\t\t\t<p>Cada etapa de la Copa Alpina BTT es una victoria en s\u00ed misma, \u00a1y este a\u00f1o queremos celebrar tu perseverancia con un sistema \u00fanico de<\/p>\n\t\t<\/div>\n\t\t\n\t\t<a class=\"elementor-post__read-more\" href=\"https:\/\/alpinecup.com\/es\/medallas-que-cuentan-la-historia-de-tu-aventura\/\" aria-label=\"M\u00e1s informaci\u00f3n sobre \u00a1Medallas que cuentan la historia de tu aventura!\" tabindex=\"-1\" >\n\t\t\tSigue leyendo \"\t\t<\/a>\n\n\t\t\t\t<\/div>\n\t\t\t\t<\/article>\n\t\t\t\t<article class=\"elementor-post elementor-grid-item post-4303 post type-post status-publish format-standard has-post-thumbnail hentry category-sin-categorizar\" role=\"listitem\">\n\t\t\t\t<a class=\"elementor-post__thumbnail__link\" href=\"https:\/\/alpinecup.com\/es\/ya-esta-abierta-la-inscripcion-para-2026\/\" tabindex=\"-1\" >\n\t\t\t<div class=\"elementor-post__thumbnail\"><img loading=\"lazy\" decoding=\"async\" width=\"300\" height=\"198\" src=\"https:\/\/alpinecup.com\/wp-content\/uploads\/2025\/02\/Nouveau-systeme-de-points-MTB-Alpine-Cup-300x198.png\" class=\"attachment-medium size-medium wp-image-3887\" alt=\"Nouveau syst\u00e8me de points MTB Alpine Cup\" srcset=\"https:\/\/alpinecup.com\/wp-content\/uploads\/2025\/02\/Nouveau-systeme-de-points-MTB-Alpine-Cup-300x198.png 300w, https:\/\/alpinecup.com\/wp-content\/uploads\/2025\/02\/Nouveau-systeme-de-points-MTB-Alpine-Cup-1024x676.png 1024w, https:\/\/alpinecup.com\/wp-content\/uploads\/2025\/02\/Nouveau-systeme-de-points-MTB-Alpine-Cup-768x507.png 768w, https:\/\/alpinecup.com\/wp-content\/uploads\/2025\/02\/Nouveau-systeme-de-points-MTB-Alpine-Cup-1536x1015.png 1536w, https:\/\/alpinecup.com\/wp-content\/uploads\/2025\/02\/Nouveau-systeme-de-points-MTB-Alpine-Cup.png 1600w\" sizes=\"(max-width: 300px) 100vw, 300px\" \/><\/div>\n\t\t<\/a>\n\t\t\t\t<div class=\"elementor-post__text\">\n\t\t\t\t<h3 class=\"elementor-post__title\">\n\t\t\t<a href=\"https:\/\/alpinecup.com\/es\/ya-esta-abierta-la-inscripcion-para-2026\/\" >\n\t\t\t\tYa est\u00e1 abierta la inscripci\u00f3n para 2026\t\t\t<\/a>\n\t\t<\/h3>\n\t\t\t\t<div class=\"elementor-post__meta-data\">\n\t\t\t\t\t<span class=\"elementor-post-date\">\n\t\t\t20 de noviembre de 2025\t\t<\/span>\n\t\t\t\t<span class=\"elementor-post-avatar\">\n\t\t\tNo hay comentarios\t\t<\/span>\n\t\t\t\t<\/div>\n\t\t\t\t<div class=\"elementor-post__excerpt\">\n\t\t\t<p>Inscripciones abiertas \u00a1Ya est\u00e1 abierta la inscripci\u00f3n para el desaf\u00edo MTB Alpine Cup 2026! Si quieres probarlo, \u00a1puedes inscribirte ahora! En el programa: \u00a14 carreras<\/p>\n\t\t<\/div>\n\t\t\n\t\t<a class=\"elementor-post__read-more\" href=\"https:\/\/alpinecup.com\/es\/ya-esta-abierta-la-inscripcion-para-2026\/\" aria-label=\"M\u00e1s informaci\u00f3n sobre Ya est\u00e1 abierta la inscripci\u00f3n para 2026\" tabindex=\"-1\" >\n\t\t\tSigue leyendo \"\t\t<\/a>\n\n\t\t\t\t<\/div>\n\t\t\t\t<\/article>\n\t\t\t\t<article class=\"elementor-post elementor-grid-item post-4073 post type-post status-publish format-standard has-post-thumbnail hentry category-sin-categorizar\" role=\"listitem\">\n\t\t\t\t<a class=\"elementor-post__thumbnail__link\" href=\"https:\/\/alpinecup.com\/es\/fin-de-la-copa-alpina-mtb-2025\/\" tabindex=\"-1\" >\n\t\t\t<div class=\"elementor-post__thumbnail\"><img loading=\"lazy\" decoding=\"async\" width=\"300\" height=\"200\" src=\"https:\/\/alpinecup.com\/wp-content\/uploads\/2025\/09\/DSC02765-300x200.jpg\" class=\"attachment-medium size-medium wp-image-4006\" alt=\"\" srcset=\"https:\/\/alpinecup.com\/wp-content\/uploads\/2025\/09\/DSC02765-300x200.jpg 300w, https:\/\/alpinecup.com\/wp-content\/uploads\/2025\/09\/DSC02765-1024x683.jpg 1024w, https:\/\/alpinecup.com\/wp-content\/uploads\/2025\/09\/DSC02765-768x512.jpg 768w, https:\/\/alpinecup.com\/wp-content\/uploads\/2025\/09\/DSC02765-1536x1024.jpg 1536w, https:\/\/alpinecup.com\/wp-content\/uploads\/2025\/09\/DSC02765-2048x1366.jpg 2048w\" sizes=\"(max-width: 300px) 100vw, 300px\" \/><\/div>\n\t\t<\/a>\n\t\t\t\t<div class=\"elementor-post__text\">\n\t\t\t\t<h3 class=\"elementor-post__title\">\n\t\t\t<a href=\"https:\/\/alpinecup.com\/es\/fin-de-la-copa-alpina-mtb-2025\/\" >\n\t\t\t\tFin de la Copa Alpina MTB 2025\t\t\t<\/a>\n\t\t<\/h3>\n\t\t\t\t<div class=\"elementor-post__meta-data\">\n\t\t\t\t\t<span class=\"elementor-post-date\">\n\t\t\t23 de septiembre de 2025\t\t<\/span>\n\t\t\t\t<span class=\"elementor-post-avatar\">\n\t\t\tNo hay comentarios\t\t<\/span>\n\t\t\t\t<\/div>\n\t\t\t\t<div class=\"elementor-post__excerpt\">\n\t\t\t<p>La Foresti\u00e8re lleg\u00f3 a su fin el pasado fin de semana y ahora es el momento de que la Copa Alpina de BTT llegue a<\/p>\n\t\t<\/div>\n\t\t\n\t\t<a class=\"elementor-post__read-more\" href=\"https:\/\/alpinecup.com\/es\/fin-de-la-copa-alpina-mtb-2025\/\" aria-label=\"M\u00e1s informaci\u00f3n sobre Fin de la Copa Alpina MTB 2025\" tabindex=\"-1\" >\n\t\t\tSigue leyendo \"\t\t<\/a>\n\n\t\t\t\t<\/div>\n\t\t\t\t<\/article>\n\t\t\t\t<\/div>\n\t\t\n\t\t\t\t\t\t<\/div>\n\t\t\t\t<\/div>\n\t\t\t\t<div class=\"elementor-element elementor-element-87729f3 elementor-widget-divider--view-line elementor-widget elementor-widget-divider\" data-id=\"87729f3\" data-element_type=\"widget\" data-e-type=\"widget\" data-widget_type=\"divider.default\">\n\t\t\t\t<div class=\"elementor-widget-container\">\n\t\t\t\t\t\t\t<div class=\"elementor-divider\">\n\t\t\t<span class=\"elementor-divider-separator\">\n\t\t\t\t\t\t<\/span>\n\t\t<\/div>\n\t\t\t\t\t\t<\/div>\n\t\t\t\t<\/div>\n\t\t\t\t\t<\/div>\n\t\t\t\t<\/div>\n\t\t<div class=\"elementor-element elementor-element-445c03b e-flex e-con-boxed e-con e-parent\" data-id=\"445c03b\" data-element_type=\"container\" data-e-type=\"container\" data-settings=\"{&quot;background_background&quot;:&quot;classic&quot;}\">\n\t\t\t\t\t<div class=\"e-con-inner\">\n\t\t\t\t<div class=\"elementor-element elementor-element-83e7f2e elementor-widget elementor-widget-shortcode\" data-id=\"83e7f2e\" data-element_type=\"widget\" data-e-type=\"widget\" data-widget_type=\"shortcode.default\">\n\t\t\t\t<div class=\"elementor-widget-container\">\n\t\t\t\t\t\t\t<div class=\"elementor-shortcode\">\t\t<footer data-elementor-type=\"section\" data-elementor-id=\"3213\" class=\"elementor elementor-3213 elementor-751 elementor-751\" data-elementor-post-type=\"elementor_library\">\n\t\t\t<footer class=\"elementor-element elementor-element-b02ed14 e-flex e-con-boxed e-con e-parent\" data-id=\"b02ed14\" data-element_type=\"container\" data-e-type=\"container\" data-settings=\"{&quot;background_background&quot;:&quot;classic&quot;}\">\n\t\t\t\t\t<div class=\"e-con-inner\">\n\t\t<div class=\"elementor-element elementor-element-92ff0c4 e-con-full e-flex e-con e-child\" data-id=\"92ff0c4\" data-element_type=\"container\" data-e-type=\"container\">\n\t\t\t\t<div class=\"elementor-element elementor-element-18e6247 elementor-widget-divider--view-line_text elementor-widget-divider--element-align-center elementor-widget elementor-widget-divider\" data-id=\"18e6247\" data-element_type=\"widget\" data-e-type=\"widget\" data-widget_type=\"divider.default\">\n\t\t\t\t<div class=\"elementor-widget-container\">\n\t\t\t\t\t\t\t<div class=\"elementor-divider\">\n\t\t\t<span class=\"elementor-divider-separator\">\n\t\t\t\t\t\t\t<span class=\"elementor-divider__text elementor-divider__element\">\n\t\t\t\tOrganizaciones\t\t\t\t<\/span>\n\t\t\t\t\t\t<\/span>\n\t\t<\/div>\n\t\t\t\t\t\t<\/div>\n\t\t\t\t<\/div>\n\t\t<div class=\"elementor-element elementor-element-132dbf3 e-grid e-con-full e-con e-child\" data-id=\"132dbf3\" data-element_type=\"container\" data-e-type=\"container\">\n\t\t\t\t<div class=\"elementor-element elementor-element-550b3ab elementor-widget elementor-widget-image\" data-id=\"550b3ab\" data-element_type=\"widget\" data-e-type=\"widget\" data-widget_type=\"image.default\">\n\t\t\t\t<div class=\"elementor-widget-container\">\n\t\t\t\t\t\t\t\t\t\t\t\t\t\t\t\t<a href=\"https:\/\/jura-bike-marathon.ch\/\" target=\"_blank\">\n\t\t\t\t\t\t\t<img decoding=\"async\" src=\"https:\/\/alpinecup.com\/wp-content\/uploads\/elementor\/thumbs\/JURA-BIKE-200-r0pp48z9wiu5xhbstcyci20v3mkc8x74qb3fxzm8cg.png\" title=\"JURA-BIKE-200\" alt=\"JURA-BIKE-200\" loading=\"lazy\" \/>\t\t\t\t\t\t\t\t<\/a>\n\t\t\t\t\t\t\t\t\t\t\t\t\t\t\t<\/div>\n\t\t\t\t<\/div>\n\t\t\t\t<div class=\"elementor-element elementor-element-991855b elementor-widget elementor-widget-image\" data-id=\"991855b\" data-element_type=\"widget\" data-e-type=\"widget\" data-widget_type=\"image.default\">\n\t\t\t\t<div class=\"elementor-widget-container\">\n\t\t\t\t\t\t\t\t\t\t\t\t\t\t\t\t<a href=\"https:\/\/mb-race.com\/\" target=\"_blank\">\n\t\t\t\t\t\t\t<img loading=\"lazy\" decoding=\"async\" width=\"1078\" height=\"611\" src=\"https:\/\/alpinecup.com\/wp-content\/uploads\/2025\/01\/Logo-MB-RACE-2018-Gris-Fond-transparent-1.png\" class=\"attachment-full size-full wp-image-2795\" alt=\"\" srcset=\"https:\/\/alpinecup.com\/wp-content\/uploads\/2025\/01\/Logo-MB-RACE-2018-Gris-Fond-transparent-1.png 1078w, https:\/\/alpinecup.com\/wp-content\/uploads\/2025\/01\/Logo-MB-RACE-2018-Gris-Fond-transparent-1-300x170.png 300w, https:\/\/alpinecup.com\/wp-content\/uploads\/2025\/01\/Logo-MB-RACE-2018-Gris-Fond-transparent-1-1024x580.png 1024w, https:\/\/alpinecup.com\/wp-content\/uploads\/2025\/01\/Logo-MB-RACE-2018-Gris-Fond-transparent-1-768x435.png 768w\" sizes=\"(max-width: 1078px) 100vw, 1078px\" \/>\t\t\t\t\t\t\t\t<\/a>\n\t\t\t\t\t\t\t\t\t\t\t\t\t\t\t<\/div>\n\t\t\t\t<\/div>\n\t\t\t\t<div class=\"elementor-element elementor-element-10ad9fb elementor-widget elementor-widget-image\" data-id=\"10ad9fb\" data-element_type=\"widget\" data-e-type=\"widget\" data-widget_type=\"image.default\">\n\t\t\t\t<div class=\"elementor-widget-container\">\n\t\t\t\t\t\t\t\t\t\t\t\t\t\t\t\t<a href=\"https:\/\/grand-raid-bcvs.ch\/\" target=\"_blank\">\n\t\t\t\t\t\t\t<img decoding=\"async\" src=\"https:\/\/alpinecup.com\/wp-content\/uploads\/elementor\/thumbs\/GRAND-RAID-BCVS-200-r0pp49x4to50zlij56jg2n6c4hql0q8parr43mloo4.png\" title=\"GRAND-RAID-BCVS-200\" alt=\"GRAND-RAID-BCVS-200\" loading=\"lazy\" \/>\t\t\t\t\t\t\t\t<\/a>\n\t\t\t\t\t\t\t\t\t\t\t\t\t\t\t<\/div>\n\t\t\t\t<\/div>\n\t\t\t\t<div class=\"elementor-element elementor-element-f22feef elementor-widget elementor-widget-image\" data-id=\"f22feef\" data-element_type=\"widget\" data-e-type=\"widget\" data-widget_type=\"image.default\">\n\t\t\t\t<div class=\"elementor-widget-container\">\n\t\t\t\t\t\t\t\t\t\t\t\t\t\t\t\t<a href=\"https:\/\/www.la-forestiere.com\/\" target=\"_blank\">\n\t\t\t\t\t\t\t<img decoding=\"async\" src=\"https:\/\/alpinecup.com\/wp-content\/uploads\/elementor\/thumbs\/LOGO-FORESTIERE-200-r0pp49x65wt7upyhv7883r2jcc27su68afwd9rfmig.png\" title=\"LOGO-FORESTIERE-200\" alt=\"LOGO-FORESTIERE-200\" loading=\"lazy\" \/>\t\t\t\t\t\t\t\t<\/a>\n\t\t\t\t\t\t\t\t\t\t\t\t\t\t\t<\/div>\n\t\t\t\t<\/div>\n\t\t\t\t<\/div>\n\t\t\t\t<\/div>\n\t\t<div class=\"elementor-element elementor-element-319c07a e-con-full e-flex e-con e-child\" data-id=\"319c07a\" data-element_type=\"container\" data-e-type=\"container\">\n\t\t\t\t<div class=\"elementor-element elementor-element-b3670ee elementor-align-center elementor-widget elementor-widget-button\" data-id=\"b3670ee\" data-element_type=\"widget\" data-e-type=\"widget\" data-settings=\"{&quot;sticky&quot;:&quot;top&quot;,&quot;sticky_on&quot;:[&quot;desktop&quot;,&quot;tablet&quot;,&quot;mobile&quot;],&quot;sticky_offset&quot;:0,&quot;sticky_effects_offset&quot;:0,&quot;sticky_anchor_link_offset&quot;:0}\" data-widget_type=\"button.default\">\n\t\t\t\t<div class=\"elementor-widget-container\">\n\t\t\t\t\t\t\t\t\t<div class=\"elementor-button-wrapper\">\n\t\t\t\t\t<a class=\"elementor-button elementor-button-link elementor-size-sm\" href=\"https:\/\/alpinecup.com\/es\/ponte-en-contacto-con\/\">\n\t\t\t\t\t\t<span class=\"elementor-button-content-wrapper\">\n\t\t\t\t\t\t\t\t\t<span class=\"elementor-button-text\">CONTACTO<\/span>\n\t\t\t\t\t<\/span>\n\t\t\t\t\t<\/a>\n\t\t\t\t<\/div>\n\t\t\t\t\t\t\t\t<\/div>\n\t\t\t\t<\/div>\n\t\t\t\t<div class=\"elementor-element elementor-element-42f2ad8 elementor-widget elementor-widget-spacer\" data-id=\"42f2ad8\" data-element_type=\"widget\" data-e-type=\"widget\" data-widget_type=\"spacer.default\">\n\t\t\t\t<div class=\"elementor-widget-container\">\n\t\t\t\t\t\t\t<div class=\"elementor-spacer\">\n\t\t\t<div class=\"elementor-spacer-inner\"><\/div>\n\t\t<\/div>\n\t\t\t\t\t\t<\/div>\n\t\t\t\t<\/div>\n\t\t\t\t<div class=\"elementor-element elementor-element-112fd64 elementor-hidden-tablet elementor-hidden-mobile e-grid-align-right elementor-shape-rounded elementor-grid-0 elementor-widget elementor-widget-social-icons\" data-id=\"112fd64\" data-element_type=\"widget\" data-e-type=\"widget\" data-widget_type=\"social-icons.default\">\n\t\t\t\t<div class=\"elementor-widget-container\">\n\t\t\t\t\t\t\t<div class=\"elementor-social-icons-wrapper elementor-grid\" role=\"list\">\n\t\t\t\t\t\t\t<span class=\"elementor-grid-item\" role=\"listitem\">\n\t\t\t\t\t<a class=\"elementor-icon elementor-social-icon elementor-social-icon-instagram elementor-repeater-item-b98bd61\" href=\"https:\/\/www.instagram.com\/mtbalpinecup\/\" target=\"_blank\">\n\t\t\t\t\t\t<span class=\"elementor-screen-only\">Instagram<\/span>\n\t\t\t\t\t\t<svg aria-hidden=\"true\" class=\"e-font-icon-svg e-fab-instagram\" viewBox=\"0 0 448 512\" xmlns=\"http:\/\/www.w3.org\/2000\/svg\"><path d=\"M224.1 141c-63.6 0-114.9 51.3-114.9 114.9s51.3 114.9 114.9 114.9S339 319.5 339 255.9 287.7 141 224.1 141zm0 189.6c-41.1 0-74.7-33.5-74.7-74.7s33.5-74.7 74.7-74.7 74.7 33.5 74.7 74.7-33.6 74.7-74.7 74.7zm146.4-194.3c0 14.9-12 26.8-26.8 26.8-14.9 0-26.8-12-26.8-26.8s12-26.8 26.8-26.8 26.8 12 26.8 26.8zm76.1 27.2c-1.7-35.9-9.9-67.7-36.2-93.9-26.2-26.2-58-34.4-93.9-36.2-37-2.1-147.9-2.1-184.9 0-35.8 1.7-67.6 9.9-93.9 36.1s-34.4 58-36.2 93.9c-2.1 37-2.1 147.9 0 184.9 1.7 35.9 9.9 67.7 36.2 93.9s58 34.4 93.9 36.2c37 2.1 147.9 2.1 184.9 0 35.9-1.7 67.7-9.9 93.9-36.2 26.2-26.2 34.4-58 36.2-93.9 2.1-37 2.1-147.8 0-184.8zM398.8 388c-7.8 19.6-22.9 34.7-42.6 42.6-29.5 11.7-99.5 9-132.1 9s-102.7 2.6-132.1-9c-19.6-7.8-34.7-22.9-42.6-42.6-11.7-29.5-9-99.5-9-132.1s-2.6-102.7 9-132.1c7.8-19.6 22.9-34.7 42.6-42.6 29.5-11.7 99.5-9 132.1-9s102.7-2.6 132.1 9c19.6 7.8 34.7 22.9 42.6 42.6 11.7 29.5 9 99.5 9 132.1s2.7 102.7-9 132.1z\"><\/path><\/svg>\t\t\t\t\t<\/a>\n\t\t\t\t<\/span>\n\t\t\t\t\t\t\t<span class=\"elementor-grid-item\" role=\"listitem\">\n\t\t\t\t\t<a class=\"elementor-icon elementor-social-icon elementor-social-icon-facebook elementor-repeater-item-9482ddb\" href=\"https:\/\/www.facebook.com\/MTBAlpineCup\" target=\"_blank\">\n\t\t\t\t\t\t<span class=\"elementor-screen-only\">Facebook<\/span>\n\t\t\t\t\t\t<svg aria-hidden=\"true\" class=\"e-font-icon-svg e-fab-facebook\" viewBox=\"0 0 512 512\" xmlns=\"http:\/\/www.w3.org\/2000\/svg\"><path d=\"M504 256C504 119 393 8 256 8S8 119 8 256c0 123.78 90.69 226.38 209.25 245V327.69h-63V256h63v-54.64c0-62.15 37-96.48 93.67-96.48 27.14 0 55.52 4.84 55.52 4.84v61h-31.28c-30.8 0-40.41 19.12-40.41 38.73V256h68.78l-11 71.69h-57.78V501C413.31 482.38 504 379.78 504 256z\"><\/path><\/svg>\t\t\t\t\t<\/a>\n\t\t\t\t<\/span>\n\t\t\t\t\t\t\t<span class=\"elementor-grid-item\" role=\"listitem\">\n\t\t\t\t\t<a class=\"elementor-icon elementor-social-icon elementor-social-icon-youtube elementor-repeater-item-22b7024\" href=\"https:\/\/www.youtube.com\/channel\/UCuXTXgg_miubGR6biqN590w\" target=\"_blank\">\n\t\t\t\t\t\t<span class=\"elementor-screen-only\">Youtube<\/span>\n\t\t\t\t\t\t<svg aria-hidden=\"true\" class=\"e-font-icon-svg e-fab-youtube\" viewBox=\"0 0 576 512\" xmlns=\"http:\/\/www.w3.org\/2000\/svg\"><path d=\"M549.655 124.083c-6.281-23.65-24.787-42.276-48.284-48.597C458.781 64 288 64 288 64S117.22 64 74.629 75.486c-23.497 6.322-42.003 24.947-48.284 48.597-11.412 42.867-11.412 132.305-11.412 132.305s0 89.438 11.412 132.305c6.281 23.65 24.787 41.5 48.284 47.821C117.22 448 288 448 288 448s170.78 0 213.371-11.486c23.497-6.321 42.003-24.171 48.284-47.821 11.412-42.867 11.412-132.305 11.412-132.305s0-89.438-11.412-132.305zm-317.51 213.508V175.185l142.739 81.205-142.739 81.201z\"><\/path><\/svg>\t\t\t\t\t<\/a>\n\t\t\t\t<\/span>\n\t\t\t\t\t<\/div>\n\t\t\t\t\t\t<\/div>\n\t\t\t\t<\/div>\n\t\t\t\t<\/div>\n\t\t<div class=\"elementor-element elementor-element-3b460eb e-con-full e-flex e-con e-child\" data-id=\"3b460eb\" data-element_type=\"container\" data-e-type=\"container\">\n\t\t\t\t<div class=\"elementor-element elementor-element-6fbf348 elementor-widget elementor-widget-text-editor\" data-id=\"6fbf348\" data-element_type=\"widget\" data-e-type=\"widget\" data-widget_type=\"text-editor.default\">\n\t\t\t\t<div class=\"elementor-widget-container\">\n\t\t\t\t\t\t\t\t\t<p>Informaci\u00f3n<\/p>\n<p><strong><a href=\"\/?page_id=676\">Pol\u00edtica de privacidad<\/a><br \/><a href=\"https:\/\/alpinecup.com\/reglement\/\">Normas<\/a><br \/><a href=\"\/?page_id=260\">Contacta con<\/a><\/strong><\/p>\n\t\t\t\t\t\t\t\t<\/div>\n\t\t\t\t<\/div>\n\t\t\t\t<div class=\"elementor-element elementor-element-23f3b2e elementor-widget elementor-widget-text-editor\" data-id=\"23f3b2e\" data-element_type=\"widget\" data-e-type=\"widget\" data-widget_type=\"text-editor.default\">\n\t\t\t\t<div class=\"elementor-widget-container\">\n\t\t\t\t\t\t\t\t\t<p>sitio por MTB Alpine Cup &#8211; ET &#8211; 2025<\/p>\n\t\t\t\t\t\t\t\t<\/div>\n\t\t\t\t<\/div>\n\t\t\t\t<\/div>\n\t\t<div class=\"elementor-element elementor-element-df3c5f2 e-con-full e-flex e-con e-child\" data-id=\"df3c5f2\" data-element_type=\"container\" data-e-type=\"container\">\n\t\t<div class=\"elementor-element elementor-element-3183e39 e-grid e-con-full e-con e-child\" data-id=\"3183e39\" data-element_type=\"container\" data-e-type=\"container\">\n\t\t\t\t<div class=\"elementor-element elementor-element-68a5c30 elementor-widget elementor-widget-text-editor\" data-id=\"68a5c30\" data-element_type=\"widget\" data-e-type=\"widget\" data-widget_type=\"text-editor.default\">\n\t\t\t\t<div class=\"elementor-widget-container\">\n\t\t\t\t\t\t\t\t\t<p>Enlaces \u00fatiles<\/p>\n<p><a href=\"https:\/\/fr.uci.org\/calendar\/mtb\/1voMyukVGR4iZMhMlDfRv0?discipline=MTB&amp;raceType=XCM\"><strong>Calendario de Maratones de la UCI<\/strong><\/a><\/p>\n<p><strong>Noticias de bicicleta de monta\u00f1a: <a href=\"https:\/\/www.vojomag.com\/\">Vojo Mag<\/a><\/strong><\/p>\n\t\t\t\t\t\t\t\t<\/div>\n\t\t\t\t<\/div>\n\t\t\t\t<div class=\"elementor-element elementor-element-e6840b7 elementor-widget elementor-widget-image\" data-id=\"e6840b7\" data-element_type=\"widget\" data-e-type=\"widget\" data-widget_type=\"image.default\">\n\t\t\t\t<div class=\"elementor-widget-container\">\n\t\t\t\t\t\t\t\t\t\t\t\t\t\t\t\t<a href=\"https:\/\/fr.uci.org\/\" target=\"_blank\">\n\t\t\t\t\t\t\t<img decoding=\"async\" src=\"https:\/\/alpinecup.com\/wp-content\/uploads\/elementor\/thumbs\/LOGO-UCI-300-r0pp473l5p4hnvr4hua0643fhi0uu8fligrkj4lcyw.png\" title=\"LOGO-UCI-300\" alt=\"LOGO-UCI-300\" loading=\"lazy\" \/>\t\t\t\t\t\t\t\t<\/a>\n\t\t\t\t\t\t\t\t\t\t\t\t\t\t\t<\/div>\n\t\t\t\t<\/div>\n\t\t\t\t<\/div>\n\t\t\t\t<div class=\"elementor-element elementor-element-178f573 elementor-widget-divider--view-line_text elementor-widget-divider--element-align-center elementor-widget elementor-widget-divider\" data-id=\"178f573\" data-element_type=\"widget\" data-e-type=\"widget\" data-widget_type=\"divider.default\">\n\t\t\t\t<div class=\"elementor-widget-container\">\n\t\t\t\t\t\t\t<div class=\"elementor-divider\">\n\t\t\t<span class=\"elementor-divider-separator\">\n\t\t\t\t\t\t\t<span class=\"elementor-divider__text elementor-divider__element\">\n\t\t\t\twww.alpinecup.com\t\t\t\t<\/span>\n\t\t\t\t\t\t<\/span>\n\t\t<\/div>\n\t\t\t\t\t\t<\/div>\n\t\t\t\t<\/div>\n\t\t\t\t<\/div>\n\t\t\t\t\t<\/div>\n\t\t\t\t<\/footer>\n\t\t\t\t<\/footer>\n\t\t<\/div>\n\t\t\t\t\t\t<\/div>\n\t\t\t\t<\/div>\n\t\t\t\t\t<\/div>\n\t\t\t\t<\/div>\n\t\t\t\t<\/div>\n\t\t","protected":false},"excerpt":{"rendered":"<p>00D\u00cdAS 00HORAS 00ACTAS JURA BIKE MARAT\u00d3N Etapa 1 &#8211; Domingo 18 de mayo de 2025 \u00a1NOVEDADES EN 2025! \u00a1Este a\u00f1o introducimos nuevos formatos de distancia! La Copa de los Alpes se abre a distancias m\u00e1s cortas que las hist\u00f3ricas Grand Raid, MB Race y La Foresti\u00e8re. Si quieres participar en estas carreras en distancias m\u00e1s [&hellip;]<\/p>\n","protected":false},"author":1,"featured_media":0,"parent":0,"menu_order":0,"comment_status":"closed","ping_status":"closed","template":"elementor_canvas","meta":{"footnotes":""},"folder":[],"class_list":["post-3710","page","type-page","status-publish","hentry"],"yoast_head":"<!-- This site is optimized with the Yoast SEO plugin v27.5 - https:\/\/yoast.com\/product\/yoast-seo-wordpress\/ -->\n<title>Inicio-Reto-MTB-Copa alpina - Copiar - MTB ALPINE CUP<\/title>\n<meta name=\"robots\" content=\"index, follow, max-snippet:-1, max-image-preview:large, max-video-preview:-1\" \/>\n<link rel=\"canonical\" href=\"https:\/\/alpinecup.com\/es\/inicio-reto-mtb-copa-alpina-copiar\/\" \/>\n<meta property=\"og:locale\" content=\"es_ES\" \/>\n<meta property=\"og:type\" content=\"article\" \/>\n<meta property=\"og:title\" content=\"Inicio-Reto-MTB-Copa alpina - Copiar - MTB ALPINE CUP\" \/>\n<meta property=\"og:description\" content=\"00D\u00cdAS 00HORAS 00ACTAS JURA BIKE MARAT\u00d3N Etapa 1 &#8211; Domingo 18 de mayo de 2025 \u00a1NOVEDADES EN 2025! \u00a1Este a\u00f1o introducimos nuevos formatos de distancia! La Copa de los Alpes se abre a distancias m\u00e1s cortas que las hist\u00f3ricas Grand Raid, MB Race y La Foresti\u00e8re. Si quieres participar en estas carreras en distancias m\u00e1s [&hellip;]\" \/>\n<meta property=\"og:url\" content=\"https:\/\/alpinecup.com\/es\/inicio-reto-mtb-copa-alpina-copiar\/\" \/>\n<meta property=\"og:site_name\" content=\"MTB ALPINE CUP\" \/>\n<meta property=\"article:modified_time\" content=\"2025-02-03T11:48:23+00:00\" \/>\n<meta property=\"og:image\" content=\"https:\/\/alpinecup.com\/wp-content\/uploads\/2025\/01\/LOGO-ALPINE-CUP-FOND-NOIR-rond.png\" \/>\n<meta name=\"twitter:card\" content=\"summary_large_image\" \/>\n<meta name=\"twitter:label1\" content=\"Tiempo de lectura\" \/>\n\t<meta name=\"twitter:data1\" content=\"2 minutos\" \/>\n<script type=\"application\/ld+json\" class=\"yoast-schema-graph\">{\"@context\":\"https:\\\/\\\/schema.org\",\"@graph\":[{\"@type\":\"WebPage\",\"@id\":\"https:\\\/\\\/alpinecup.com\\\/es\\\/inicio-reto-mtb-copa-alpina-copiar\\\/\",\"url\":\"https:\\\/\\\/alpinecup.com\\\/es\\\/inicio-reto-mtb-copa-alpina-copiar\\\/\",\"name\":\"Inicio-Reto-MTB-Copa alpina - Copiar - MTB ALPINE CUP\",\"isPartOf\":{\"@id\":\"https:\\\/\\\/alpinecup.com\\\/es\\\/#website\"},\"primaryImageOfPage\":{\"@id\":\"https:\\\/\\\/alpinecup.com\\\/es\\\/inicio-reto-mtb-copa-alpina-copiar\\\/#primaryimage\"},\"image\":{\"@id\":\"https:\\\/\\\/alpinecup.com\\\/es\\\/inicio-reto-mtb-copa-alpina-copiar\\\/#primaryimage\"},\"thumbnailUrl\":\"https:\\\/\\\/alpinecup.com\\\/wp-content\\\/uploads\\\/2025\\\/01\\\/LOGO-ALPINE-CUP-FOND-NOIR-rond.png\",\"datePublished\":\"2025-01-10T10:22:29+00:00\",\"dateModified\":\"2025-02-03T11:48:23+00:00\",\"breadcrumb\":{\"@id\":\"https:\\\/\\\/alpinecup.com\\\/es\\\/inicio-reto-mtb-copa-alpina-copiar\\\/#breadcrumb\"},\"inLanguage\":\"es\",\"potentialAction\":[{\"@type\":\"ReadAction\",\"target\":[\"https:\\\/\\\/alpinecup.com\\\/es\\\/inicio-reto-mtb-copa-alpina-copiar\\\/\"]}]},{\"@type\":\"ImageObject\",\"inLanguage\":\"es\",\"@id\":\"https:\\\/\\\/alpinecup.com\\\/es\\\/inicio-reto-mtb-copa-alpina-copiar\\\/#primaryimage\",\"url\":\"https:\\\/\\\/alpinecup.com\\\/wp-content\\\/uploads\\\/2025\\\/01\\\/LOGO-ALPINE-CUP-FOND-NOIR-rond.png\",\"contentUrl\":\"https:\\\/\\\/alpinecup.com\\\/wp-content\\\/uploads\\\/2025\\\/01\\\/LOGO-ALPINE-CUP-FOND-NOIR-rond.png\"},{\"@type\":\"BreadcrumbList\",\"@id\":\"https:\\\/\\\/alpinecup.com\\\/es\\\/inicio-reto-mtb-copa-alpina-copiar\\\/#breadcrumb\",\"itemListElement\":[{\"@type\":\"ListItem\",\"position\":1,\"name\":\"Accueil\",\"item\":\"https:\\\/\\\/alpinecup.com\\\/es\\\/inicio-reto-mtb-alpine-copa\\\/\"},{\"@type\":\"ListItem\",\"position\":2,\"name\":\"Inicio-Reto-MTB-Copa alpina &#8211; Copiar\"}]},{\"@type\":\"WebSite\",\"@id\":\"https:\\\/\\\/alpinecup.com\\\/es\\\/#website\",\"url\":\"https:\\\/\\\/alpinecup.com\\\/es\\\/\",\"name\":\"MTB ALPINE CUP\",\"description\":\"Un beau d&eacute;fi VTT\",\"potentialAction\":[{\"@type\":\"SearchAction\",\"target\":{\"@type\":\"EntryPoint\",\"urlTemplate\":\"https:\\\/\\\/alpinecup.com\\\/es\\\/?s={search_term_string}\"},\"query-input\":{\"@type\":\"PropertyValueSpecification\",\"valueRequired\":true,\"valueName\":\"search_term_string\"}}],\"inLanguage\":\"es\"}]}<\/script>\n<!-- \/ Yoast SEO plugin. -->","yoast_head_json":{"title":"Inicio-Reto-MTB-Copa alpina - Copiar - MTB ALPINE CUP","robots":{"index":"index","follow":"follow","max-snippet":"max-snippet:-1","max-image-preview":"max-image-preview:large","max-video-preview":"max-video-preview:-1"},"canonical":"https:\/\/alpinecup.com\/es\/inicio-reto-mtb-copa-alpina-copiar\/","og_locale":"es_ES","og_type":"article","og_title":"Inicio-Reto-MTB-Copa alpina - Copiar - MTB ALPINE CUP","og_description":"00D\u00cdAS 00HORAS 00ACTAS JURA BIKE MARAT\u00d3N Etapa 1 &#8211; Domingo 18 de mayo de 2025 \u00a1NOVEDADES EN 2025! \u00a1Este a\u00f1o introducimos nuevos formatos de distancia! La Copa de los Alpes se abre a distancias m\u00e1s cortas que las hist\u00f3ricas Grand Raid, MB Race y La Foresti\u00e8re. Si quieres participar en estas carreras en distancias m\u00e1s [&hellip;]","og_url":"https:\/\/alpinecup.com\/es\/inicio-reto-mtb-copa-alpina-copiar\/","og_site_name":"MTB ALPINE CUP","article_modified_time":"2025-02-03T11:48:23+00:00","og_image":[{"url":"https:\/\/alpinecup.com\/wp-content\/uploads\/2025\/01\/LOGO-ALPINE-CUP-FOND-NOIR-rond.png","type":"","width":"","height":""}],"twitter_card":"summary_large_image","twitter_misc":{"Tiempo de lectura":"2 minutos"},"schema":{"@context":"https:\/\/schema.org","@graph":[{"@type":"WebPage","@id":"https:\/\/alpinecup.com\/es\/inicio-reto-mtb-copa-alpina-copiar\/","url":"https:\/\/alpinecup.com\/es\/inicio-reto-mtb-copa-alpina-copiar\/","name":"Inicio-Reto-MTB-Copa alpina - Copiar - MTB ALPINE CUP","isPartOf":{"@id":"https:\/\/alpinecup.com\/es\/#website"},"primaryImageOfPage":{"@id":"https:\/\/alpinecup.com\/es\/inicio-reto-mtb-copa-alpina-copiar\/#primaryimage"},"image":{"@id":"https:\/\/alpinecup.com\/es\/inicio-reto-mtb-copa-alpina-copiar\/#primaryimage"},"thumbnailUrl":"https:\/\/alpinecup.com\/wp-content\/uploads\/2025\/01\/LOGO-ALPINE-CUP-FOND-NOIR-rond.png","datePublished":"2025-01-10T10:22:29+00:00","dateModified":"2025-02-03T11:48:23+00:00","breadcrumb":{"@id":"https:\/\/alpinecup.com\/es\/inicio-reto-mtb-copa-alpina-copiar\/#breadcrumb"},"inLanguage":"es","potentialAction":[{"@type":"ReadAction","target":["https:\/\/alpinecup.com\/es\/inicio-reto-mtb-copa-alpina-copiar\/"]}]},{"@type":"ImageObject","inLanguage":"es","@id":"https:\/\/alpinecup.com\/es\/inicio-reto-mtb-copa-alpina-copiar\/#primaryimage","url":"https:\/\/alpinecup.com\/wp-content\/uploads\/2025\/01\/LOGO-ALPINE-CUP-FOND-NOIR-rond.png","contentUrl":"https:\/\/alpinecup.com\/wp-content\/uploads\/2025\/01\/LOGO-ALPINE-CUP-FOND-NOIR-rond.png"},{"@type":"BreadcrumbList","@id":"https:\/\/alpinecup.com\/es\/inicio-reto-mtb-copa-alpina-copiar\/#breadcrumb","itemListElement":[{"@type":"ListItem","position":1,"name":"Accueil","item":"https:\/\/alpinecup.com\/es\/inicio-reto-mtb-alpine-copa\/"},{"@type":"ListItem","position":2,"name":"Inicio-Reto-MTB-Copa alpina &#8211; Copiar"}]},{"@type":"WebSite","@id":"https:\/\/alpinecup.com\/es\/#website","url":"https:\/\/alpinecup.com\/es\/","name":"MTB ALPINE CUP","description":"Un beau d&eacute;fi VTT","potentialAction":[{"@type":"SearchAction","target":{"@type":"EntryPoint","urlTemplate":"https:\/\/alpinecup.com\/es\/?s={search_term_string}"},"query-input":{"@type":"PropertyValueSpecification","valueRequired":true,"valueName":"search_term_string"}}],"inLanguage":"es"}]}},"_links":{"self":[{"href":"https:\/\/alpinecup.com\/es\/wp-json\/wp\/v2\/pages\/3710","targetHints":{"allow":["GET"]}}],"collection":[{"href":"https:\/\/alpinecup.com\/es\/wp-json\/wp\/v2\/pages"}],"about":[{"href":"https:\/\/alpinecup.com\/es\/wp-json\/wp\/v2\/types\/page"}],"author":[{"embeddable":true,"href":"https:\/\/alpinecup.com\/es\/wp-json\/wp\/v2\/users\/1"}],"replies":[{"embeddable":true,"href":"https:\/\/alpinecup.com\/es\/wp-json\/wp\/v2\/comments?post=3710"}],"version-history":[{"count":1,"href":"https:\/\/alpinecup.com\/es\/wp-json\/wp\/v2\/pages\/3710\/revisions"}],"predecessor-version":[{"id":3713,"href":"https:\/\/alpinecup.com\/es\/wp-json\/wp\/v2\/pages\/3710\/revisions\/3713"}],"wp:attachment":[{"href":"https:\/\/alpinecup.com\/es\/wp-json\/wp\/v2\/media?parent=3710"}],"wp:term":[{"taxonomy":"folder","embeddable":true,"href":"https:\/\/alpinecup.com\/es\/wp-json\/wp\/v2\/folder?post=3710"}],"curies":[{"name":"wp","href":"https:\/\/api.w.org\/{rel}","templated":true}]}}