{"id":3711,"date":"2025-01-10T10:22:29","date_gmt":"2025-01-10T10:22:29","guid":{"rendered":"https:\/\/alpinecup.com\/home-challenge-mtb-alpine-cup-copiare\/"},"modified":"2025-02-03T11:48:22","modified_gmt":"2025-02-03T11:48:22","slug":"home-challenge-mtb-alpine-cup-copiare","status":"publish","type":"page","link":"https:\/\/alpinecup.com\/it\/home-challenge-mtb-alpine-cup-copiare\/","title":{"rendered":"Home-Challenge-MTB-Alpine-Cup &#8211; Copiare"},"content":{"rendered":"\t\t<div data-elementor-type=\"wp-page\" data-elementor-id=\"3711\" class=\"elementor elementor-3711\" data-elementor-post-type=\"page\">\n\t\t\t\t<div class=\"elementor-element elementor-element-5a92de6 e-flex e-con-boxed e-con e-parent\" data-id=\"5a92de6\" data-element_type=\"container\" data-e-type=\"container\">\n\t\t\t\t\t<div class=\"e-con-inner\">\n\t\t\t\t<div class=\"elementor-element elementor-element-a85ae17 elementor-widget elementor-widget-shortcode\" data-id=\"a85ae17\" data-element_type=\"widget\" data-e-type=\"widget\" data-widget_type=\"shortcode.default\">\n\t\t\t\t<div class=\"elementor-widget-container\">\n\t\t\t\t\t\t\t<div class=\"elementor-shortcode\">\t\t<div data-elementor-type=\"container\" data-elementor-id=\"3226\" class=\"elementor elementor-3226 elementor-838 elementor-838\" data-elementor-post-type=\"elementor_library\">\n\t\t\t\t<div class=\"elementor-element elementor-element-fc72ca8 e-grid elementor-hidden-desktop e-con-boxed e-con e-parent\" data-id=\"fc72ca8\" data-element_type=\"container\" data-e-type=\"container\" data-settings=\"{&quot;sticky&quot;:&quot;top&quot;,&quot;sticky_on&quot;:[&quot;desktop&quot;,&quot;tablet&quot;,&quot;mobile&quot;],&quot;sticky_offset&quot;:0,&quot;sticky_effects_offset&quot;:0,&quot;sticky_anchor_link_offset&quot;:0}\">\n\t\t\t\t\t<div class=\"e-con-inner\">\n\t\t\t\t<div class=\"elementor-element elementor-element-63ec8ec elementor-widget elementor-widget-image\" data-id=\"63ec8ec\" data-element_type=\"widget\" data-e-type=\"widget\" data-widget_type=\"image.default\">\n\t\t\t\t<div class=\"elementor-widget-container\">\n\t\t\t\t\t\t\t\t\t\t\t\t\t\t\t<img decoding=\"async\" width=\"150\" height=\"150\" src=\"https:\/\/alpinecup.com\/wp-content\/uploads\/2025\/01\/LOGO-ALPINE-CUP-FOND-NOIR3-150x150.png\" class=\"attachment-thumbnail size-thumbnail wp-image-2290\" alt=\"\" \/>\t\t\t\t\t\t\t\t\t\t\t\t\t\t\t<\/div>\n\t\t\t\t<\/div>\n\t\t\t\t<div class=\"elementor-element elementor-element-3761855 elementor-nav-menu__align-justify elementor-nav-menu--dropdown-mobile elementor-nav-menu--stretch elementor-nav-menu__text-align-center elementor-nav-menu--toggle elementor-nav-menu--burger elementor-widget elementor-widget-nav-menu\" data-id=\"3761855\" data-element_type=\"widget\" data-e-type=\"widget\" data-settings=\"{&quot;full_width&quot;:&quot;stretch&quot;,&quot;layout&quot;:&quot;horizontal&quot;,&quot;submenu_icon&quot;:{&quot;value&quot;:&quot;&lt;svg aria-hidden=\\&quot;true\\&quot; class=\\&quot;e-font-icon-svg e-fas-caret-down\\&quot; viewBox=\\&quot;0 0 320 512\\&quot; xmlns=\\&quot;http:\\\/\\\/www.w3.org\\\/2000\\\/svg\\&quot;&gt;&lt;path d=\\&quot;M31.3 192h257.3c17.8 0 26.7 21.5 14.1 34.1L174.1 354.8c-7.8 7.8-20.5 7.8-28.3 0L17.2 226.1C4.6 213.5 13.5 192 31.3 192z\\&quot;&gt;&lt;\\\/path&gt;&lt;\\\/svg&gt;&quot;,&quot;library&quot;:&quot;fa-solid&quot;},&quot;toggle&quot;:&quot;burger&quot;}\" data-widget_type=\"nav-menu.default\">\n\t\t\t\t<div class=\"elementor-widget-container\">\n\t\t\t\t\t\t\t\t<nav aria-label=\"Menu\" class=\"elementor-nav-menu--main elementor-nav-menu__container elementor-nav-menu--layout-horizontal e--pointer-underline e--animation-fade\">\n\t\t\t\t<ul id=\"menu-1-3761855\" class=\"elementor-nav-menu\"><li class=\"menu-item menu-item-type-post_type menu-item-object-page menu-item-home menu-item-3346\"><a href=\"https:\/\/alpinecup.com\/it\/\" class=\"elementor-item\">Homepage<\/a><\/li>\n<li class=\"menu-item menu-item-type-custom menu-item-object-custom menu-item-has-children menu-item-3347\"><a class=\"elementor-item\">Eventi<\/a>\n<ul class=\"sub-menu elementor-nav-menu--dropdown\">\n\t<li class=\"menu-item menu-item-type-post_type menu-item-object-page menu-item-3348\"><a href=\"https:\/\/alpinecup.com\/it\/giura-bike-maratona-vallorbe\/\" class=\"elementor-sub-item\">Jura Bike Marathon<\/a><\/li>\n\t<li class=\"menu-item menu-item-type-post_type menu-item-object-page menu-item-3349\"><a href=\"https:\/\/alpinecup.com\/it\/mb-race-combloux-megeve\/\" class=\"elementor-sub-item\">MB Race<\/a><\/li>\n\t<li class=\"menu-item menu-item-type-post_type menu-item-object-page menu-item-3350\"><a href=\"https:\/\/alpinecup.com\/it\/grand-raid-bcvs-verbier-grimentz\/\" class=\"elementor-sub-item\">Grand Raid BCVS<\/a><\/li>\n\t<li class=\"menu-item menu-item-type-post_type menu-item-object-page menu-item-3351\"><a href=\"https:\/\/alpinecup.com\/it\/foresta-marathon-mountain-bike-arbent\/\" class=\"elementor-sub-item\">La Foresti\u00e8re<\/a><\/li>\n<\/ul>\n<\/li>\n<\/ul>\t\t\t<\/nav>\n\t\t\t\t\t<div class=\"elementor-menu-toggle\" role=\"button\" tabindex=\"0\" aria-label=\"Menu di commutazione\" aria-expanded=\"false\">\n\t\t\t<svg aria-hidden=\"true\" role=\"presentation\" class=\"elementor-menu-toggle__icon--open e-font-icon-svg e-eicon-menu-bar\" viewBox=\"0 0 1000 1000\" xmlns=\"http:\/\/www.w3.org\/2000\/svg\"><path d=\"M104 333H896C929 333 958 304 958 271S929 208 896 208H104C71 208 42 237 42 271S71 333 104 333ZM104 583H896C929 583 958 554 958 521S929 458 896 458H104C71 458 42 487 42 521S71 583 104 583ZM104 833H896C929 833 958 804 958 771S929 708 896 708H104C71 708 42 737 42 771S71 833 104 833Z\"><\/path><\/svg><svg aria-hidden=\"true\" role=\"presentation\" class=\"elementor-menu-toggle__icon--close e-font-icon-svg e-eicon-close\" viewBox=\"0 0 1000 1000\" xmlns=\"http:\/\/www.w3.org\/2000\/svg\"><path d=\"M742 167L500 408 258 167C246 154 233 150 217 150 196 150 179 158 167 167 154 179 150 196 150 212 150 229 154 242 171 254L408 500 167 742C138 771 138 800 167 829 196 858 225 858 254 829L496 587 738 829C750 842 767 846 783 846 800 846 817 842 829 829 842 817 846 804 846 783 846 767 842 750 829 737L588 500 833 258C863 229 863 200 833 171 804 137 775 137 742 167Z\"><\/path><\/svg>\t\t<\/div>\n\t\t\t\t\t<nav class=\"elementor-nav-menu--dropdown elementor-nav-menu__container\" aria-hidden=\"true\">\n\t\t\t\t<ul id=\"menu-2-3761855\" class=\"elementor-nav-menu\"><li class=\"menu-item menu-item-type-post_type menu-item-object-page menu-item-home menu-item-3346\"><a href=\"https:\/\/alpinecup.com\/it\/\" class=\"elementor-item\" tabindex=\"-1\">Homepage<\/a><\/li>\n<li class=\"menu-item menu-item-type-custom menu-item-object-custom menu-item-has-children menu-item-3347\"><a class=\"elementor-item\" tabindex=\"-1\">Eventi<\/a>\n<ul class=\"sub-menu elementor-nav-menu--dropdown\">\n\t<li class=\"menu-item menu-item-type-post_type menu-item-object-page menu-item-3348\"><a href=\"https:\/\/alpinecup.com\/it\/giura-bike-maratona-vallorbe\/\" class=\"elementor-sub-item\" tabindex=\"-1\">Jura Bike Marathon<\/a><\/li>\n\t<li class=\"menu-item menu-item-type-post_type menu-item-object-page menu-item-3349\"><a href=\"https:\/\/alpinecup.com\/it\/mb-race-combloux-megeve\/\" class=\"elementor-sub-item\" tabindex=\"-1\">MB Race<\/a><\/li>\n\t<li class=\"menu-item menu-item-type-post_type menu-item-object-page menu-item-3350\"><a href=\"https:\/\/alpinecup.com\/it\/grand-raid-bcvs-verbier-grimentz\/\" class=\"elementor-sub-item\" tabindex=\"-1\">Grand Raid BCVS<\/a><\/li>\n\t<li class=\"menu-item menu-item-type-post_type menu-item-object-page menu-item-3351\"><a href=\"https:\/\/alpinecup.com\/it\/foresta-marathon-mountain-bike-arbent\/\" class=\"elementor-sub-item\" tabindex=\"-1\">La Foresti\u00e8re<\/a><\/li>\n<\/ul>\n<\/li>\n<\/ul>\t\t\t<\/nav>\n\t\t\t\t\t\t<\/div>\n\t\t\t\t<\/div>\n\t\t\t\t\t<\/div>\n\t\t\t\t<\/div>\n\t\t\t\t<\/div>\n\t\t<\/div>\n\t\t\t\t\t\t<\/div>\n\t\t\t\t<\/div>\n\t\t\t\t\t<\/div>\n\t\t\t\t<\/div>\n\t\t<div class=\"elementor-element elementor-element-6307e40 e-flex e-con-boxed e-con e-parent\" data-id=\"6307e40\" data-element_type=\"container\" data-e-type=\"container\">\n\t\t\t\t\t<div class=\"e-con-inner\">\n\t\t<div class=\"elementor-element elementor-element-674707e e-flex e-con-boxed e-con e-child\" data-id=\"674707e\" data-element_type=\"container\" data-e-type=\"container\" data-settings=\"{&quot;background_background&quot;:&quot;slideshow&quot;,&quot;background_slideshow_gallery&quot;:[{&quot;id&quot;:57,&quot;url&quot;:&quot;https:\\\/\\\/alpinecup.com\\\/wp-content\\\/uploads\\\/2024\\\/12\\\/MB-RACE-RAPILLARD.jpg&quot;},{&quot;id&quot;:58,&quot;url&quot;:&quot;https:\\\/\\\/alpinecup.com\\\/wp-content\\\/uploads\\\/2024\\\/12\\\/PHOTO-GRAND-RAID-BCVS.jpg&quot;},{&quot;id&quot;:188,&quot;url&quot;:&quot;https:\\\/\\\/alpinecup.com\\\/wp-content\\\/uploads\\\/2025\\\/01\\\/Forestiere-2021-HD-cprght-O-Beart-Vojomag-2-scaled.webp&quot;},{&quot;id&quot;:304,&quot;url&quot;:&quot;https:\\\/\\\/alpinecup.com\\\/wp-content\\\/uploads\\\/2025\\\/01\\\/JURA-BIKE-COUREUR-VTT.webp&quot;}],&quot;background_slideshow_loop&quot;:&quot;yes&quot;,&quot;background_slideshow_slide_duration&quot;:5000,&quot;background_slideshow_slide_transition&quot;:&quot;fade&quot;,&quot;background_slideshow_transition_duration&quot;:500}\">\n\t\t\t\t\t<div class=\"e-con-inner\">\n\t\t<div class=\"elementor-element elementor-element-0f24001 e-con-full e-flex e-con e-child\" data-id=\"0f24001\" data-element_type=\"container\" data-e-type=\"container\">\n\t\t\t\t<div class=\"elementor-element elementor-element-846d87d elementor-widget elementor-widget-image\" data-id=\"846d87d\" data-element_type=\"widget\" data-e-type=\"widget\" data-widget_type=\"image.default\">\n\t\t\t\t<div class=\"elementor-widget-container\">\n\t\t\t\t\t\t\t\t\t\t\t\t\t\t\t<img decoding=\"async\" width=\"184\" height=\"200\" src=\"https:\/\/alpinecup.com\/wp-content\/uploads\/2025\/01\/LOGO-ALPINE-CUP-FOND-NOIR-rond.png\" class=\"attachment-large size-large wp-image-2474\" alt=\"\" \/>\t\t\t\t\t\t\t\t\t\t\t\t\t\t\t<\/div>\n\t\t\t\t<\/div>\n\t\t\t\t<div class=\"elementor-element elementor-element-14d40d1 elementor-widget elementor-widget-image\" data-id=\"14d40d1\" data-element_type=\"widget\" data-e-type=\"widget\" data-widget_type=\"image.default\">\n\t\t\t\t<div class=\"elementor-widget-container\">\n\t\t\t\t\t\t\t\t\t\t\t\t\t\t\t<img decoding=\"async\" src=\"https:\/\/alpinecup.com\/wp-content\/uploads\/elementor\/thumbs\/LOGO-UCI-300-r0pp473l5p4hnvr4hua0643fhi0uu8fligrkj4lcyw.png\" title=\"LOGO-UCI-300\" alt=\"LOGO-UCI-300\" loading=\"lazy\" \/>\t\t\t\t\t\t\t\t\t\t\t\t\t\t\t<\/div>\n\t\t\t\t<\/div>\n\t\t\t\t<\/div>\n\t\t\t\t\t<\/div>\n\t\t\t\t<\/div>\n\t\t\t\t\t<\/div>\n\t\t\t\t<\/div>\n\t\t<div class=\"elementor-element elementor-element-f771ba5 e-flex e-con-boxed e-con e-parent\" data-id=\"f771ba5\" data-element_type=\"container\" data-e-type=\"container\" data-settings=\"{&quot;background_background&quot;:&quot;classic&quot;}\">\n\t\t\t\t\t<div class=\"e-con-inner\">\n\t\t\t\t<div class=\"elementor-element elementor-element-2972670 elementor-widget elementor-widget-eael-countdown\" data-id=\"2972670\" data-element_type=\"widget\" data-e-type=\"widget\" data-widget_type=\"eael-countdown.default\">\n\t\t\t\t<div class=\"elementor-widget-container\">\n\t\t\t\t\t\n\t\t<div class=\"eael-countdown-wrapper\" data-countdown-id=\"2972670\" data-expire-type=\"none\" data-countdown-type=\"due_date\">\n\t\t\t<div class=\"eael-countdown-container eael-countdown-label-block   \">\n                                    <ul id=\"eael-countdown-2972670\" class=\"eael-countdown-items\" data-date=\"May 18 2025 0:00:00 +0\">\n                        <li class=\"eael-countdown-item\"><div class=\"eael-countdown-days\"><span data-days class=\"eael-countdown-digits\">00<\/span><span class=\"eael-countdown-label\">GIORNI<\/span><\/div><\/li>                        <li class=\"eael-countdown-item\"><div class=\"eael-countdown-hours\"><span data-hours class=\"eael-countdown-digits\">00<\/span><span class=\"eael-countdown-label\">ORE<\/span><\/div><\/li>                        <li class=\"eael-countdown-item\"><div class=\"eael-countdown-minutes\"><span data-minutes class=\"eael-countdown-digits\">00<\/span><span class=\"eael-countdown-label\">MINUTI<\/span><\/div><\/li>                                            <\/ul>\n                    <div class=\"eael-countdown-expiry-template\" style=\"display: none;\">\n                                            <\/div>\n               \n\t\t\t    <div class=\"clearfix\"><\/div>\n\t\t\t<\/div>\n\t\t<\/div>\n\n\t\t\t\t\t<\/div>\n\t\t\t\t<\/div>\n\t\t\t\t<div class=\"elementor-element elementor-element-293cd07 elementor-align-center elementor-widget elementor-widget-button\" data-id=\"293cd07\" data-element_type=\"widget\" data-e-type=\"widget\" data-widget_type=\"button.default\">\n\t\t\t\t<div class=\"elementor-widget-container\">\n\t\t\t\t\t\t\t\t\t<div class=\"elementor-button-wrapper\">\n\t\t\t\t\t<a class=\"elementor-button elementor-button-link elementor-size-sm\" href=\"https:\/\/alpinecup.com\/it\/giura-bike-maratona-vallorbe\/\">\n\t\t\t\t\t\t<span class=\"elementor-button-content-wrapper\">\n\t\t\t\t\t\t\t\t\t<span class=\"elementor-button-text\">JURA BIKE MARATHON<\/span>\n\t\t\t\t\t<\/span>\n\t\t\t\t\t<\/a>\n\t\t\t\t<\/div>\n\t\t\t\t\t\t\t\t<\/div>\n\t\t\t\t<\/div>\n\t\t\t\t<div class=\"elementor-element elementor-element-a2db578 elementor-widget elementor-widget-heading\" data-id=\"a2db578\" data-element_type=\"widget\" data-e-type=\"widget\" data-widget_type=\"heading.default\">\n\t\t\t\t<div class=\"elementor-widget-container\">\n\t\t\t\t\t<h5 class=\"elementor-heading-title elementor-size-default\">Tappa 1 - Domenica 18 maggio 2025<\/h5>\t\t\t\t<\/div>\n\t\t\t\t<\/div>\n\t\t\t\t\t<\/div>\n\t\t\t\t<\/div>\n\t\t<div class=\"elementor-element elementor-element-86b1756 e-flex e-con-boxed e-con e-parent\" data-id=\"86b1756\" data-element_type=\"container\" data-e-type=\"container\">\n\t\t\t\t\t<div class=\"e-con-inner\">\n\t\t<div class=\"elementor-element elementor-element-bf4cb69 e-con-full e-flex e-con e-child\" data-id=\"bf4cb69\" data-element_type=\"container\" data-e-type=\"container\">\n\t\t\t\t<div class=\"elementor-element elementor-element-2e860fe elementor-widget elementor-widget-heading\" data-id=\"2e860fe\" data-element_type=\"widget\" data-e-type=\"widget\" data-widget_type=\"heading.default\">\n\t\t\t\t<div class=\"elementor-widget-container\">\n\t\t\t\t\t<h2 class=\"elementor-heading-title elementor-size-default\">LE NOVIT\u00c0 DEL 2025!<\/h2>\t\t\t\t<\/div>\n\t\t\t\t<\/div>\n\t\t\t\t<div class=\"elementor-element elementor-element-ccdfb2d elementor-widget elementor-widget-text-editor\" data-id=\"ccdfb2d\" data-element_type=\"widget\" data-e-type=\"widget\" data-widget_type=\"text-editor.default\">\n\t\t\t\t<div class=\"elementor-widget-container\">\n\t\t\t\t\t\t\t\t\t<p>Quest&#8217;anno stiamo introducendo alcuni nuovi formati di distanza! La Coppa delle Alpi si apre a distanze pi\u00f9 brevi rispetto agli storici Grand Raid, MB Race e La Foresti\u00e8re. Se vuoi partecipare a queste gare su distanze pi\u00f9 brevi, ora \u00e8 possibile! Il numero di punti assegnati dipender\u00e0 dalla distanza percorsa.   <\/p>\n<p>Per la<b> MB Race, potrai scegliere tra 70 km, 100 km o 140 km.<\/b><\/p>\n<p>Per il <b>Grand Raid BCVS, al momento dell&#8217;iscrizione \u00e8 possibile scegliere tra due distanze: 93 km o 125 km<\/b>.<\/p>\n<p>E per la <b>Foresti\u00e8re ci sono due distanze da scegliere al momento dell&#8217;iscrizione: 70 km o 100 km!<\/b><\/p>\n<p>La nuova scala di punti \u00e8 riportata nel regolamento.  <\/p>\n<p>Ora la scelta \u00e8 tua!  <\/p>\n\t\t\t\t\t\t\t\t<\/div>\n\t\t\t\t<\/div>\n\t\t\t\t<\/div>\n\t\t<div class=\"elementor-element elementor-element-9973074 e-con-full e-flex e-con e-child\" data-id=\"9973074\" data-element_type=\"container\" data-e-type=\"container\">\n\t\t\t\t<div class=\"elementor-element elementor-element-2bb2daa elementor-grid-1 elementor-posts--thumbnail-none elementor-posts--align-center elementor-grid-tablet-2 elementor-grid-mobile-1 elementor-widget elementor-widget-posts\" data-id=\"2bb2daa\" data-element_type=\"widget\" data-e-type=\"widget\" data-settings=\"{&quot;classic_columns&quot;:&quot;1&quot;,&quot;classic_columns_tablet&quot;:&quot;2&quot;,&quot;classic_columns_mobile&quot;:&quot;1&quot;,&quot;classic_row_gap&quot;:{&quot;unit&quot;:&quot;px&quot;,&quot;size&quot;:35,&quot;sizes&quot;:[]},&quot;classic_row_gap_tablet&quot;:{&quot;unit&quot;:&quot;px&quot;,&quot;size&quot;:&quot;&quot;,&quot;sizes&quot;:[]},&quot;classic_row_gap_mobile&quot;:{&quot;unit&quot;:&quot;px&quot;,&quot;size&quot;:&quot;&quot;,&quot;sizes&quot;:[]}}\" data-widget_type=\"posts.classic\">\n\t\t\t\t<div class=\"elementor-widget-container\">\n\t\t\t\t\t\t\t<div class=\"elementor-posts-container elementor-posts elementor-posts--skin-classic elementor-grid\" role=\"list\">\n\t\t\t\t<article class=\"elementor-post elementor-grid-item post-4476 post type-post status-publish format-standard has-post-thumbnail hentry category-non-categorizzato\" role=\"listitem\">\n\t\t\t\t<div class=\"elementor-post__text\">\n\t\t\t\t<h3 class=\"elementor-post__title\">\n\t\t\t<a href=\"https:\/\/alpinecup.com\/it\/focus-su-forestiere-2026\/\" >\n\t\t\t\tFocus su Foresti\u00e8re 2026\t\t\t<\/a>\n\t\t<\/h3>\n\t\t\t\t<div class=\"elementor-post__meta-data\">\n\t\t\t\t\t<span class=\"elementor-post-date\">\n\t\t\t28 Aprile 2026\t\t<\/span>\n\t\t\t\t<\/div>\n\t\t\t\t<div class=\"elementor-post__excerpt\">\n\t\t\t<p>Focus su La Foresti\u00e8re 2026 Evento conclusivo della sfida MTB Alpine Cup, la Foresti\u00e8re sar\u00e0 anche la sede dei Campionati francesi Elite e Masters XCM<\/p>\n\t\t<\/div>\n\t\t\n\t\t<a class=\"elementor-post__read-more\" href=\"https:\/\/alpinecup.com\/it\/focus-su-forestiere-2026\/\" aria-label=\"Leggi tutto Focus su Foresti\u00e8re 2026\" tabindex=\"-1\" >\n\t\t\tLeggi l'articolo \"\t\t<\/a>\n\n\t\t\t\t<\/div>\n\t\t\t\t<\/article>\n\t\t\t\t<article class=\"elementor-post elementor-grid-item post-4447 post type-post status-publish format-standard has-post-thumbnail hentry category-non-categorizzato\" role=\"listitem\">\n\t\t\t\t<div class=\"elementor-post__text\">\n\t\t\t\t<h3 class=\"elementor-post__title\">\n\t\t\t<a href=\"https:\/\/alpinecup.com\/it\/sono-aperte-le-iscrizioni-per-il-2026-copia\/\" >\n\t\t\t\tPassaggi chiave della Somfy MB Ultra 2026\t\t\t<\/a>\n\t\t<\/h3>\n\t\t\t\t<div class=\"elementor-post__meta-data\">\n\t\t\t\t\t<span class=\"elementor-post-date\">\n\t\t\t13 Aprile 2026\t\t<\/span>\n\t\t\t\t<\/div>\n\t\t\t\t<div class=\"elementor-post__excerpt\">\n\t\t\t<p>Passaggi chiave della Somfy MB Ultra 2026 La Somfy MB Ultra, evento di punta della MB Race e seconda prova della sfida MTB Alpine Cup,<\/p>\n\t\t<\/div>\n\t\t\n\t\t<a class=\"elementor-post__read-more\" href=\"https:\/\/alpinecup.com\/it\/sono-aperte-le-iscrizioni-per-il-2026-copia\/\" aria-label=\"Leggi tutto Passaggi chiave della Somfy MB Ultra 2026\" tabindex=\"-1\" >\n\t\t\tLeggi l'articolo \"\t\t<\/a>\n\n\t\t\t\t<\/div>\n\t\t\t\t<\/article>\n\t\t\t\t<article class=\"elementor-post elementor-grid-item post-4425 post type-post status-publish format-standard has-post-thumbnail hentry category-non-categorizzato\" role=\"listitem\">\n\t\t\t\t<div class=\"elementor-post__text\">\n\t\t\t\t<h3 class=\"elementor-post__title\">\n\t\t\t<a href=\"https:\/\/alpinecup.com\/it\/focus-sul-percorso-della-jura-bike-marathon\/\" >\n\t\t\t\tFocus sul percorso della Jura Bike Marathon\t\t\t<\/a>\n\t\t<\/h3>\n\t\t\t\t<div class=\"elementor-post__meta-data\">\n\t\t\t\t\t<span class=\"elementor-post-date\">\n\t\t\t7 Aprile 2026\t\t<\/span>\n\t\t\t\t<\/div>\n\t\t\t\t<div class=\"elementor-post__excerpt\">\n\t\t\t<p>La Jura Bike Marathon si svolger\u00e0 quest&#8217;anno domenica 17 maggio 2026. Prima tappa della MTB Alpine Cup Challenge, la Jura Bike Marathon torna nel 2026<\/p>\n\t\t<\/div>\n\t\t\n\t\t<a class=\"elementor-post__read-more\" href=\"https:\/\/alpinecup.com\/it\/focus-sul-percorso-della-jura-bike-marathon\/\" aria-label=\"Leggi tutto Focus sul percorso della Jura Bike Marathon\" tabindex=\"-1\" >\n\t\t\tLeggi l'articolo \"\t\t<\/a>\n\n\t\t\t\t<\/div>\n\t\t\t\t<\/article>\n\t\t\t\t<article class=\"elementor-post elementor-grid-item post-4365 post type-post status-publish format-standard has-post-thumbnail hentry category-non-categorizzato\" role=\"listitem\">\n\t\t\t\t<div class=\"elementor-post__text\">\n\t\t\t\t<h3 class=\"elementor-post__title\">\n\t\t\t<a href=\"https:\/\/alpinecup.com\/it\/medaglie-che-raccontano-la-storia-della-tua-avventura\/\" >\n\t\t\t\tMedaglie che raccontano la storia della tua avventura!\t\t\t<\/a>\n\t\t<\/h3>\n\t\t\t\t<div class=\"elementor-post__meta-data\">\n\t\t\t\t\t<span class=\"elementor-post-date\">\n\t\t\t12 Marzo 2026\t\t<\/span>\n\t\t\t\t<\/div>\n\t\t\t\t<div class=\"elementor-post__excerpt\">\n\t\t\t<p>Ogni tappa della MTB Alpine Cup \u00e8 una vittoria in s\u00e9, e quest&#8217;anno vogliamo celebrare la tua perseveranza con un sistema di medaglie d&#8217;arrivo unico!<\/p>\n\t\t<\/div>\n\t\t\n\t\t<a class=\"elementor-post__read-more\" href=\"https:\/\/alpinecup.com\/it\/medaglie-che-raccontano-la-storia-della-tua-avventura\/\" aria-label=\"Leggi tutto Medaglie che raccontano la storia della tua avventura!\" tabindex=\"-1\" >\n\t\t\tLeggi l'articolo \"\t\t<\/a>\n\n\t\t\t\t<\/div>\n\t\t\t\t<\/article>\n\t\t\t\t<article class=\"elementor-post elementor-grid-item post-4302 post type-post status-publish format-standard has-post-thumbnail hentry category-non-categorizzato\" role=\"listitem\">\n\t\t\t\t<div class=\"elementor-post__text\">\n\t\t\t\t<h3 class=\"elementor-post__title\">\n\t\t\t<a href=\"https:\/\/alpinecup.com\/it\/sono-aperte-le-iscrizioni-per-il-2026\/\" >\n\t\t\t\tSono aperte le iscrizioni per il 2026\t\t\t<\/a>\n\t\t<\/h3>\n\t\t\t\t<div class=\"elementor-post__meta-data\">\n\t\t\t\t\t<span class=\"elementor-post-date\">\n\t\t\t20 Novembre 2025\t\t<\/span>\n\t\t\t\t<\/div>\n\t\t\t\t<div class=\"elementor-post__excerpt\">\n\t\t\t<p>Le iscrizioni sono aperte Le iscrizioni alla sfida MTB Alpine Cup 2026 sono aperte! Se vuoi provare, puoi iscriverti subito! In programma: 4 gare per<\/p>\n\t\t<\/div>\n\t\t\n\t\t<a class=\"elementor-post__read-more\" href=\"https:\/\/alpinecup.com\/it\/sono-aperte-le-iscrizioni-per-il-2026\/\" aria-label=\"Leggi tutto Sono aperte le iscrizioni per il 2026\" tabindex=\"-1\" >\n\t\t\tLeggi l'articolo \"\t\t<\/a>\n\n\t\t\t\t<\/div>\n\t\t\t\t<\/article>\n\t\t\t\t<article class=\"elementor-post elementor-grid-item post-4063 post type-post status-publish format-standard has-post-thumbnail hentry category-non-categorizzato\" role=\"listitem\">\n\t\t\t\t<div class=\"elementor-post__text\">\n\t\t\t\t<h3 class=\"elementor-post__title\">\n\t\t\t<a href=\"https:\/\/alpinecup.com\/it\/la-fine-della-mtb-alpine-cup-2025\/\" >\n\t\t\t\tLa fine della MTB Alpine Cup 2025\t\t\t<\/a>\n\t\t<\/h3>\n\t\t\t\t<div class=\"elementor-post__meta-data\">\n\t\t\t\t\t<span class=\"elementor-post-date\">\n\t\t\t23 Settembre 2025\t\t<\/span>\n\t\t\t\t<\/div>\n\t\t\t\t<div class=\"elementor-post__excerpt\">\n\t\t\t<p>La Foresti\u00e8re si \u00e8 conclusa lo scorso weekend e ora \u00e8 arrivato il momento di concludere la MTB Alpine Cup. Prima di tutto, un grande<\/p>\n\t\t<\/div>\n\t\t\n\t\t<a class=\"elementor-post__read-more\" href=\"https:\/\/alpinecup.com\/it\/la-fine-della-mtb-alpine-cup-2025\/\" aria-label=\"Leggi tutto La fine della MTB Alpine Cup 2025\" tabindex=\"-1\" >\n\t\t\tLeggi l'articolo \"\t\t<\/a>\n\n\t\t\t\t<\/div>\n\t\t\t\t<\/article>\n\t\t\t\t<\/div>\n\t\t\n\t\t\t\t\t\t<\/div>\n\t\t\t\t<\/div>\n\t\t\t\t<div class=\"elementor-element elementor-element-8aa4923 elementor-arrows-position-inside elementor-pagination-position-outside elementor-widget elementor-widget-image-carousel\" data-id=\"8aa4923\" data-element_type=\"widget\" data-e-type=\"widget\" data-settings=\"{&quot;slides_to_show&quot;:&quot;1&quot;,&quot;navigation&quot;:&quot;both&quot;,&quot;autoplay&quot;:&quot;yes&quot;,&quot;pause_on_hover&quot;:&quot;yes&quot;,&quot;pause_on_interaction&quot;:&quot;yes&quot;,&quot;autoplay_speed&quot;:5000,&quot;infinite&quot;:&quot;yes&quot;,&quot;effect&quot;:&quot;slide&quot;,&quot;speed&quot;:500}\" data-widget_type=\"image-carousel.default\">\n\t\t\t\t<div class=\"elementor-widget-container\">\n\t\t\t\t\t\t\t<div class=\"elementor-image-carousel-wrapper swiper\" role=\"region\" aria-roledescription=\"carousel\" aria-label=\"Carrousel d\u2019images\" dir=\"ltr\">\n\t\t\t<div class=\"elementor-image-carousel swiper-wrapper\" aria-live=\"off\">\n\t\t\t\t\t\t\t\t<div class=\"swiper-slide\" role=\"group\" aria-roledescription=\"slide\" aria-label=\"1 di 6\"><figure class=\"swiper-slide-inner\"><img decoding=\"async\" class=\"swiper-slide-image\" src=\"https:\/\/alpinecup.com\/wp-content\/uploads\/2025\/01\/IMG_5704-scaled.webp\" alt=\"\" \/><\/figure><\/div><div class=\"swiper-slide\" role=\"group\" aria-roledescription=\"slide\" aria-label=\"2 di 6\"><figure class=\"swiper-slide-inner\"><img decoding=\"async\" class=\"swiper-slide-image\" src=\"https:\/\/alpinecup.com\/wp-content\/uploads\/2025\/01\/PHOTO-GRAND-RAID-BCVS-SOLEIL-URS-scaled.webp\" alt=\"\" \/><\/figure><\/div><div class=\"swiper-slide\" role=\"group\" aria-roledescription=\"slide\" aria-label=\"3 di 6\"><figure class=\"swiper-slide-inner\"><img decoding=\"async\" class=\"swiper-slide-image\" src=\"https:\/\/alpinecup.com\/wp-content\/uploads\/2025\/01\/Forestiere-2024-Origine-Allard-Groslambert-Copyright-Olivier-Beart-VojoMag-49.jpg\" alt=\"\" \/><\/figure><\/div><div class=\"swiper-slide\" role=\"group\" aria-roledescription=\"slide\" aria-label=\"4 di 6\"><figure class=\"swiper-slide-inner\"><img decoding=\"async\" class=\"swiper-slide-image\" src=\"https:\/\/alpinecup.com\/wp-content\/uploads\/2025\/01\/La-Forestiere-2023-AP-Vojo-1652-2048x1280-1.jpg\" alt=\"\" \/><\/figure><\/div><div class=\"swiper-slide\" role=\"group\" aria-roledescription=\"slide\" aria-label=\"5 di 6\"><figure class=\"swiper-slide-inner\"><img decoding=\"async\" class=\"swiper-slide-image\" src=\"https:\/\/alpinecup.com\/wp-content\/uploads\/2025\/01\/lukaleroy-0246-scaled.jpg\" alt=\"\" \/><\/figure><\/div><div class=\"swiper-slide\" role=\"group\" aria-roledescription=\"slide\" aria-label=\"6 di 6\"><figure class=\"swiper-slide-inner\"><img decoding=\"async\" class=\"swiper-slide-image\" src=\"https:\/\/alpinecup.com\/wp-content\/uploads\/2025\/01\/lukaleroy-07229-scaled.jpg\" alt=\"\" \/><\/figure><\/div>\t\t\t<\/div>\n\t\t\t\t\t\t\t\t\t\t\t\t<div class=\"elementor-swiper-button elementor-swiper-button-prev\" role=\"button\" tabindex=\"0\">\n\t\t\t\t\t\t<svg aria-hidden=\"true\" class=\"e-font-icon-svg e-eicon-chevron-left\" viewBox=\"0 0 1000 1000\" xmlns=\"http:\/\/www.w3.org\/2000\/svg\"><path d=\"M646 125C629 125 613 133 604 142L308 442C296 454 292 471 292 487 292 504 296 521 308 533L604 854C617 867 629 875 646 875 663 875 679 871 692 858 704 846 713 829 713 812 713 796 708 779 692 767L438 487 692 225C700 217 708 204 708 187 708 171 704 154 692 142 675 129 663 125 646 125Z\"><\/path><\/svg>\t\t\t\t\t<\/div>\n\t\t\t\t\t<div class=\"elementor-swiper-button elementor-swiper-button-next\" role=\"button\" tabindex=\"0\">\n\t\t\t\t\t\t<svg aria-hidden=\"true\" class=\"e-font-icon-svg e-eicon-chevron-right\" viewBox=\"0 0 1000 1000\" xmlns=\"http:\/\/www.w3.org\/2000\/svg\"><path d=\"M696 533C708 521 713 504 713 487 713 471 708 454 696 446L400 146C388 133 375 125 354 125 338 125 325 129 313 142 300 154 292 171 292 187 292 204 296 221 308 233L563 492 304 771C292 783 288 800 288 817 288 833 296 850 308 863 321 871 338 875 354 875 371 875 388 867 400 854L696 533Z\"><\/path><\/svg>\t\t\t\t\t<\/div>\n\t\t\t\t\n\t\t\t\t\t\t\t\t\t<div class=\"swiper-pagination\"><\/div>\n\t\t\t\t\t\t\t\t\t<\/div>\n\t\t\t\t\t\t<\/div>\n\t\t\t\t<\/div>\n\t\t\t\t<\/div>\n\t\t\t\t\t<\/div>\n\t\t\t\t<\/div>\n\t\t<div class=\"elementor-element elementor-element-44e702d e-flex e-con-boxed e-con e-parent\" data-id=\"44e702d\" data-element_type=\"container\" data-e-type=\"container\">\n\t\t\t\t\t<div class=\"e-con-inner\">\n\t\t\t\t<div class=\"elementor-element elementor-element-d97a76f elementor-widget elementor-widget-image\" data-id=\"d97a76f\" data-element_type=\"widget\" data-e-type=\"widget\" data-widget_type=\"image.default\">\n\t\t\t\t<div class=\"elementor-widget-container\">\n\t\t\t\t\t\t\t\t\t\t\t\t\t\t\t<img decoding=\"async\" width=\"150\" height=\"150\" src=\"https:\/\/alpinecup.com\/wp-content\/uploads\/2024\/12\/COURONNE-150X150.png\" class=\"attachment-large size-large wp-image-2242\" alt=\"\" \/>\t\t\t\t\t\t\t\t\t\t\t\t\t\t\t<\/div>\n\t\t\t\t<\/div>\n\t\t\t\t<div class=\"elementor-element elementor-element-a0ee591 elementor-testimonial--layout-image_above elementor-testimonial--skin-default elementor-testimonial--align-center elementor-arrows-yes elementor-pagination-type-bullets elementor-widget elementor-widget-testimonial-carousel\" data-id=\"a0ee591\" data-element_type=\"widget\" data-e-type=\"widget\" data-settings=\"{&quot;show_arrows&quot;:&quot;yes&quot;,&quot;pagination&quot;:&quot;bullets&quot;,&quot;speed&quot;:500,&quot;autoplay&quot;:&quot;yes&quot;,&quot;autoplay_speed&quot;:5000,&quot;loop&quot;:&quot;yes&quot;,&quot;pause_on_hover&quot;:&quot;yes&quot;,&quot;pause_on_interaction&quot;:&quot;yes&quot;,&quot;space_between&quot;:{&quot;unit&quot;:&quot;px&quot;,&quot;size&quot;:10,&quot;sizes&quot;:[]},&quot;space_between_tablet&quot;:{&quot;unit&quot;:&quot;px&quot;,&quot;size&quot;:10,&quot;sizes&quot;:[]},&quot;space_between_mobile&quot;:{&quot;unit&quot;:&quot;px&quot;,&quot;size&quot;:10,&quot;sizes&quot;:[]}}\" data-widget_type=\"testimonial-carousel.default\">\n\t\t\t\t<div class=\"elementor-widget-container\">\n\t\t\t\t\t\t\t\t\t<div class=\"elementor-swiper\">\n\t\t\t\t\t<div class=\"elementor-main-swiper swiper\" role=\"region\" aria-roledescription=\"carousel\" aria-label=\"Slides\">\n\t\t\t\t<div class=\"swiper-wrapper\">\n\t\t\t\t\t\t\t\t\t\t\t<div class=\"swiper-slide\" role=\"group\" aria-roledescription=\"slide\">\n\t\t\t\t\t\t\t\t\t<div class=\"elementor-testimonial\">\n\t\t\t\t\t\t\t<div class=\"elementor-testimonial__content\">\n\t\t\t\t\t<div class=\"elementor-testimonial__text\">\n\t\t\t\t\t\t<p>Una grande sfida con 4 magnifiche maratone UCI in programma. \u00c8 un obiettivo per me, e naturalmente punto alla maglia di campione francese. <\/p>\n\t\t\t\t\t<\/div>\n\t\t\t\t\t<cite class=\"elementor-testimonial__cite\"><span class=\"elementor-testimonial__name\">Margot Moshetti<\/span><span class=\"elementor-testimonial__title\">2\u00b0 nel 2024<\/span><\/cite>\t\t\t\t<\/div>\n\t\t\t\t\t\t<div class=\"elementor-testimonial__footer\">\n\t\t\t\t\t\t\t\t\t<div class=\"elementor-testimonial__image\">\n\t\t\t\t\t\t<img decoding=\"async\" src=\"https:\/\/alpinecup.com\/wp-content\/uploads\/2025\/01\/MARGOT-MOSHETTI.jpg\" alt=\"Margot Moshetti\">\n\t\t\t\t\t\t\t\t\t\t\t<\/div>\n\t\t\t\t\t\t\t\t\t\t\t<\/div>\n\t\t<\/div>\n\t\t\t\t\t\t\t\t<\/div>\n\t\t\t\t\t\t\t\t\t\t\t<div class=\"swiper-slide\" role=\"group\" aria-roledescription=\"slide\">\n\t\t\t\t\t\t\t\t\t<div class=\"elementor-testimonial\">\n\t\t\t\t\t\t\t<div class=\"elementor-testimonial__content\">\n\t\t\t\t\t<div class=\"elementor-testimonial__text\">\n\t\t\t\t\t\t<p>Sono il detentore del record della Challenge Alpine Cup con 4 vittorie. \u00c8 un'incredibile sfida sportiva a cui sono particolarmente affezionato, con alcuni eventi di mountain bike UCI molto belli. Un grande ringraziamento agli organizzatori per averci offerto questa grande serie Marathon MTB.  <\/p>\n\t\t\t\t\t<\/div>\n\t\t\t\t\t<cite class=\"elementor-testimonial__cite\"><span class=\"elementor-testimonial__name\">Urs Hubert<\/span><span class=\"elementor-testimonial__title\">Bicicletta del Team Bulls<\/span><\/cite>\t\t\t\t<\/div>\n\t\t\t\t\t\t<div class=\"elementor-testimonial__footer\">\n\t\t\t\t\t\t\t\t\t<div class=\"elementor-testimonial__image\">\n\t\t\t\t\t\t<img decoding=\"async\" src=\"https:\/\/alpinecup.com\/wp-content\/uploads\/2025\/01\/Portrait-urs-Hubert.jpg\" alt=\"Urs Hubert\">\n\t\t\t\t\t\t\t\t\t\t\t<\/div>\n\t\t\t\t\t\t\t\t\t\t\t<\/div>\n\t\t<\/div>\n\t\t\t\t\t\t\t\t<\/div>\n\t\t\t\t\t\t\t\t\t<\/div>\n\t\t\t\t\t\t\t\t\t\t\t\t\t\t\t<div class=\"elementor-swiper-button elementor-swiper-button-prev\" role=\"button\" tabindex=\"0\" aria-label=\"Precedente\">\n\t\t\t\t\t\t\t<svg aria-hidden=\"true\" class=\"e-font-icon-svg e-eicon-chevron-left\" viewBox=\"0 0 1000 1000\" xmlns=\"http:\/\/www.w3.org\/2000\/svg\"><path d=\"M646 125C629 125 613 133 604 142L308 442C296 454 292 471 292 487 292 504 296 521 308 533L604 854C617 867 629 875 646 875 663 875 679 871 692 858 704 846 713 829 713 812 713 796 708 779 692 767L438 487 692 225C700 217 708 204 708 187 708 171 704 154 692 142 675 129 663 125 646 125Z\"><\/path><\/svg>\t\t\t\t\t\t<\/div>\n\t\t\t\t\t\t<div class=\"elementor-swiper-button elementor-swiper-button-next\" role=\"button\" tabindex=\"0\" aria-label=\"Successivo\">\n\t\t\t\t\t\t\t<svg aria-hidden=\"true\" class=\"e-font-icon-svg e-eicon-chevron-right\" viewBox=\"0 0 1000 1000\" xmlns=\"http:\/\/www.w3.org\/2000\/svg\"><path d=\"M696 533C708 521 713 504 713 487 713 471 708 454 696 446L400 146C388 133 375 125 354 125 338 125 325 129 313 142 300 154 292 171 292 187 292 204 296 221 308 233L563 492 304 771C292 783 288 800 288 817 288 833 296 850 308 863 321 871 338 875 354 875 371 875 388 867 400 854L696 533Z\"><\/path><\/svg>\t\t\t\t\t\t<\/div>\n\t\t\t\t\t\t\t\t\t\t\t\t\t\t\t\t<div class=\"swiper-pagination\"><\/div>\n\t\t\t\t\t\t\t\t\t\t\t\t<\/div>\n\t\t\t\t<\/div>\n\t\t\t\t\t\t\t\t<\/div>\n\t\t\t\t<\/div>\n\t\t\t\t<div class=\"elementor-element elementor-element-0c0750c elementor-widget elementor-widget-heading\" data-id=\"0c0750c\" data-element_type=\"widget\" data-e-type=\"widget\" data-widget_type=\"heading.default\">\n\t\t\t\t<div class=\"elementor-widget-container\">\n\t\t\t\t\t<h2 class=\"elementor-heading-title elementor-size-default\">GLI STADI<\/h2>\t\t\t\t<\/div>\n\t\t\t\t<\/div>\n\t\t\t\t\t<\/div>\n\t\t\t\t<\/div>\n\t\t<div class=\"elementor-element elementor-element-152fdf5 e-flex e-con-boxed e-con e-parent\" data-id=\"152fdf5\" data-element_type=\"container\" data-e-type=\"container\">\n\t\t\t\t\t<div class=\"e-con-inner\">\n\t\t<div class=\"elementor-element elementor-element-b2647ad e-con-full e-flex e-con e-child\" data-id=\"b2647ad\" data-element_type=\"container\" data-e-type=\"container\">\n\t\t\t\t<div class=\"elementor-element elementor-element-e89c0bc elementor-widget elementor-widget-eael-image-accordion\" data-id=\"e89c0bc\" data-element_type=\"widget\" data-e-type=\"widget\" data-widget_type=\"eael-image-accordion.default\">\n\t\t\t\t<div class=\"elementor-widget-container\">\n\t\t\t\t\t    <div class=\"eael-img-accordion accordion-direction-horizontal eael-img-accordion-horizontal-align-center eael-img-accordion-vertical-align-center\" id=\"eael-img-accordion-e89c0bc\" data-img-accordion-id=\"e89c0bc\" data-img-accordion-type=\"on-hover\">\n                    \n            <div class=\"eael-image-accordion-hover eael-image-accordion-item\" style=\"background-image: url(https:\/\/alpinecup.com\/wp-content\/uploads\/2025\/01\/JURA-BIKE-COUREUR-VTT-BOUTON.webp);\"  tabindex=\"0\">\n                <div class=\"overlay\">\n                                        <div class=\"overlay-inner \">\n                        <h2 class=\"img-accordion-title\">[SUI]<br>DOMENICA 18 MAGGIO<\/h2>                            <p><p>70 KM<\/p>\n<p>VALLORBE<\/p>\n<\/p>\n                                            <\/div>\n                <\/div>\n            <\/div>\n                <\/div>\n        <style typr=\"text\/css\">\n                    #eael-img-accordion-e89c0bc .eael-image-accordion-hover:hover {\n                        flex: 3 1 0% !important;\n                    }\n                    #eael-img-accordion-e89c0bc .eael-image-accordion-hover:hover:hover .overlay-inner * {\n                        opacity: 1;\n                        visibility: visible;\n                        transform: none;\n                        transition: all .3s .3s;\n                    }\n                <\/style>\t\t\t\t<\/div>\n\t\t\t\t<\/div>\n\t\t\t\t<div class=\"elementor-element elementor-element-10c522d elementor-widget elementor-widget-heading\" data-id=\"10c522d\" data-element_type=\"widget\" data-e-type=\"widget\" data-widget_type=\"heading.default\">\n\t\t\t\t<div class=\"elementor-widget-container\">\n\t\t\t\t\t<h4 class=\"elementor-heading-title elementor-size-default\">BICICLETTA JURA<\/h4>\t\t\t\t<\/div>\n\t\t\t\t<\/div>\n\t\t\t\t<\/div>\n\t\t<div class=\"elementor-element elementor-element-4515abc e-con-full e-flex e-con e-child\" data-id=\"4515abc\" data-element_type=\"container\" data-e-type=\"container\">\n\t\t\t\t<div class=\"elementor-element elementor-element-219f7be elementor-widget elementor-widget-eael-image-accordion\" data-id=\"219f7be\" data-element_type=\"widget\" data-e-type=\"widget\" data-widget_type=\"eael-image-accordion.default\">\n\t\t\t\t<div class=\"elementor-widget-container\">\n\t\t\t\t\t    <div class=\"eael-img-accordion accordion-direction-horizontal eael-img-accordion-horizontal-align-center eael-img-accordion-vertical-align-center\" id=\"eael-img-accordion-219f7be\" data-img-accordion-id=\"219f7be\" data-img-accordion-type=\"on-hover\">\n                    \n            <div class=\"eael-image-accordion-hover eael-image-accordion-item\" style=\"background-image: url(https:\/\/alpinecup.com\/wp-content\/uploads\/2025\/01\/lukaleroy-0246-scaled.webp);\"  tabindex=\"0\">\n                <div class=\"overlay\">\n                                        <div class=\"overlay-inner \">\n                        <h2 class=\"img-accordion-title\">[FR]<br>SABATO 5 LUGLIO<\/h2>                            <p><p>UNA SCELTA<\/p>\n<p>70 KM \/ 100 KM \/ 140 KM<\/p>\n<p>COMBLOUX E MEGEVE<\/p>\n<\/p>\n                                            <\/div>\n                <\/div>\n            <\/div>\n                <\/div>\n        <style typr=\"text\/css\">\n                    #eael-img-accordion-219f7be .eael-image-accordion-hover:hover {\n                        flex: 3 1 0% !important;\n                    }\n                    #eael-img-accordion-219f7be .eael-image-accordion-hover:hover:hover .overlay-inner * {\n                        opacity: 1;\n                        visibility: visible;\n                        transform: none;\n                        transition: all .3s .3s;\n                    }\n                <\/style>\t\t\t\t<\/div>\n\t\t\t\t<\/div>\n\t\t\t\t<div class=\"elementor-element elementor-element-f1728d6 elementor-widget elementor-widget-heading\" data-id=\"f1728d6\" data-element_type=\"widget\" data-e-type=\"widget\" data-widget_type=\"heading.default\">\n\t\t\t\t<div class=\"elementor-widget-container\">\n\t\t\t\t\t<h4 class=\"elementor-heading-title elementor-size-default\">MB RACE<\/h4>\t\t\t\t<\/div>\n\t\t\t\t<\/div>\n\t\t\t\t<\/div>\n\t\t<div class=\"elementor-element elementor-element-dc1ab05 e-con-full e-flex e-con e-child\" data-id=\"dc1ab05\" data-element_type=\"container\" data-e-type=\"container\">\n\t\t\t\t<div class=\"elementor-element elementor-element-371f789 elementor-widget elementor-widget-eael-image-accordion\" data-id=\"371f789\" data-element_type=\"widget\" data-e-type=\"widget\" data-widget_type=\"eael-image-accordion.default\">\n\t\t\t\t<div class=\"elementor-widget-container\">\n\t\t\t\t\t    <div class=\"eael-img-accordion accordion-direction-horizontal eael-img-accordion-horizontal-align-center eael-img-accordion-vertical-align-center\" id=\"eael-img-accordion-371f789\" data-img-accordion-id=\"371f789\" data-img-accordion-type=\"on-hover\">\n                    \n            <div class=\"eael-image-accordion-hover eael-image-accordion-item\" style=\"background-image: url(https:\/\/alpinecup.com\/wp-content\/uploads\/2025\/01\/PHOTO-GRAND-RAID-BCVS-SOLEI-COL-scaled.webp);\"  tabindex=\"0\">\n                <div class=\"overlay\">\n                                        <div class=\"overlay-inner \">\n                        <h2 class=\"img-accordion-title\">[SUI]<br>SABATO 6 SETTEMBRE<\/h2>                            <p><p>UNA SCELTA<\/p>\n<p>93 KM \/ 125 KM<\/p>\n<p>VERBIEZ &#8211; GRIMENTZ<\/p>\n<\/p>\n                                            <\/div>\n                <\/div>\n            <\/div>\n                <\/div>\n        <style typr=\"text\/css\">\n                    #eael-img-accordion-371f789 .eael-image-accordion-hover:hover {\n                        flex: 3 1 0% !important;\n                    }\n                    #eael-img-accordion-371f789 .eael-image-accordion-hover:hover:hover .overlay-inner * {\n                        opacity: 1;\n                        visibility: visible;\n                        transform: none;\n                        transition: all .3s .3s;\n                    }\n                <\/style>\t\t\t\t<\/div>\n\t\t\t\t<\/div>\n\t\t\t\t<div class=\"elementor-element elementor-element-d2703f4 elementor-widget elementor-widget-heading\" data-id=\"d2703f4\" data-element_type=\"widget\" data-e-type=\"widget\" data-widget_type=\"heading.default\">\n\t\t\t\t<div class=\"elementor-widget-container\">\n\t\t\t\t\t<h4 class=\"elementor-heading-title elementor-size-default\">GRANDE RAID<\/h4>\t\t\t\t<\/div>\n\t\t\t\t<\/div>\n\t\t\t\t<\/div>\n\t\t<div class=\"elementor-element elementor-element-c57f0eb e-con-full e-flex e-con e-child\" data-id=\"c57f0eb\" data-element_type=\"container\" data-e-type=\"container\">\n\t\t\t\t<div class=\"elementor-element elementor-element-efd765e elementor-widget elementor-widget-eael-image-accordion\" data-id=\"efd765e\" data-element_type=\"widget\" data-e-type=\"widget\" data-widget_type=\"eael-image-accordion.default\">\n\t\t\t\t<div class=\"elementor-widget-container\">\n\t\t\t\t\t    <div class=\"eael-img-accordion accordion-direction-horizontal eael-img-accordion-horizontal-align-center eael-img-accordion-vertical-align-center\" id=\"eael-img-accordion-efd765e\" data-img-accordion-id=\"efd765e\" data-img-accordion-type=\"on-hover\">\n                    \n            <div class=\"eael-image-accordion-hover eael-image-accordion-item\" style=\"background-image: url(https:\/\/alpinecup.com\/wp-content\/uploads\/2025\/01\/Forestiere-2021-HD-cprght-O-Beart-Vojomag-3-scaled.webp);\"  tabindex=\"0\">\n                <div class=\"overlay\">\n                                        <div class=\"overlay-inner \">\n                        <h2 class=\"img-accordion-title\">[FR]<br>DOMENICA 21 SETTEMBRE<\/h2>                            <p><p>UNA SCELTA<\/p>\n<p>70 KM \/ 100 KM<\/p>\n<p>LES MOUSSIERES &#8211; ARBENT<\/p>\n<\/p>\n                                            <\/div>\n                <\/div>\n            <\/div>\n                <\/div>\n        <style typr=\"text\/css\">\n                    #eael-img-accordion-efd765e .eael-image-accordion-hover:hover {\n                        flex: 3 1 0% !important;\n                    }\n                    #eael-img-accordion-efd765e .eael-image-accordion-hover:hover:hover .overlay-inner * {\n                        opacity: 1;\n                        visibility: visible;\n                        transform: none;\n                        transition: all .3s .3s;\n                    }\n                <\/style>\t\t\t\t<\/div>\n\t\t\t\t<\/div>\n\t\t\t\t<div class=\"elementor-element elementor-element-43e2c93 elementor-widget elementor-widget-heading\" data-id=\"43e2c93\" data-element_type=\"widget\" data-e-type=\"widget\" data-widget_type=\"heading.default\">\n\t\t\t\t<div class=\"elementor-widget-container\">\n\t\t\t\t\t<h4 class=\"elementor-heading-title elementor-size-default\">FORESTIERE<\/h4>\t\t\t\t<\/div>\n\t\t\t\t<\/div>\n\t\t\t\t<\/div>\n\t\t\t\t\t<\/div>\n\t\t\t\t<\/div>\n\t\t<div class=\"elementor-element elementor-element-6cf9de9 e-flex e-con-boxed e-con e-parent\" data-id=\"6cf9de9\" data-element_type=\"container\" data-e-type=\"container\">\n\t\t\t\t\t<div class=\"e-con-inner\">\n\t\t\t\t<div class=\"elementor-element elementor-element-1a5c2b7 elementor-widget elementor-widget-heading\" data-id=\"1a5c2b7\" data-element_type=\"widget\" data-e-type=\"widget\" data-widget_type=\"heading.default\">\n\t\t\t\t<div class=\"elementor-widget-container\">\n\t\t\t\t\t<h4 class=\"elementor-heading-title elementor-size-default\">APPROVATO DALL'UCI\n\n<\/h4>\t\t\t\t<\/div>\n\t\t\t\t<\/div>\n\t\t\t\t<div class=\"elementor-element elementor-element-871a6ea elementor-widget elementor-widget-text-editor\" data-id=\"871a6ea\" data-element_type=\"widget\" data-e-type=\"widget\" data-widget_type=\"text-editor.default\">\n\t\t\t\t<div class=\"elementor-widget-container\">\n\t\t\t\t\t\t\t\t\t<p>La Jura Bike Marathon, la MB Race, il Grand Raid BCVS e la Foresti\u00e8re fanno tutte parte del circuito UCI Marathons. La MTB Alpine Cup non \u00e8 un&#8217;altra Coppa del Mondo, ma piuttosto una sfida che comprende i migliori eventi di maratona MTB in Europa e che permette ai migliori corridori di accumulare punti per qualificarsi ai Campionati del Mondo. <\/p>\n\t\t\t\t\t\t\t\t<\/div>\n\t\t\t\t<\/div>\n\t\t\t\t<div class=\"elementor-element elementor-element-4669a89 elementor-widget elementor-widget-heading\" data-id=\"4669a89\" data-element_type=\"widget\" data-e-type=\"widget\" data-widget_type=\"heading.default\">\n\t\t\t\t<div class=\"elementor-widget-container\">\n\t\t\t\t\t<h4 class=\"elementor-heading-title elementor-size-default\">CHI SAR\u00c0 IL RE E CHI LA REGINA?\n\n<\/h4>\t\t\t\t<\/div>\n\t\t\t\t<\/div>\n\t\t\t\t<div class=\"elementor-element elementor-element-f3043fb elementor-widget elementor-widget-text-editor\" data-id=\"f3043fb\" data-element_type=\"widget\" data-e-type=\"widget\" data-widget_type=\"text-editor.default\">\n\t\t\t\t<div class=\"elementor-widget-container\">\n\t\t\t\t\t\t\t\t\t<p>Questa sfida spinge i limiti ancora pi\u00f9 in l\u00e0! I ciclisti combatteranno 4 battaglie per cercare di conquistare il trono e diventare il re o la regina della MTB Alpine Cup Challenge. Con oltre 430 km e 17.600 m di dislivello in questi 4 eventi, la MTB Alpine Cup \u00e8 una sfida straordinaria.  <\/p>\n<p>Come nei tornei del Grande Slam di tennis, i leader difenderanno le loro corone in ogni tappa, mentre il vincitore finale sar\u00e0 deciso alla fine della Foresti\u00e8re, l&#8217;ultima tappa della sfida. La classifica si baser\u00e0 sul numero di punti ottenuti nelle 4 gare. Per congratularsi di queste prestazioni eccezionali, i &#8220;re&#8221; della maratona di mountain bike saranno premiati con un interessante premio in denaro e un trofeo.  <\/p>\n\t\t\t\t\t\t\t\t<\/div>\n\t\t\t\t<\/div>\n\t\t\t\t<div class=\"elementor-element elementor-element-69f7b0d elementor-widget-divider--view-line_text elementor-widget-divider--element-align-center elementor-widget elementor-widget-divider\" data-id=\"69f7b0d\" data-element_type=\"widget\" data-e-type=\"widget\" data-widget_type=\"divider.default\">\n\t\t\t\t<div class=\"elementor-widget-container\">\n\t\t\t\t\t\t\t<div class=\"elementor-divider\">\n\t\t\t<span class=\"elementor-divider-separator\">\n\t\t\t\t\t\t\t<span class=\"elementor-divider__text elementor-divider__element\">\n\t\t\t\tNOTIZIE\t\t\t\t<\/span>\n\t\t\t\t\t\t<\/span>\n\t\t<\/div>\n\t\t\t\t\t\t<\/div>\n\t\t\t\t<\/div>\n\t\t\t\t<div class=\"elementor-element elementor-element-b0d094c elementor-grid-3 elementor-grid-tablet-2 elementor-grid-mobile-1 elementor-posts--thumbnail-top elementor-widget elementor-widget-posts\" data-id=\"b0d094c\" data-element_type=\"widget\" data-e-type=\"widget\" data-settings=\"{&quot;classic_columns&quot;:&quot;3&quot;,&quot;classic_columns_tablet&quot;:&quot;2&quot;,&quot;classic_columns_mobile&quot;:&quot;1&quot;,&quot;classic_row_gap&quot;:{&quot;unit&quot;:&quot;px&quot;,&quot;size&quot;:35,&quot;sizes&quot;:[]},&quot;classic_row_gap_tablet&quot;:{&quot;unit&quot;:&quot;px&quot;,&quot;size&quot;:&quot;&quot;,&quot;sizes&quot;:[]},&quot;classic_row_gap_mobile&quot;:{&quot;unit&quot;:&quot;px&quot;,&quot;size&quot;:&quot;&quot;,&quot;sizes&quot;:[]}}\" data-widget_type=\"posts.classic\">\n\t\t\t\t<div class=\"elementor-widget-container\">\n\t\t\t\t\t\t\t<div class=\"elementor-posts-container elementor-posts elementor-posts--skin-classic elementor-grid\" role=\"list\">\n\t\t\t\t<article class=\"elementor-post elementor-grid-item post-4476 post type-post status-publish format-standard has-post-thumbnail hentry category-non-categorizzato\" role=\"listitem\">\n\t\t\t\t<a class=\"elementor-post__thumbnail__link\" href=\"https:\/\/alpinecup.com\/it\/focus-su-forestiere-2026\/\" tabindex=\"-1\" >\n\t\t\t<div class=\"elementor-post__thumbnail\"><img loading=\"lazy\" decoding=\"async\" width=\"300\" height=\"188\" src=\"https:\/\/alpinecup.com\/wp-content\/uploads\/2025\/01\/cret-du-nerbier-La-Forestiere-2023-AP-Vojo-1599-2048x1280-1-300x188.jpg\" class=\"attachment-medium size-medium wp-image-2510\" alt=\"cr\u00eat-du-nerbier-La-Foresti\u00e8re-2026\" srcset=\"https:\/\/alpinecup.com\/wp-content\/uploads\/2025\/01\/cret-du-nerbier-La-Forestiere-2023-AP-Vojo-1599-2048x1280-1-300x188.jpg 300w, https:\/\/alpinecup.com\/wp-content\/uploads\/2025\/01\/cret-du-nerbier-La-Forestiere-2023-AP-Vojo-1599-2048x1280-1-1024x640.jpg 1024w, https:\/\/alpinecup.com\/wp-content\/uploads\/2025\/01\/cret-du-nerbier-La-Forestiere-2023-AP-Vojo-1599-2048x1280-1-768x480.jpg 768w, https:\/\/alpinecup.com\/wp-content\/uploads\/2025\/01\/cret-du-nerbier-La-Forestiere-2023-AP-Vojo-1599-2048x1280-1-1536x960.jpg 1536w, https:\/\/alpinecup.com\/wp-content\/uploads\/2025\/01\/cret-du-nerbier-La-Forestiere-2023-AP-Vojo-1599-2048x1280-1.jpg 2048w\" sizes=\"(max-width: 300px) 100vw, 300px\" \/><\/div>\n\t\t<\/a>\n\t\t\t\t<div class=\"elementor-post__text\">\n\t\t\t\t<h3 class=\"elementor-post__title\">\n\t\t\t<a href=\"https:\/\/alpinecup.com\/it\/focus-su-forestiere-2026\/\" >\n\t\t\t\tFocus su Foresti\u00e8re 2026\t\t\t<\/a>\n\t\t<\/h3>\n\t\t\t\t<div class=\"elementor-post__meta-data\">\n\t\t\t\t\t<span class=\"elementor-post-date\">\n\t\t\t28 Aprile 2026\t\t<\/span>\n\t\t\t\t<span class=\"elementor-post-avatar\">\n\t\t\tNessun commento\t\t<\/span>\n\t\t\t\t<\/div>\n\t\t\t\t<div class=\"elementor-post__excerpt\">\n\t\t\t<p>Focus su La Foresti\u00e8re 2026 Evento conclusivo della sfida MTB Alpine Cup, la Foresti\u00e8re sar\u00e0 anche la sede dei Campionati francesi Elite e Masters XCM<\/p>\n\t\t<\/div>\n\t\t\n\t\t<a class=\"elementor-post__read-more\" href=\"https:\/\/alpinecup.com\/it\/focus-su-forestiere-2026\/\" aria-label=\"Leggi tutto Focus su Foresti\u00e8re 2026\" tabindex=\"-1\" >\n\t\t\tContinua a leggere \"\t\t<\/a>\n\n\t\t\t\t<\/div>\n\t\t\t\t<\/article>\n\t\t\t\t<article class=\"elementor-post elementor-grid-item post-4447 post type-post status-publish format-standard has-post-thumbnail hentry category-non-categorizzato\" role=\"listitem\">\n\t\t\t\t<a class=\"elementor-post__thumbnail__link\" href=\"https:\/\/alpinecup.com\/it\/sono-aperte-le-iscrizioni-per-il-2026-copia\/\" tabindex=\"-1\" >\n\t\t\t<div class=\"elementor-post__thumbnail\"><img loading=\"lazy\" decoding=\"async\" width=\"300\" height=\"198\" src=\"https:\/\/alpinecup.com\/wp-content\/uploads\/2025\/02\/Nouveau-systeme-de-points-MTB-Alpine-Cup-300x198.png\" class=\"attachment-medium size-medium wp-image-3886\" alt=\"Nouveau syst\u00e8me de points MTB Alpine Cup\" srcset=\"https:\/\/alpinecup.com\/wp-content\/uploads\/2025\/02\/Nouveau-systeme-de-points-MTB-Alpine-Cup-300x198.png 300w, https:\/\/alpinecup.com\/wp-content\/uploads\/2025\/02\/Nouveau-systeme-de-points-MTB-Alpine-Cup-1024x676.png 1024w, https:\/\/alpinecup.com\/wp-content\/uploads\/2025\/02\/Nouveau-systeme-de-points-MTB-Alpine-Cup-768x507.png 768w, https:\/\/alpinecup.com\/wp-content\/uploads\/2025\/02\/Nouveau-systeme-de-points-MTB-Alpine-Cup-1536x1015.png 1536w, https:\/\/alpinecup.com\/wp-content\/uploads\/2025\/02\/Nouveau-systeme-de-points-MTB-Alpine-Cup.png 1600w\" sizes=\"(max-width: 300px) 100vw, 300px\" \/><\/div>\n\t\t<\/a>\n\t\t\t\t<div class=\"elementor-post__text\">\n\t\t\t\t<h3 class=\"elementor-post__title\">\n\t\t\t<a href=\"https:\/\/alpinecup.com\/it\/sono-aperte-le-iscrizioni-per-il-2026-copia\/\" >\n\t\t\t\tPassaggi chiave della Somfy MB Ultra 2026\t\t\t<\/a>\n\t\t<\/h3>\n\t\t\t\t<div class=\"elementor-post__meta-data\">\n\t\t\t\t\t<span class=\"elementor-post-date\">\n\t\t\t13 Aprile 2026\t\t<\/span>\n\t\t\t\t<span class=\"elementor-post-avatar\">\n\t\t\tNessun commento\t\t<\/span>\n\t\t\t\t<\/div>\n\t\t\t\t<div class=\"elementor-post__excerpt\">\n\t\t\t<p>Passaggi chiave della Somfy MB Ultra 2026 La Somfy MB Ultra, evento di punta della MB Race e seconda prova della sfida MTB Alpine Cup,<\/p>\n\t\t<\/div>\n\t\t\n\t\t<a class=\"elementor-post__read-more\" href=\"https:\/\/alpinecup.com\/it\/sono-aperte-le-iscrizioni-per-il-2026-copia\/\" aria-label=\"Leggi tutto Passaggi chiave della Somfy MB Ultra 2026\" tabindex=\"-1\" >\n\t\t\tContinua a leggere \"\t\t<\/a>\n\n\t\t\t\t<\/div>\n\t\t\t\t<\/article>\n\t\t\t\t<article class=\"elementor-post elementor-grid-item post-4425 post type-post status-publish format-standard has-post-thumbnail hentry category-non-categorizzato\" role=\"listitem\">\n\t\t\t\t<a class=\"elementor-post__thumbnail__link\" href=\"https:\/\/alpinecup.com\/it\/focus-sul-percorso-della-jura-bike-marathon\/\" tabindex=\"-1\" >\n\t\t\t<div class=\"elementor-post__thumbnail\"><img loading=\"lazy\" decoding=\"async\" width=\"300\" height=\"198\" src=\"https:\/\/alpinecup.com\/wp-content\/uploads\/2026\/04\/ouverture-inscriptions-couv-site-3-300x198.png\" class=\"attachment-medium size-medium wp-image-4413\" alt=\"parcours jura bike marathon\" srcset=\"https:\/\/alpinecup.com\/wp-content\/uploads\/2026\/04\/ouverture-inscriptions-couv-site-3-300x198.png 300w, https:\/\/alpinecup.com\/wp-content\/uploads\/2026\/04\/ouverture-inscriptions-couv-site-3-1024x676.png 1024w, https:\/\/alpinecup.com\/wp-content\/uploads\/2026\/04\/ouverture-inscriptions-couv-site-3-768x507.png 768w, https:\/\/alpinecup.com\/wp-content\/uploads\/2026\/04\/ouverture-inscriptions-couv-site-3-1536x1015.png 1536w, https:\/\/alpinecup.com\/wp-content\/uploads\/2026\/04\/ouverture-inscriptions-couv-site-3.png 1600w\" sizes=\"(max-width: 300px) 100vw, 300px\" \/><\/div>\n\t\t<\/a>\n\t\t\t\t<div class=\"elementor-post__text\">\n\t\t\t\t<h3 class=\"elementor-post__title\">\n\t\t\t<a href=\"https:\/\/alpinecup.com\/it\/focus-sul-percorso-della-jura-bike-marathon\/\" >\n\t\t\t\tFocus sul percorso della Jura Bike Marathon\t\t\t<\/a>\n\t\t<\/h3>\n\t\t\t\t<div class=\"elementor-post__meta-data\">\n\t\t\t\t\t<span class=\"elementor-post-date\">\n\t\t\t7 Aprile 2026\t\t<\/span>\n\t\t\t\t<span class=\"elementor-post-avatar\">\n\t\t\tNessun commento\t\t<\/span>\n\t\t\t\t<\/div>\n\t\t\t\t<div class=\"elementor-post__excerpt\">\n\t\t\t<p>La Jura Bike Marathon si svolger\u00e0 quest&#8217;anno domenica 17 maggio 2026. Prima tappa della MTB Alpine Cup Challenge, la Jura Bike Marathon torna nel 2026<\/p>\n\t\t<\/div>\n\t\t\n\t\t<a class=\"elementor-post__read-more\" href=\"https:\/\/alpinecup.com\/it\/focus-sul-percorso-della-jura-bike-marathon\/\" aria-label=\"Leggi tutto Focus sul percorso della Jura Bike Marathon\" tabindex=\"-1\" >\n\t\t\tContinua a leggere \"\t\t<\/a>\n\n\t\t\t\t<\/div>\n\t\t\t\t<\/article>\n\t\t\t\t<article class=\"elementor-post elementor-grid-item post-4365 post type-post status-publish format-standard has-post-thumbnail hentry category-non-categorizzato\" role=\"listitem\">\n\t\t\t\t<a class=\"elementor-post__thumbnail__link\" href=\"https:\/\/alpinecup.com\/it\/medaglie-che-raccontano-la-storia-della-tua-avventura\/\" tabindex=\"-1\" >\n\t\t\t<div class=\"elementor-post__thumbnail\"><img loading=\"lazy\" decoding=\"async\" width=\"300\" height=\"198\" src=\"https:\/\/alpinecup.com\/wp-content\/uploads\/2026\/03\/couv-site-1600-x-1057-px-12-300x198.png\" class=\"attachment-medium size-medium wp-image-4357\" alt=\"m\u00e9dailles finisher mtb alpine cup\" srcset=\"https:\/\/alpinecup.com\/wp-content\/uploads\/2026\/03\/couv-site-1600-x-1057-px-12-300x198.png 300w, https:\/\/alpinecup.com\/wp-content\/uploads\/2026\/03\/couv-site-1600-x-1057-px-12-1024x676.png 1024w, https:\/\/alpinecup.com\/wp-content\/uploads\/2026\/03\/couv-site-1600-x-1057-px-12-768x507.png 768w, https:\/\/alpinecup.com\/wp-content\/uploads\/2026\/03\/couv-site-1600-x-1057-px-12-1536x1015.png 1536w, https:\/\/alpinecup.com\/wp-content\/uploads\/2026\/03\/couv-site-1600-x-1057-px-12.png 1600w\" sizes=\"(max-width: 300px) 100vw, 300px\" \/><\/div>\n\t\t<\/a>\n\t\t\t\t<div class=\"elementor-post__text\">\n\t\t\t\t<h3 class=\"elementor-post__title\">\n\t\t\t<a href=\"https:\/\/alpinecup.com\/it\/medaglie-che-raccontano-la-storia-della-tua-avventura\/\" >\n\t\t\t\tMedaglie che raccontano la storia della tua avventura!\t\t\t<\/a>\n\t\t<\/h3>\n\t\t\t\t<div class=\"elementor-post__meta-data\">\n\t\t\t\t\t<span class=\"elementor-post-date\">\n\t\t\t12 Marzo 2026\t\t<\/span>\n\t\t\t\t<span class=\"elementor-post-avatar\">\n\t\t\tNessun commento\t\t<\/span>\n\t\t\t\t<\/div>\n\t\t\t\t<div class=\"elementor-post__excerpt\">\n\t\t\t<p>Ogni tappa della MTB Alpine Cup \u00e8 una vittoria in s\u00e9, e quest&#8217;anno vogliamo celebrare la tua perseveranza con un sistema di medaglie d&#8217;arrivo unico!<\/p>\n\t\t<\/div>\n\t\t\n\t\t<a class=\"elementor-post__read-more\" href=\"https:\/\/alpinecup.com\/it\/medaglie-che-raccontano-la-storia-della-tua-avventura\/\" aria-label=\"Leggi tutto Medaglie che raccontano la storia della tua avventura!\" tabindex=\"-1\" >\n\t\t\tContinua a leggere \"\t\t<\/a>\n\n\t\t\t\t<\/div>\n\t\t\t\t<\/article>\n\t\t\t\t<article class=\"elementor-post elementor-grid-item post-4302 post type-post status-publish format-standard has-post-thumbnail hentry category-non-categorizzato\" role=\"listitem\">\n\t\t\t\t<a class=\"elementor-post__thumbnail__link\" href=\"https:\/\/alpinecup.com\/it\/sono-aperte-le-iscrizioni-per-il-2026\/\" tabindex=\"-1\" >\n\t\t\t<div class=\"elementor-post__thumbnail\"><img loading=\"lazy\" decoding=\"async\" width=\"300\" height=\"198\" src=\"https:\/\/alpinecup.com\/wp-content\/uploads\/2025\/02\/Nouveau-systeme-de-points-MTB-Alpine-Cup-300x198.png\" class=\"attachment-medium size-medium wp-image-3886\" alt=\"Nouveau syst\u00e8me de points MTB Alpine Cup\" srcset=\"https:\/\/alpinecup.com\/wp-content\/uploads\/2025\/02\/Nouveau-systeme-de-points-MTB-Alpine-Cup-300x198.png 300w, https:\/\/alpinecup.com\/wp-content\/uploads\/2025\/02\/Nouveau-systeme-de-points-MTB-Alpine-Cup-1024x676.png 1024w, https:\/\/alpinecup.com\/wp-content\/uploads\/2025\/02\/Nouveau-systeme-de-points-MTB-Alpine-Cup-768x507.png 768w, https:\/\/alpinecup.com\/wp-content\/uploads\/2025\/02\/Nouveau-systeme-de-points-MTB-Alpine-Cup-1536x1015.png 1536w, https:\/\/alpinecup.com\/wp-content\/uploads\/2025\/02\/Nouveau-systeme-de-points-MTB-Alpine-Cup.png 1600w\" sizes=\"(max-width: 300px) 100vw, 300px\" \/><\/div>\n\t\t<\/a>\n\t\t\t\t<div class=\"elementor-post__text\">\n\t\t\t\t<h3 class=\"elementor-post__title\">\n\t\t\t<a href=\"https:\/\/alpinecup.com\/it\/sono-aperte-le-iscrizioni-per-il-2026\/\" >\n\t\t\t\tSono aperte le iscrizioni per il 2026\t\t\t<\/a>\n\t\t<\/h3>\n\t\t\t\t<div class=\"elementor-post__meta-data\">\n\t\t\t\t\t<span class=\"elementor-post-date\">\n\t\t\t20 Novembre 2025\t\t<\/span>\n\t\t\t\t<span class=\"elementor-post-avatar\">\n\t\t\tNessun commento\t\t<\/span>\n\t\t\t\t<\/div>\n\t\t\t\t<div class=\"elementor-post__excerpt\">\n\t\t\t<p>Le iscrizioni sono aperte Le iscrizioni alla sfida MTB Alpine Cup 2026 sono aperte! Se vuoi provare, puoi iscriverti subito! In programma: 4 gare per<\/p>\n\t\t<\/div>\n\t\t\n\t\t<a class=\"elementor-post__read-more\" href=\"https:\/\/alpinecup.com\/it\/sono-aperte-le-iscrizioni-per-il-2026\/\" aria-label=\"Leggi tutto Sono aperte le iscrizioni per il 2026\" tabindex=\"-1\" >\n\t\t\tContinua a leggere \"\t\t<\/a>\n\n\t\t\t\t<\/div>\n\t\t\t\t<\/article>\n\t\t\t\t<article class=\"elementor-post elementor-grid-item post-4063 post type-post status-publish format-standard has-post-thumbnail hentry category-non-categorizzato\" role=\"listitem\">\n\t\t\t\t<a class=\"elementor-post__thumbnail__link\" href=\"https:\/\/alpinecup.com\/it\/la-fine-della-mtb-alpine-cup-2025\/\" tabindex=\"-1\" >\n\t\t\t<div class=\"elementor-post__thumbnail\"><img loading=\"lazy\" decoding=\"async\" width=\"300\" height=\"200\" src=\"https:\/\/alpinecup.com\/wp-content\/uploads\/2025\/09\/DSC02765-300x200.jpg\" class=\"attachment-medium size-medium wp-image-4005\" alt=\"\" srcset=\"https:\/\/alpinecup.com\/wp-content\/uploads\/2025\/09\/DSC02765-300x200.jpg 300w, https:\/\/alpinecup.com\/wp-content\/uploads\/2025\/09\/DSC02765-1024x683.jpg 1024w, https:\/\/alpinecup.com\/wp-content\/uploads\/2025\/09\/DSC02765-768x512.jpg 768w, https:\/\/alpinecup.com\/wp-content\/uploads\/2025\/09\/DSC02765-1536x1024.jpg 1536w, https:\/\/alpinecup.com\/wp-content\/uploads\/2025\/09\/DSC02765-2048x1366.jpg 2048w\" sizes=\"(max-width: 300px) 100vw, 300px\" \/><\/div>\n\t\t<\/a>\n\t\t\t\t<div class=\"elementor-post__text\">\n\t\t\t\t<h3 class=\"elementor-post__title\">\n\t\t\t<a href=\"https:\/\/alpinecup.com\/it\/la-fine-della-mtb-alpine-cup-2025\/\" >\n\t\t\t\tLa fine della MTB Alpine Cup 2025\t\t\t<\/a>\n\t\t<\/h3>\n\t\t\t\t<div class=\"elementor-post__meta-data\">\n\t\t\t\t\t<span class=\"elementor-post-date\">\n\t\t\t23 Settembre 2025\t\t<\/span>\n\t\t\t\t<span class=\"elementor-post-avatar\">\n\t\t\tNessun commento\t\t<\/span>\n\t\t\t\t<\/div>\n\t\t\t\t<div class=\"elementor-post__excerpt\">\n\t\t\t<p>La Foresti\u00e8re si \u00e8 conclusa lo scorso weekend e ora \u00e8 arrivato il momento di concludere la MTB Alpine Cup. Prima di tutto, un grande<\/p>\n\t\t<\/div>\n\t\t\n\t\t<a class=\"elementor-post__read-more\" href=\"https:\/\/alpinecup.com\/it\/la-fine-della-mtb-alpine-cup-2025\/\" aria-label=\"Leggi tutto La fine della MTB Alpine Cup 2025\" tabindex=\"-1\" >\n\t\t\tContinua a leggere \"\t\t<\/a>\n\n\t\t\t\t<\/div>\n\t\t\t\t<\/article>\n\t\t\t\t<\/div>\n\t\t\n\t\t\t\t\t\t<\/div>\n\t\t\t\t<\/div>\n\t\t\t\t<div class=\"elementor-element elementor-element-87729f3 elementor-widget-divider--view-line elementor-widget elementor-widget-divider\" data-id=\"87729f3\" data-element_type=\"widget\" data-e-type=\"widget\" data-widget_type=\"divider.default\">\n\t\t\t\t<div class=\"elementor-widget-container\">\n\t\t\t\t\t\t\t<div class=\"elementor-divider\">\n\t\t\t<span class=\"elementor-divider-separator\">\n\t\t\t\t\t\t<\/span>\n\t\t<\/div>\n\t\t\t\t\t\t<\/div>\n\t\t\t\t<\/div>\n\t\t\t\t\t<\/div>\n\t\t\t\t<\/div>\n\t\t<div class=\"elementor-element elementor-element-445c03b e-flex e-con-boxed e-con e-parent\" data-id=\"445c03b\" data-element_type=\"container\" data-e-type=\"container\" data-settings=\"{&quot;background_background&quot;:&quot;classic&quot;}\">\n\t\t\t\t\t<div class=\"e-con-inner\">\n\t\t\t\t<div class=\"elementor-element elementor-element-83e7f2e elementor-widget elementor-widget-shortcode\" data-id=\"83e7f2e\" data-element_type=\"widget\" data-e-type=\"widget\" data-widget_type=\"shortcode.default\">\n\t\t\t\t<div class=\"elementor-widget-container\">\n\t\t\t\t\t\t\t<div class=\"elementor-shortcode\">\t\t<footer data-elementor-type=\"section\" data-elementor-id=\"3209\" class=\"elementor elementor-3209 elementor-751 elementor-751\" data-elementor-post-type=\"elementor_library\">\n\t\t\t<footer class=\"elementor-element elementor-element-b02ed14 e-flex e-con-boxed e-con e-parent\" data-id=\"b02ed14\" data-element_type=\"container\" data-e-type=\"container\" data-settings=\"{&quot;background_background&quot;:&quot;classic&quot;}\">\n\t\t\t\t\t<div class=\"e-con-inner\">\n\t\t<div class=\"elementor-element elementor-element-92ff0c4 e-con-full e-flex e-con e-child\" data-id=\"92ff0c4\" data-element_type=\"container\" data-e-type=\"container\">\n\t\t\t\t<div class=\"elementor-element elementor-element-18e6247 elementor-widget-divider--view-line_text elementor-widget-divider--element-align-center elementor-widget elementor-widget-divider\" data-id=\"18e6247\" data-element_type=\"widget\" data-e-type=\"widget\" data-widget_type=\"divider.default\">\n\t\t\t\t<div class=\"elementor-widget-container\">\n\t\t\t\t\t\t\t<div class=\"elementor-divider\">\n\t\t\t<span class=\"elementor-divider-separator\">\n\t\t\t\t\t\t\t<span class=\"elementor-divider__text elementor-divider__element\">\n\t\t\t\tOrganizzazioni\t\t\t\t<\/span>\n\t\t\t\t\t\t<\/span>\n\t\t<\/div>\n\t\t\t\t\t\t<\/div>\n\t\t\t\t<\/div>\n\t\t<div class=\"elementor-element elementor-element-132dbf3 e-grid e-con-full e-con e-child\" data-id=\"132dbf3\" data-element_type=\"container\" data-e-type=\"container\">\n\t\t\t\t<div class=\"elementor-element elementor-element-550b3ab elementor-widget elementor-widget-image\" data-id=\"550b3ab\" data-element_type=\"widget\" data-e-type=\"widget\" data-widget_type=\"image.default\">\n\t\t\t\t<div class=\"elementor-widget-container\">\n\t\t\t\t\t\t\t\t\t\t\t\t\t\t\t\t<a href=\"https:\/\/jura-bike-marathon.ch\/\" target=\"_blank\">\n\t\t\t\t\t\t\t<img decoding=\"async\" src=\"https:\/\/alpinecup.com\/wp-content\/uploads\/elementor\/thumbs\/JURA-BIKE-200-r0pp48z9wiu5xhbstcyci20v3mkc8x74qb3fxzm8cg.png\" title=\"JURA-BIKE-200\" alt=\"JURA-BIKE-200\" loading=\"lazy\" \/>\t\t\t\t\t\t\t\t<\/a>\n\t\t\t\t\t\t\t\t\t\t\t\t\t\t\t<\/div>\n\t\t\t\t<\/div>\n\t\t\t\t<div class=\"elementor-element elementor-element-991855b elementor-widget elementor-widget-image\" data-id=\"991855b\" data-element_type=\"widget\" data-e-type=\"widget\" data-widget_type=\"image.default\">\n\t\t\t\t<div class=\"elementor-widget-container\">\n\t\t\t\t\t\t\t\t\t\t\t\t\t\t\t\t<a href=\"https:\/\/mb-race.com\/\" target=\"_blank\">\n\t\t\t\t\t\t\t<img loading=\"lazy\" decoding=\"async\" width=\"1078\" height=\"611\" src=\"https:\/\/alpinecup.com\/wp-content\/uploads\/2025\/01\/Logo-MB-RACE-2018-Gris-Fond-transparent-1.png\" class=\"attachment-full size-full wp-image-2794\" alt=\"\" srcset=\"https:\/\/alpinecup.com\/wp-content\/uploads\/2025\/01\/Logo-MB-RACE-2018-Gris-Fond-transparent-1.png 1078w, https:\/\/alpinecup.com\/wp-content\/uploads\/2025\/01\/Logo-MB-RACE-2018-Gris-Fond-transparent-1-300x170.png 300w, https:\/\/alpinecup.com\/wp-content\/uploads\/2025\/01\/Logo-MB-RACE-2018-Gris-Fond-transparent-1-1024x580.png 1024w, https:\/\/alpinecup.com\/wp-content\/uploads\/2025\/01\/Logo-MB-RACE-2018-Gris-Fond-transparent-1-768x435.png 768w\" sizes=\"(max-width: 1078px) 100vw, 1078px\" \/>\t\t\t\t\t\t\t\t<\/a>\n\t\t\t\t\t\t\t\t\t\t\t\t\t\t\t<\/div>\n\t\t\t\t<\/div>\n\t\t\t\t<div class=\"elementor-element elementor-element-10ad9fb elementor-widget elementor-widget-image\" data-id=\"10ad9fb\" data-element_type=\"widget\" data-e-type=\"widget\" data-widget_type=\"image.default\">\n\t\t\t\t<div class=\"elementor-widget-container\">\n\t\t\t\t\t\t\t\t\t\t\t\t\t\t\t\t<a href=\"https:\/\/grand-raid-bcvs.ch\/\" target=\"_blank\">\n\t\t\t\t\t\t\t<img decoding=\"async\" src=\"https:\/\/alpinecup.com\/wp-content\/uploads\/elementor\/thumbs\/GRAND-RAID-BCVS-200-r0pp49x4to50zlij56jg2n6c4hql0q8parr43mloo4.png\" title=\"GRAND-RAID-BCVS-200\" alt=\"GRAND-RAID-BCVS-200\" loading=\"lazy\" \/>\t\t\t\t\t\t\t\t<\/a>\n\t\t\t\t\t\t\t\t\t\t\t\t\t\t\t<\/div>\n\t\t\t\t<\/div>\n\t\t\t\t<div class=\"elementor-element elementor-element-f22feef elementor-widget elementor-widget-image\" data-id=\"f22feef\" data-element_type=\"widget\" data-e-type=\"widget\" data-widget_type=\"image.default\">\n\t\t\t\t<div class=\"elementor-widget-container\">\n\t\t\t\t\t\t\t\t\t\t\t\t\t\t\t\t<a href=\"https:\/\/www.la-forestiere.com\/\" target=\"_blank\">\n\t\t\t\t\t\t\t<img decoding=\"async\" src=\"https:\/\/alpinecup.com\/wp-content\/uploads\/elementor\/thumbs\/LOGO-FORESTIERE-200-r0pp49x65wt7upyhv7883r2jcc27su68afwd9rfmig.png\" title=\"LOGO-FORESTIERE-200\" alt=\"LOGO-FORESTIERE-200\" loading=\"lazy\" \/>\t\t\t\t\t\t\t\t<\/a>\n\t\t\t\t\t\t\t\t\t\t\t\t\t\t\t<\/div>\n\t\t\t\t<\/div>\n\t\t\t\t<\/div>\n\t\t\t\t<\/div>\n\t\t<div class=\"elementor-element elementor-element-319c07a e-con-full e-flex e-con e-child\" data-id=\"319c07a\" data-element_type=\"container\" data-e-type=\"container\">\n\t\t\t\t<div class=\"elementor-element elementor-element-b3670ee elementor-align-center elementor-widget elementor-widget-button\" data-id=\"b3670ee\" data-element_type=\"widget\" data-e-type=\"widget\" data-settings=\"{&quot;sticky&quot;:&quot;top&quot;,&quot;sticky_on&quot;:[&quot;desktop&quot;,&quot;tablet&quot;,&quot;mobile&quot;],&quot;sticky_offset&quot;:0,&quot;sticky_effects_offset&quot;:0,&quot;sticky_anchor_link_offset&quot;:0}\" data-widget_type=\"button.default\">\n\t\t\t\t<div class=\"elementor-widget-container\">\n\t\t\t\t\t\t\t\t\t<div class=\"elementor-button-wrapper\">\n\t\t\t\t\t<a class=\"elementor-button elementor-button-link elementor-size-sm\" href=\"https:\/\/alpinecup.com\/it\/contatto\/\">\n\t\t\t\t\t\t<span class=\"elementor-button-content-wrapper\">\n\t\t\t\t\t\t\t\t\t<span class=\"elementor-button-text\">CONTATTO<\/span>\n\t\t\t\t\t<\/span>\n\t\t\t\t\t<\/a>\n\t\t\t\t<\/div>\n\t\t\t\t\t\t\t\t<\/div>\n\t\t\t\t<\/div>\n\t\t\t\t<div class=\"elementor-element elementor-element-42f2ad8 elementor-widget elementor-widget-spacer\" data-id=\"42f2ad8\" data-element_type=\"widget\" data-e-type=\"widget\" data-widget_type=\"spacer.default\">\n\t\t\t\t<div class=\"elementor-widget-container\">\n\t\t\t\t\t\t\t<div class=\"elementor-spacer\">\n\t\t\t<div class=\"elementor-spacer-inner\"><\/div>\n\t\t<\/div>\n\t\t\t\t\t\t<\/div>\n\t\t\t\t<\/div>\n\t\t\t\t<div class=\"elementor-element elementor-element-112fd64 elementor-hidden-tablet elementor-hidden-mobile e-grid-align-right elementor-shape-rounded elementor-grid-0 elementor-widget elementor-widget-social-icons\" data-id=\"112fd64\" data-element_type=\"widget\" data-e-type=\"widget\" data-widget_type=\"social-icons.default\">\n\t\t\t\t<div class=\"elementor-widget-container\">\n\t\t\t\t\t\t\t<div class=\"elementor-social-icons-wrapper elementor-grid\" role=\"list\">\n\t\t\t\t\t\t\t<span class=\"elementor-grid-item\" role=\"listitem\">\n\t\t\t\t\t<a class=\"elementor-icon elementor-social-icon elementor-social-icon-instagram elementor-repeater-item-b98bd61\" href=\"https:\/\/www.instagram.com\/mtbalpinecup\/\" target=\"_blank\">\n\t\t\t\t\t\t<span class=\"elementor-screen-only\">Instagram<\/span>\n\t\t\t\t\t\t<svg aria-hidden=\"true\" class=\"e-font-icon-svg e-fab-instagram\" viewBox=\"0 0 448 512\" xmlns=\"http:\/\/www.w3.org\/2000\/svg\"><path d=\"M224.1 141c-63.6 0-114.9 51.3-114.9 114.9s51.3 114.9 114.9 114.9S339 319.5 339 255.9 287.7 141 224.1 141zm0 189.6c-41.1 0-74.7-33.5-74.7-74.7s33.5-74.7 74.7-74.7 74.7 33.5 74.7 74.7-33.6 74.7-74.7 74.7zm146.4-194.3c0 14.9-12 26.8-26.8 26.8-14.9 0-26.8-12-26.8-26.8s12-26.8 26.8-26.8 26.8 12 26.8 26.8zm76.1 27.2c-1.7-35.9-9.9-67.7-36.2-93.9-26.2-26.2-58-34.4-93.9-36.2-37-2.1-147.9-2.1-184.9 0-35.8 1.7-67.6 9.9-93.9 36.1s-34.4 58-36.2 93.9c-2.1 37-2.1 147.9 0 184.9 1.7 35.9 9.9 67.7 36.2 93.9s58 34.4 93.9 36.2c37 2.1 147.9 2.1 184.9 0 35.9-1.7 67.7-9.9 93.9-36.2 26.2-26.2 34.4-58 36.2-93.9 2.1-37 2.1-147.8 0-184.8zM398.8 388c-7.8 19.6-22.9 34.7-42.6 42.6-29.5 11.7-99.5 9-132.1 9s-102.7 2.6-132.1-9c-19.6-7.8-34.7-22.9-42.6-42.6-11.7-29.5-9-99.5-9-132.1s-2.6-102.7 9-132.1c7.8-19.6 22.9-34.7 42.6-42.6 29.5-11.7 99.5-9 132.1-9s102.7-2.6 132.1 9c19.6 7.8 34.7 22.9 42.6 42.6 11.7 29.5 9 99.5 9 132.1s2.7 102.7-9 132.1z\"><\/path><\/svg>\t\t\t\t\t<\/a>\n\t\t\t\t<\/span>\n\t\t\t\t\t\t\t<span class=\"elementor-grid-item\" role=\"listitem\">\n\t\t\t\t\t<a class=\"elementor-icon elementor-social-icon elementor-social-icon-facebook elementor-repeater-item-9482ddb\" href=\"https:\/\/www.facebook.com\/MTBAlpineCup\" target=\"_blank\">\n\t\t\t\t\t\t<span class=\"elementor-screen-only\">Facebook<\/span>\n\t\t\t\t\t\t<svg aria-hidden=\"true\" class=\"e-font-icon-svg e-fab-facebook\" viewBox=\"0 0 512 512\" xmlns=\"http:\/\/www.w3.org\/2000\/svg\"><path d=\"M504 256C504 119 393 8 256 8S8 119 8 256c0 123.78 90.69 226.38 209.25 245V327.69h-63V256h63v-54.64c0-62.15 37-96.48 93.67-96.48 27.14 0 55.52 4.84 55.52 4.84v61h-31.28c-30.8 0-40.41 19.12-40.41 38.73V256h68.78l-11 71.69h-57.78V501C413.31 482.38 504 379.78 504 256z\"><\/path><\/svg>\t\t\t\t\t<\/a>\n\t\t\t\t<\/span>\n\t\t\t\t\t\t\t<span class=\"elementor-grid-item\" role=\"listitem\">\n\t\t\t\t\t<a class=\"elementor-icon elementor-social-icon elementor-social-icon-youtube elementor-repeater-item-22b7024\" href=\"https:\/\/www.youtube.com\/channel\/UCuXTXgg_miubGR6biqN590w\" target=\"_blank\">\n\t\t\t\t\t\t<span class=\"elementor-screen-only\">Youtube<\/span>\n\t\t\t\t\t\t<svg aria-hidden=\"true\" class=\"e-font-icon-svg e-fab-youtube\" viewBox=\"0 0 576 512\" xmlns=\"http:\/\/www.w3.org\/2000\/svg\"><path d=\"M549.655 124.083c-6.281-23.65-24.787-42.276-48.284-48.597C458.781 64 288 64 288 64S117.22 64 74.629 75.486c-23.497 6.322-42.003 24.947-48.284 48.597-11.412 42.867-11.412 132.305-11.412 132.305s0 89.438 11.412 132.305c6.281 23.65 24.787 41.5 48.284 47.821C117.22 448 288 448 288 448s170.78 0 213.371-11.486c23.497-6.321 42.003-24.171 48.284-47.821 11.412-42.867 11.412-132.305 11.412-132.305s0-89.438-11.412-132.305zm-317.51 213.508V175.185l142.739 81.205-142.739 81.201z\"><\/path><\/svg>\t\t\t\t\t<\/a>\n\t\t\t\t<\/span>\n\t\t\t\t\t<\/div>\n\t\t\t\t\t\t<\/div>\n\t\t\t\t<\/div>\n\t\t\t\t<\/div>\n\t\t<div class=\"elementor-element elementor-element-3b460eb e-con-full e-flex e-con e-child\" data-id=\"3b460eb\" data-element_type=\"container\" data-e-type=\"container\">\n\t\t\t\t<div class=\"elementor-element elementor-element-6fbf348 elementor-widget elementor-widget-text-editor\" data-id=\"6fbf348\" data-element_type=\"widget\" data-e-type=\"widget\" data-widget_type=\"text-editor.default\">\n\t\t\t\t<div class=\"elementor-widget-container\">\n\t\t\t\t\t\t\t\t\t<p>Informazioni<\/p>\n<p><strong><a href=\"\/?page_id=676\">Informativa sulla privacy<\/a><br \/><a href=\"https:\/\/alpinecup.com\/reglement\/\">Regole<\/a><br \/><a href=\"\/?page_id=260\">Contatti<\/a><\/strong><\/p>\n\t\t\t\t\t\t\t\t<\/div>\n\t\t\t\t<\/div>\n\t\t\t\t<div class=\"elementor-element elementor-element-23f3b2e elementor-widget elementor-widget-text-editor\" data-id=\"23f3b2e\" data-element_type=\"widget\" data-e-type=\"widget\" data-widget_type=\"text-editor.default\">\n\t\t\t\t<div class=\"elementor-widget-container\">\n\t\t\t\t\t\t\t\t\t<p>sito di MTB Alpine Cup &#8211; ET &#8211; 2025<\/p>\n\t\t\t\t\t\t\t\t<\/div>\n\t\t\t\t<\/div>\n\t\t\t\t<\/div>\n\t\t<div class=\"elementor-element elementor-element-df3c5f2 e-con-full e-flex e-con e-child\" data-id=\"df3c5f2\" data-element_type=\"container\" data-e-type=\"container\">\n\t\t<div class=\"elementor-element elementor-element-3183e39 e-grid e-con-full e-con e-child\" data-id=\"3183e39\" data-element_type=\"container\" data-e-type=\"container\">\n\t\t\t\t<div class=\"elementor-element elementor-element-68a5c30 elementor-widget elementor-widget-text-editor\" data-id=\"68a5c30\" data-element_type=\"widget\" data-e-type=\"widget\" data-widget_type=\"text-editor.default\">\n\t\t\t\t<div class=\"elementor-widget-container\">\n\t\t\t\t\t\t\t\t\t<p>Link utili<\/p>\n<p><a href=\"https:\/\/fr.uci.org\/calendar\/mtb\/1voMyukVGR4iZMhMlDfRv0?discipline=MTB&amp;raceType=XCM\"><strong>Calendario delle maratone UCI<\/strong><\/a><\/p>\n<p><strong>Notizie sulla mountain bike: <a href=\"https:\/\/www.vojomag.com\/\">Vojo Mag<\/a><\/strong><\/p>\n\t\t\t\t\t\t\t\t<\/div>\n\t\t\t\t<\/div>\n\t\t\t\t<div class=\"elementor-element elementor-element-e6840b7 elementor-widget elementor-widget-image\" data-id=\"e6840b7\" data-element_type=\"widget\" data-e-type=\"widget\" data-widget_type=\"image.default\">\n\t\t\t\t<div class=\"elementor-widget-container\">\n\t\t\t\t\t\t\t\t\t\t\t\t\t\t\t\t<a href=\"https:\/\/fr.uci.org\/\" target=\"_blank\">\n\t\t\t\t\t\t\t<img decoding=\"async\" src=\"https:\/\/alpinecup.com\/wp-content\/uploads\/elementor\/thumbs\/LOGO-UCI-300-r0pp473l5p4hnvr4hua0643fhi0uu8fligrkj4lcyw.png\" title=\"LOGO-UCI-300\" alt=\"LOGO-UCI-300\" loading=\"lazy\" \/>\t\t\t\t\t\t\t\t<\/a>\n\t\t\t\t\t\t\t\t\t\t\t\t\t\t\t<\/div>\n\t\t\t\t<\/div>\n\t\t\t\t<\/div>\n\t\t\t\t<div class=\"elementor-element elementor-element-178f573 elementor-widget-divider--view-line_text elementor-widget-divider--element-align-center elementor-widget elementor-widget-divider\" data-id=\"178f573\" data-element_type=\"widget\" data-e-type=\"widget\" data-widget_type=\"divider.default\">\n\t\t\t\t<div class=\"elementor-widget-container\">\n\t\t\t\t\t\t\t<div class=\"elementor-divider\">\n\t\t\t<span class=\"elementor-divider-separator\">\n\t\t\t\t\t\t\t<span class=\"elementor-divider__text elementor-divider__element\">\n\t\t\t\twww.alpinecup.com\t\t\t\t<\/span>\n\t\t\t\t\t\t<\/span>\n\t\t<\/div>\n\t\t\t\t\t\t<\/div>\n\t\t\t\t<\/div>\n\t\t\t\t<\/div>\n\t\t\t\t\t<\/div>\n\t\t\t\t<\/footer>\n\t\t\t\t<\/footer>\n\t\t<\/div>\n\t\t\t\t\t\t<\/div>\n\t\t\t\t<\/div>\n\t\t\t\t\t<\/div>\n\t\t\t\t<\/div>\n\t\t\t\t<\/div>\n\t\t","protected":false},"excerpt":{"rendered":"<p>00GIORNI 00ORE 00MINUTI JURA BIKE MARATHON Tappa 1 &#8211; Domenica 18 maggio 2025 LE NOVIT\u00c0 DEL 2025! Quest&#8217;anno stiamo introducendo alcuni nuovi formati di distanza! La Coppa delle Alpi si apre a distanze pi\u00f9 brevi rispetto agli storici Grand Raid, MB Race e La Foresti\u00e8re. Se vuoi partecipare a queste gare su distanze pi\u00f9 brevi, [&hellip;]<\/p>\n","protected":false},"author":1,"featured_media":0,"parent":0,"menu_order":0,"comment_status":"closed","ping_status":"closed","template":"elementor_canvas","meta":{"footnotes":""},"folder":[],"class_list":["post-3711","page","type-page","status-publish","hentry"],"yoast_head":"<!-- This site is optimized with the Yoast SEO plugin v27.5 - https:\/\/yoast.com\/product\/yoast-seo-wordpress\/ -->\n<title>Home-Challenge-MTB-Alpine-Cup - Copiare - MTB ALPINE CUP<\/title>\n<meta name=\"robots\" content=\"index, follow, max-snippet:-1, max-image-preview:large, max-video-preview:-1\" \/>\n<link rel=\"canonical\" href=\"https:\/\/alpinecup.com\/it\/home-challenge-mtb-alpine-cup-copiare\/\" \/>\n<meta property=\"og:locale\" content=\"it_IT\" \/>\n<meta property=\"og:type\" content=\"article\" \/>\n<meta property=\"og:title\" content=\"Home-Challenge-MTB-Alpine-Cup - Copiare - MTB ALPINE CUP\" \/>\n<meta property=\"og:description\" content=\"00GIORNI 00ORE 00MINUTI JURA BIKE MARATHON Tappa 1 &#8211; Domenica 18 maggio 2025 LE NOVIT\u00c0 DEL 2025! Quest&#8217;anno stiamo introducendo alcuni nuovi formati di distanza! La Coppa delle Alpi si apre a distanze pi\u00f9 brevi rispetto agli storici Grand Raid, MB Race e La Foresti\u00e8re. Se vuoi partecipare a queste gare su distanze pi\u00f9 brevi, [&hellip;]\" \/>\n<meta property=\"og:url\" content=\"https:\/\/alpinecup.com\/it\/home-challenge-mtb-alpine-cup-copiare\/\" \/>\n<meta property=\"og:site_name\" content=\"MTB ALPINE CUP\" \/>\n<meta property=\"article:modified_time\" content=\"2025-02-03T11:48:22+00:00\" \/>\n<meta property=\"og:image\" content=\"https:\/\/alpinecup.com\/wp-content\/uploads\/2025\/01\/LOGO-ALPINE-CUP-FOND-NOIR-rond.png\" \/>\n<meta name=\"twitter:card\" content=\"summary_large_image\" \/>\n<meta name=\"twitter:label1\" content=\"Tempo di lettura stimato\" \/>\n\t<meta name=\"twitter:data1\" content=\"2 minuti\" \/>\n<script type=\"application\/ld+json\" class=\"yoast-schema-graph\">{\"@context\":\"https:\\\/\\\/schema.org\",\"@graph\":[{\"@type\":\"WebPage\",\"@id\":\"https:\\\/\\\/alpinecup.com\\\/it\\\/home-challenge-mtb-alpine-cup-copiare\\\/\",\"url\":\"https:\\\/\\\/alpinecup.com\\\/it\\\/home-challenge-mtb-alpine-cup-copiare\\\/\",\"name\":\"Home-Challenge-MTB-Alpine-Cup - Copiare - MTB ALPINE CUP\",\"isPartOf\":{\"@id\":\"https:\\\/\\\/alpinecup.com\\\/it\\\/#website\"},\"primaryImageOfPage\":{\"@id\":\"https:\\\/\\\/alpinecup.com\\\/it\\\/home-challenge-mtb-alpine-cup-copiare\\\/#primaryimage\"},\"image\":{\"@id\":\"https:\\\/\\\/alpinecup.com\\\/it\\\/home-challenge-mtb-alpine-cup-copiare\\\/#primaryimage\"},\"thumbnailUrl\":\"https:\\\/\\\/alpinecup.com\\\/wp-content\\\/uploads\\\/2025\\\/01\\\/LOGO-ALPINE-CUP-FOND-NOIR-rond.png\",\"datePublished\":\"2025-01-10T10:22:29+00:00\",\"dateModified\":\"2025-02-03T11:48:22+00:00\",\"breadcrumb\":{\"@id\":\"https:\\\/\\\/alpinecup.com\\\/it\\\/home-challenge-mtb-alpine-cup-copiare\\\/#breadcrumb\"},\"inLanguage\":\"it-IT\",\"potentialAction\":[{\"@type\":\"ReadAction\",\"target\":[\"https:\\\/\\\/alpinecup.com\\\/it\\\/home-challenge-mtb-alpine-cup-copiare\\\/\"]}]},{\"@type\":\"ImageObject\",\"inLanguage\":\"it-IT\",\"@id\":\"https:\\\/\\\/alpinecup.com\\\/it\\\/home-challenge-mtb-alpine-cup-copiare\\\/#primaryimage\",\"url\":\"https:\\\/\\\/alpinecup.com\\\/wp-content\\\/uploads\\\/2025\\\/01\\\/LOGO-ALPINE-CUP-FOND-NOIR-rond.png\",\"contentUrl\":\"https:\\\/\\\/alpinecup.com\\\/wp-content\\\/uploads\\\/2025\\\/01\\\/LOGO-ALPINE-CUP-FOND-NOIR-rond.png\"},{\"@type\":\"BreadcrumbList\",\"@id\":\"https:\\\/\\\/alpinecup.com\\\/it\\\/home-challenge-mtb-alpine-cup-copiare\\\/#breadcrumb\",\"itemListElement\":[{\"@type\":\"ListItem\",\"position\":1,\"name\":\"Accueil\",\"item\":\"https:\\\/\\\/alpinecup.com\\\/it\\\/home-challenge-mtb-alpine-cup\\\/\"},{\"@type\":\"ListItem\",\"position\":2,\"name\":\"Home-Challenge-MTB-Alpine-Cup &#8211; Copiare\"}]},{\"@type\":\"WebSite\",\"@id\":\"https:\\\/\\\/alpinecup.com\\\/it\\\/#website\",\"url\":\"https:\\\/\\\/alpinecup.com\\\/it\\\/\",\"name\":\"MTB ALPINE CUP\",\"description\":\"Un beau d&eacute;fi VTT\",\"potentialAction\":[{\"@type\":\"SearchAction\",\"target\":{\"@type\":\"EntryPoint\",\"urlTemplate\":\"https:\\\/\\\/alpinecup.com\\\/it\\\/?s={search_term_string}\"},\"query-input\":{\"@type\":\"PropertyValueSpecification\",\"valueRequired\":true,\"valueName\":\"search_term_string\"}}],\"inLanguage\":\"it-IT\"}]}<\/script>\n<!-- \/ Yoast SEO plugin. -->","yoast_head_json":{"title":"Home-Challenge-MTB-Alpine-Cup - Copiare - MTB ALPINE CUP","robots":{"index":"index","follow":"follow","max-snippet":"max-snippet:-1","max-image-preview":"max-image-preview:large","max-video-preview":"max-video-preview:-1"},"canonical":"https:\/\/alpinecup.com\/it\/home-challenge-mtb-alpine-cup-copiare\/","og_locale":"it_IT","og_type":"article","og_title":"Home-Challenge-MTB-Alpine-Cup - Copiare - MTB ALPINE CUP","og_description":"00GIORNI 00ORE 00MINUTI JURA BIKE MARATHON Tappa 1 &#8211; Domenica 18 maggio 2025 LE NOVIT\u00c0 DEL 2025! Quest&#8217;anno stiamo introducendo alcuni nuovi formati di distanza! La Coppa delle Alpi si apre a distanze pi\u00f9 brevi rispetto agli storici Grand Raid, MB Race e La Foresti\u00e8re. Se vuoi partecipare a queste gare su distanze pi\u00f9 brevi, [&hellip;]","og_url":"https:\/\/alpinecup.com\/it\/home-challenge-mtb-alpine-cup-copiare\/","og_site_name":"MTB ALPINE CUP","article_modified_time":"2025-02-03T11:48:22+00:00","og_image":[{"url":"https:\/\/alpinecup.com\/wp-content\/uploads\/2025\/01\/LOGO-ALPINE-CUP-FOND-NOIR-rond.png","type":"","width":"","height":""}],"twitter_card":"summary_large_image","twitter_misc":{"Tempo di lettura stimato":"2 minuti"},"schema":{"@context":"https:\/\/schema.org","@graph":[{"@type":"WebPage","@id":"https:\/\/alpinecup.com\/it\/home-challenge-mtb-alpine-cup-copiare\/","url":"https:\/\/alpinecup.com\/it\/home-challenge-mtb-alpine-cup-copiare\/","name":"Home-Challenge-MTB-Alpine-Cup - Copiare - MTB ALPINE CUP","isPartOf":{"@id":"https:\/\/alpinecup.com\/it\/#website"},"primaryImageOfPage":{"@id":"https:\/\/alpinecup.com\/it\/home-challenge-mtb-alpine-cup-copiare\/#primaryimage"},"image":{"@id":"https:\/\/alpinecup.com\/it\/home-challenge-mtb-alpine-cup-copiare\/#primaryimage"},"thumbnailUrl":"https:\/\/alpinecup.com\/wp-content\/uploads\/2025\/01\/LOGO-ALPINE-CUP-FOND-NOIR-rond.png","datePublished":"2025-01-10T10:22:29+00:00","dateModified":"2025-02-03T11:48:22+00:00","breadcrumb":{"@id":"https:\/\/alpinecup.com\/it\/home-challenge-mtb-alpine-cup-copiare\/#breadcrumb"},"inLanguage":"it-IT","potentialAction":[{"@type":"ReadAction","target":["https:\/\/alpinecup.com\/it\/home-challenge-mtb-alpine-cup-copiare\/"]}]},{"@type":"ImageObject","inLanguage":"it-IT","@id":"https:\/\/alpinecup.com\/it\/home-challenge-mtb-alpine-cup-copiare\/#primaryimage","url":"https:\/\/alpinecup.com\/wp-content\/uploads\/2025\/01\/LOGO-ALPINE-CUP-FOND-NOIR-rond.png","contentUrl":"https:\/\/alpinecup.com\/wp-content\/uploads\/2025\/01\/LOGO-ALPINE-CUP-FOND-NOIR-rond.png"},{"@type":"BreadcrumbList","@id":"https:\/\/alpinecup.com\/it\/home-challenge-mtb-alpine-cup-copiare\/#breadcrumb","itemListElement":[{"@type":"ListItem","position":1,"name":"Accueil","item":"https:\/\/alpinecup.com\/it\/home-challenge-mtb-alpine-cup\/"},{"@type":"ListItem","position":2,"name":"Home-Challenge-MTB-Alpine-Cup &#8211; Copiare"}]},{"@type":"WebSite","@id":"https:\/\/alpinecup.com\/it\/#website","url":"https:\/\/alpinecup.com\/it\/","name":"MTB ALPINE CUP","description":"Un beau d&eacute;fi VTT","potentialAction":[{"@type":"SearchAction","target":{"@type":"EntryPoint","urlTemplate":"https:\/\/alpinecup.com\/it\/?s={search_term_string}"},"query-input":{"@type":"PropertyValueSpecification","valueRequired":true,"valueName":"search_term_string"}}],"inLanguage":"it-IT"}]}},"_links":{"self":[{"href":"https:\/\/alpinecup.com\/it\/wp-json\/wp\/v2\/pages\/3711","targetHints":{"allow":["GET"]}}],"collection":[{"href":"https:\/\/alpinecup.com\/it\/wp-json\/wp\/v2\/pages"}],"about":[{"href":"https:\/\/alpinecup.com\/it\/wp-json\/wp\/v2\/types\/page"}],"author":[{"embeddable":true,"href":"https:\/\/alpinecup.com\/it\/wp-json\/wp\/v2\/users\/1"}],"replies":[{"embeddable":true,"href":"https:\/\/alpinecup.com\/it\/wp-json\/wp\/v2\/comments?post=3711"}],"version-history":[{"count":1,"href":"https:\/\/alpinecup.com\/it\/wp-json\/wp\/v2\/pages\/3711\/revisions"}],"predecessor-version":[{"id":3712,"href":"https:\/\/alpinecup.com\/it\/wp-json\/wp\/v2\/pages\/3711\/revisions\/3712"}],"wp:attachment":[{"href":"https:\/\/alpinecup.com\/it\/wp-json\/wp\/v2\/media?parent=3711"}],"wp:term":[{"taxonomy":"folder","embeddable":true,"href":"https:\/\/alpinecup.com\/it\/wp-json\/wp\/v2\/folder?post=3711"}],"curies":[{"name":"wp","href":"https:\/\/api.w.org\/{rel}","templated":true}]}}